{"id":4573,"date":"2019-10-24T17:23:43","date_gmt":"2019-10-24T15:23:43","guid":{"rendered":"https:\/\/casitasdelasierra.com\/accommodation\/casa-rural-en-montejaque-para-5-personas-d\/"},"modified":"2022-08-14T23:35:35","modified_gmt":"2022-08-14T21:35:35","slug":"maison-de-vacances-rurale-a-montejaque-pour-5-personnes-d","status":"publish","type":"mphb_room_type","link":"https:\/\/casitasdelasierra.com\/fr\/accommodation\/maison-de-vacances-rurale-a-montejaque-pour-5-personnes-d\/","title":{"rendered":"Maison J\u00fazcar"},"content":{"rendered":"<div class=\"wpb-content-wrapper\"><p>[vc_row css=&#8221;.vc_custom_1571813997219{margin-top: 40px !important;}&#8221;][vc_column][vc_row_inner content_placement=&#8221;middle&#8221; el_class=&#8221;cita-casas&#8221;][vc_column_inner][vc_custom_heading text=&#8221;Profitez de ce merveilleux paradis de vacances, la vue vous enchantera.&#8221; font_container=&#8221;tag:p|font_size:30px|text_align:left|color:%23000000|line_height:40px&#8221; google_fonts=&#8221;font_family:Playfair%20Display%3Aregular%2Citalic%2C700%2C700italic%2C900%2C900italic|font_style:400%20italic%3A400%3Aitalic&#8221; css=&#8221;.vc_custom_1578509602115{margin-bottom: 40px !important;border-bottom-width: 0px !important;padding-bottom: 0px !important;}&#8221;][\/vc_column_inner][\/vc_row_inner][\/vc_column][\/vc_row][vc_row css=&#8221;.vc_custom_1571814041050{padding-bottom: 35px !important;}&#8221;][vc_column width=&#8221;1\/3&#8243; el_class=&#8221;column-atributo&#8221;][vc_single_image image=&#8221;5661&#8243; img_size=&#8221;full&#8221; el_class=&#8221;img-atributo&#8221;][vc_custom_heading text=&#8221;Capacit\u00e9&#8221; font_container=&#8221;tag:div|font_size:25px|text_align:left|color:%23000000&#8243; google_fonts=&#8221;font_family:Playfair%20Display%3Aregular%2Citalic%2C700%2C700italic%2C900%2C900italic|font_style:400%20regular%3A400%3Anormal&#8221; css=&#8221;.vc_custom_1578505927871{margin-bottom: 0px !important;border-bottom-width: 0px !important;padding-bottom: 0px !important;}&#8221; el_class=&#8221;tit-atributo&#8221;][vc_custom_heading text=&#8221;4 \u00e0 5 personnes (+bebe)&#8221; font_container=&#8221;tag:p|font_size:15px|text_align:left|color:%23000000&#8243; google_fonts=&#8221;font_family:Open%20Sans%3A300%2C300italic%2Cregular%2Citalic%2C600%2C600italic%2C700%2C700italic%2C800%2C800italic|font_style:400%20regular%3A400%3Anormal&#8221; css=&#8221;.vc_custom_1578505960277{margin-bottom: 0px !important;border-bottom-width: 0px !important;padding-bottom: 0px !important;}&#8221; el_class=&#8221;text-atributo&#8221;][\/vc_column][vc_column width=&#8221;1\/3&#8243; el_class=&#8221;column-atributo&#8221;][vc_single_image image=&#8221;5664&#8243; img_size=&#8221;full&#8221; el_class=&#8221;img-atributo&#8221;][vc_custom_heading text=&#8221;Dimensions&#8221; font_container=&#8221;tag:div|font_size:25px|text_align:left|color:%23000000&#8243; google_fonts=&#8221;font_family:Playfair%20Display%3Aregular%2Citalic%2C700%2C700italic%2C900%2C900italic|font_style:400%20regular%3A400%3Anormal&#8221; css=&#8221;.vc_custom_1578505976459{margin-bottom: 0px !important;border-bottom-width: 0px !important;padding-bottom: 0px !important;}&#8221; el_class=&#8221;tit-atributo&#8221;][vc_custom_heading text=&#8221;62 m\u00b2&#8221; font_container=&#8221;tag:p|font_size:15px|text_align:left|color:%23000000&#8243; google_fonts=&#8221;font_family:Open%20Sans%3A300%2C300italic%2Cregular%2Citalic%2C600%2C600italic%2C700%2C700italic%2C800%2C800italic|font_style:400%20regular%3A400%3Anormal&#8221; css=&#8221;.vc_custom_1578500706709{margin-bottom: 0px !important;border-bottom-width: 0px !important;padding-bottom: 0px !important;}&#8221; el_class=&#8221;text-atributo&#8221;][\/vc_column][vc_column width=&#8221;1\/3&#8243; el_class=&#8221;column-atributo&#8221;][vc_single_image image=&#8221;5658&#8243; img_size=&#8221;full&#8221; el_class=&#8221;img-atributo&#8221;][vc_custom_heading text=&#8221;Chambre&#8221; font_container=&#8221;tag:div|font_size:25px|text_align:left|color:%23000000&#8243; google_fonts=&#8221;font_family:Playfair%20Display%3Aregular%2Citalic%2C700%2C700italic%2C900%2C900italic|font_style:400%20regular%3A400%3Anormal&#8221; css=&#8221;.vc_custom_1578505987852{margin-bottom: 0px !important;border-bottom-width: 0px !important;padding-bottom: 0px !important;}&#8221; el_class=&#8221;tit-atributo&#8221;][vc_custom_heading text=&#8221;Deux doubles&#8221; font_container=&#8221;tag:p|font_size:15px|text_align:left|color:%23000000&#8243; google_fonts=&#8221;font_family:Open%20Sans%3A300%2C300italic%2Cregular%2Citalic%2C600%2C600italic%2C700%2C700italic%2C800%2C800italic|font_style:400%20regular%3A400%3Anormal&#8221; css=&#8221;.vc_custom_1578506006990{margin-bottom: 0px !important;border-bottom-width: 0px !important;padding-bottom: 0px !important;}&#8221; el_class=&#8221;text-atributo&#8221;][\/vc_column][\/vc_row][vc_row][vc_column][vc_column_text]<script type=\"text\/javascript\">\r\ndocument.addEventListener(\"DOMContentLoaded\", function(event) { \r\n\tjQuery( '#slider-pro-3-3900' ).sliderPro({\r\n\t\t\/\/width\r\n\t\t\t\twidth: 1000,\r\n\t\t\t\t\r\n\t\t\/\/height\r\n\t\t\t\theight: 500,\r\n\t\t\t\t\r\n\t\t\/\/auto play\r\n\t\t\t\tautoplay:  true,\r\n\t\tautoplayOnHover: 'none',\r\n\t\t\t\t\t\t\t\tautoplayDelay: 5000,\r\n\t\t\r\n\t\t\r\n\t\tarrows: true,\r\n\t\tbuttons: true,\r\n\t\tsmallSize: 500,\r\n\t\tmediumSize: 1000,\r\n\t\tlargeSize: 3000,\r\n\t\tfade: true,\r\n\t\t\r\n\t\t\/\/thumbnail\r\n\t\tthumbnailArrows: true,\r\n\t\tthumbnailWidth: 120,\r\n\t\tthumbnailHeight: 120,\r\n\t\t\t\t\t\t\t\tcenterImage: true,\r\n\t\timageScaleMode: 'cover',\r\n\t\tallowScaleUp: true,\r\n\t\t\t\tstartSlide: 0,\r\n\t\tloop: true,\r\n\t\tslideDistance: 5,\r\n\t\tautoplayDirection: 'normal',\r\n\t\ttouchSwipe: true,\r\n\t\tfullScreen: true,\r\n\t});\r\n});\r\n<\/script>\r\n\r\n\t\t<div id=\"slider-pro-3-3900\" class=\"slider-pro\">\r\n\t\t\t<!---- slides div start ---->\r\n\t\t\t<div class=\"sp-slides\">\r\n\t\t\t\t\t\t\t\t\t\t<div class=\"sp-slide\">\r\n\t\t\t\t\t\t\t<img decoding=\"async\" class=\"sp-image\" loading=\"lazy\" alt=\"Salita de estar Moj\u00e1car\" src=\"https:\/\/casitasdelasierra.com\/wp-content\/plugins\/ultimate-responsive-image-slider\/assets\/css\/images\/blank.gif\" data-src=\"https:\/\/casitasdelasierra.com\/wp-content\/uploads\/2018\/10\/salon-escaleras-planta-baja.jpg\" \/>\r\n\r\n\t\t\t\t\t\t\t\r\n\t\t\t\t\t\t\t\t\t\t\t\t\t<\/div>\r\n\t\t\t\t\t\t\t\t\t\t\t\t<div class=\"sp-slide\">\r\n\t\t\t\t\t\t\t<img decoding=\"async\" class=\"sp-image\" loading=\"lazy\" alt=\"Sal\u00f3n con televisi\u00f3n luminoso\" src=\"https:\/\/casitasdelasierra.com\/wp-content\/plugins\/ultimate-responsive-image-slider\/assets\/css\/images\/blank.gif\" data-src=\"https:\/\/casitasdelasierra.com\/wp-content\/uploads\/2018\/10\/salon-equipado-tele-juzcar.jpg\" \/>\r\n\r\n\t\t\t\t\t\t\t\r\n\t\t\t\t\t\t\t\t\t\t\t\t\t<\/div>\r\n\t\t\t\t\t\t\t\t\t\t\t\t<div class=\"sp-slide\">\r\n\t\t\t\t\t\t\t<img decoding=\"async\" class=\"sp-image\" loading=\"lazy\" alt=\"294409115_10223566180195906_4228506725599206843_n_10223566180595916\" src=\"https:\/\/casitasdelasierra.com\/wp-content\/plugins\/ultimate-responsive-image-slider\/assets\/css\/images\/blank.gif\" data-src=\"https:\/\/casitasdelasierra.com\/wp-content\/uploads\/2019\/10\/294409115_10223566180195906_4228506725599206843_n_10223566180595916.jpg\" \/>\r\n\r\n\t\t\t\t\t\t\t\r\n\t\t\t\t\t\t\t\t\t\t\t\t\t<\/div>\r\n\t\t\t\t\t\t\t\t\t\t\t\t<div class=\"sp-slide\">\r\n\t\t\t\t\t\t\t<img decoding=\"async\" class=\"sp-image\" loading=\"lazy\" alt=\"294579554_10223566199716394_7060807709261071663_n\" src=\"https:\/\/casitasdelasierra.com\/wp-content\/plugins\/ultimate-responsive-image-slider\/assets\/css\/images\/blank.gif\" data-src=\"https:\/\/casitasdelasierra.com\/wp-content\/uploads\/2019\/10\/294579554_10223566199716394_7060807709261071663_n.jpg\" \/>\r\n\r\n\t\t\t\t\t\t\t\r\n\t\t\t\t\t\t\t\t\t\t\t\t\t<\/div>\r\n\t\t\t\t\t\t\t\t\t\t\t\t<div class=\"sp-slide\">\r\n\t\t\t\t\t\t\t<img decoding=\"async\" class=\"sp-image\" loading=\"lazy\" alt=\"294407165_10223566184716019_4737167485549121159_n_10223566184876023\" src=\"https:\/\/casitasdelasierra.com\/wp-content\/plugins\/ultimate-responsive-image-slider\/assets\/css\/images\/blank.gif\" data-src=\"https:\/\/casitasdelasierra.com\/wp-content\/uploads\/2019\/10\/294407165_10223566184716019_4737167485549121159_n_10223566184876023.jpg\" \/>\r\n\r\n\t\t\t\t\t\t\t\r\n\t\t\t\t\t\t\t\t\t\t\t\t\t<\/div>\r\n\t\t\t\t\t\t\t\t\t\t\t\t<div class=\"sp-slide\">\r\n\t\t\t\t\t\t\t<img decoding=\"async\" class=\"sp-image\" loading=\"lazy\" alt=\"294495582_10223566177555840_1631361129866717638_n_10223566178035852\" src=\"https:\/\/casitasdelasierra.com\/wp-content\/plugins\/ultimate-responsive-image-slider\/assets\/css\/images\/blank.gif\" data-src=\"https:\/\/casitasdelasierra.com\/wp-content\/uploads\/2019\/10\/294495582_10223566177555840_1631361129866717638_n_10223566178035852.jpg\" \/>\r\n\r\n\t\t\t\t\t\t\t\r\n\t\t\t\t\t\t\t\t\t\t\t\t\t<\/div>\r\n\t\t\t\t\t\t\t\t\t\t\t\t<div class=\"sp-slide\">\r\n\t\t\t\t\t\t\t<img decoding=\"async\" class=\"sp-image\" loading=\"lazy\" alt=\"ba\u00f1o con ba\u00f1era en casita juzcar\" src=\"https:\/\/casitasdelasierra.com\/wp-content\/plugins\/ultimate-responsive-image-slider\/assets\/css\/images\/blank.gif\" data-src=\"https:\/\/casitasdelasierra.com\/wp-content\/uploads\/2018\/10\/bano-espejo-ducha-juzcar.jpg\" \/>\r\n\r\n\t\t\t\t\t\t\t\r\n\t\t\t\t\t\t\t\t\t\t\t\t\t<\/div>\r\n\t\t\t\t\t\t\t\t\t<\/div>\r\n\t\t\t\r\n\t\t\t<!---- slides div end ---->\r\n\t\t\t\t\t\t<!-- slides thumbnails div start -->\r\n\t\t\t<div class=\"sp-thumbnails\">\r\n\t\t\t\t\t\t\t\t\t\t<img decoding=\"async\" class=\"sp-thumbnail\" loading=\"lazy\" src=\"https:\/\/casitasdelasierra.com\/wp-content\/plugins\/ultimate-responsive-image-slider\/assets\/img\/loading.gif\" data-src=\"https:\/\/casitasdelasierra.com\/wp-content\/uploads\/2018\/10\/salon-escaleras-planta-baja-300x200.jpg\" alt=\"Salita de estar Moj\u00e1car\"\/>\r\n\t\t\t\t\t\t\t\t\t\t\t<img decoding=\"async\" class=\"sp-thumbnail\" loading=\"lazy\" src=\"https:\/\/casitasdelasierra.com\/wp-content\/plugins\/ultimate-responsive-image-slider\/assets\/img\/loading.gif\" data-src=\"https:\/\/casitasdelasierra.com\/wp-content\/uploads\/2018\/10\/salon-equipado-tele-juzcar-300x200.jpg\" alt=\"Sal\u00f3n con televisi\u00f3n luminoso\"\/>\r\n\t\t\t\t\t\t\t\t\t\t\t<img decoding=\"async\" class=\"sp-thumbnail\" loading=\"lazy\" src=\"https:\/\/casitasdelasierra.com\/wp-content\/plugins\/ultimate-responsive-image-slider\/assets\/img\/loading.gif\" data-src=\"https:\/\/casitasdelasierra.com\/wp-content\/uploads\/2019\/10\/294409115_10223566180195906_4228506725599206843_n_10223566180595916-300x200.jpg\" alt=\"294409115_10223566180195906_4228506725599206843_n_10223566180595916\"\/>\r\n\t\t\t\t\t\t\t\t\t\t\t<img decoding=\"async\" class=\"sp-thumbnail\" loading=\"lazy\" src=\"https:\/\/casitasdelasierra.com\/wp-content\/plugins\/ultimate-responsive-image-slider\/assets\/img\/loading.gif\" data-src=\"https:\/\/casitasdelasierra.com\/wp-content\/uploads\/2019\/10\/294579554_10223566199716394_7060807709261071663_n-300x200.jpg\" alt=\"294579554_10223566199716394_7060807709261071663_n\"\/>\r\n\t\t\t\t\t\t\t\t\t\t\t<img decoding=\"async\" class=\"sp-thumbnail\" loading=\"lazy\" src=\"https:\/\/casitasdelasierra.com\/wp-content\/plugins\/ultimate-responsive-image-slider\/assets\/img\/loading.gif\" data-src=\"https:\/\/casitasdelasierra.com\/wp-content\/uploads\/2019\/10\/294407165_10223566184716019_4737167485549121159_n_10223566184876023-300x200.jpg\" alt=\"294407165_10223566184716019_4737167485549121159_n_10223566184876023\"\/>\r\n\t\t\t\t\t\t\t\t\t\t\t<img decoding=\"async\" class=\"sp-thumbnail\" loading=\"lazy\" src=\"https:\/\/casitasdelasierra.com\/wp-content\/plugins\/ultimate-responsive-image-slider\/assets\/img\/loading.gif\" data-src=\"https:\/\/casitasdelasierra.com\/wp-content\/uploads\/2019\/10\/294495582_10223566177555840_1631361129866717638_n_10223566178035852-300x200.jpg\" alt=\"294495582_10223566177555840_1631361129866717638_n_10223566178035852\"\/>\r\n\t\t\t\t\t\t\t\t\t\t\t<img decoding=\"async\" class=\"sp-thumbnail\" loading=\"lazy\" src=\"https:\/\/casitasdelasierra.com\/wp-content\/plugins\/ultimate-responsive-image-slider\/assets\/img\/loading.gif\" data-src=\"https:\/\/casitasdelasierra.com\/wp-content\/uploads\/2018\/10\/bano-espejo-ducha-juzcar-300x200.jpg\" alt=\"ba\u00f1o con ba\u00f1era en casita juzcar\"\/>\r\n\t\t\t\t\t\t\t\t<\/div>\r\n\t\t\t\t\t\t<!-- slides thumbnails div end -->\r\n\t\t<\/div>\r\n\t\t<style>\r\n\/* Layout 3 *\/\r\n\/* border *\/\r\n#slider-pro-3-3900 .sp-selected-thumbnail {\r\n\tborder: 4px solid #ffffff;\r\n}\r\n\r\n\/* font + color *\/\r\n.title-in  {\r\n\tfont-family: Arial !important;\r\n\tcolor: #00000 !important;\r\n\tbackground-color: #FFFFFF !important;\r\n\topacity: 0.7 !important;\r\n}\r\n.desc-in  {\r\n\tfont-family: Arial !important;\r\n\tcolor: #FFFFFF !important;\r\n\tbackground-color: #00000 !important;\r\n\topacity: 0.7 !important;\r\n}\r\n\r\n\/* bullets color *\/\r\n.sp-button  {\r\n\tborder: 2px solid #ffffff !important;\r\n}\r\n.sp-selected-button  {\r\n\tbackground-color: #ffffff !important;\r\n}\r\n\r\n\/* pointer color - bottom *\/\r\n\r\n\/* pointer color - top *\/\r\n\r\n\/* full screen icon *\/\r\n.sp-full-screen-button::before {\r\n    color: #FFFFFF !important;\r\n}\r\n\r\n\/* hover navigation icon color *\/\r\n.sp-next-arrow::after, .sp-next-arrow::before {\r\n\tbackground-color: #FFFFFF !important;\r\n}\r\n.sp-previous-arrow::after, .sp-previous-arrow::before {\r\n\tbackground-color: #FFFFFF !important;\r\n}\r\n\r\n#slider-pro-3-3900 .title-in {\r\n\tcolor: #00000 !important;\r\n\tfont-weight: bolder;\r\n\ttext-align: center;\r\n}\r\n\r\n#slider-pro-3-3900 .title-in-bg {\r\n\tbackground: rgba(255, 255, 255, 0.7); !important;\r\n\twhite-space: unset !important;\r\n\ttransform: initial !important;\r\n\t-webkit-transform: initial !important;\r\n\tfont-size: 14px !important;\r\n}\r\n\r\n#slider-pro-3-3900 .desc-in {\r\n\tcolor: #FFFFFF !important;\r\n\ttext-align: center;\r\n}\r\n#slider-pro-3-3900 .desc-in-bg {\r\n\tbackground: rgba(#00000, 0.7) !important;\r\n\twhite-space: unset !important;\r\n\ttransform: initial !important;\r\n\t-webkit-transform: initial !important;\r\n\tfont-size: 13px !important;\r\n}\r\n\r\n@media (max-width: 640px) {\r\n\t#slider-pro-3-3900 .hide-small-screen {\r\n\t\tdisplay: none;\r\n\t}\r\n}\r\n\r\n@media (max-width: 860px) {\r\n\t#slider-pro-3-3900 .sp-layer {\r\n\t\tfont-size: 18px;\r\n\t}\r\n\t\r\n\t#slider-pro-3-3900 .hide-medium-screen {\r\n\t\tdisplay: none;\r\n\t}\r\n}\r\n.slides-not-found {\r\n\tbackground-color: #a92929;\r\n\tborder-radius: 5px;\r\n\tcolor: #fff;\r\n\tfont-family: initial;\r\n\ttext-align: center;\r\n\tpadding:12px;\r\n}\r\n\/* Custom CSS *\/\r\n<\/style>\r\n[\/vc_column_text][\/vc_column][\/vc_row][vc_row][vc_column][vc_custom_heading text=&#8221;Services de cette petite maison&#8221; font_container=&#8221;tag:h2|font_size:25px|text_align:center|color:%23000000&#8243; google_fonts=&#8221;font_family:Open%20Sans%3A300%2C300italic%2Cregular%2Citalic%2C600%2C600italic%2C700%2C700italic%2C800%2C800italic|font_style:600%20bold%20regular%3A600%3Anormal&#8221; css=&#8221;.vc_custom_1574946553484{margin-bottom: 0px !important;border-bottom-width: 0px !important;padding-bottom: 0px !important;}&#8221;][vc_custom_heading text=&#8221;&#8220;Vous trouverez tout ce dont vous avez besoin pour un s\u00e9jour de groupe parfait.&#8220;&#8221; font_container=&#8221;tag:p|font_size:20px|text_align:center|color:%23000000&#8243; google_fonts=&#8221;font_family:Playfair%20Display%3Aregular%2Citalic%2C700%2C700italic%2C900%2C900italic|font_style:400%20italic%3A400%3Aitalic&#8221; css=&#8221;.vc_custom_1574946584620{padding-bottom: 40px !important;}&#8221;][vc_row_inner][vc_column_inner width=&#8221;1\/4&#8243;][vc_single_image image=&#8221;3208&#8243; img_size=&#8221;130&#215;130&#8243; alignment=&#8221;center&#8221;][vc_custom_heading text=&#8221;Cuisine ind\u00e9pendante&#8221; font_container=&#8221;tag:p|font_size:18px|text_align:center|color:%23424242&#8243; google_fonts=&#8221;font_family:Open%20Sans%3A300%2C300italic%2Cregular%2Citalic%2C600%2C600italic%2C700%2C700italic%2C800%2C800italic|font_style:400%20regular%3A400%3Anormal&#8221;][\/vc_column_inner][vc_column_inner width=&#8221;1\/4&#8243;][vc_single_image image=&#8221;3212&#8243; img_size=&#8221;130&#215;130&#8243; alignment=&#8221;center&#8221;][vc_custom_heading text=&#8221;T\u00e9l\u00e9vision satellite \u00e0 \u00e9cran plat&#8221; font_container=&#8221;tag:p|font_size:18px|text_align:center|color:%23424242&#8243; google_fonts=&#8221;font_family:Open%20Sans%3A300%2C300italic%2Cregular%2Citalic%2C600%2C600italic%2C700%2C700italic%2C800%2C800italic|font_style:400%20regular%3A400%3Anormal&#8221;][\/vc_column_inner][vc_column_inner width=&#8221;1\/4&#8243;][vc_single_image image=&#8221;4487&#8243; img_size=&#8221;130&#215;130&#8243; alignment=&#8221;center&#8221;][vc_custom_heading text=&#8221;Eau chaude instantan\u00e9e&#8221; font_container=&#8221;tag:p|font_size:18px|text_align:center|color:%23424242&#8243; google_fonts=&#8221;font_family:Open%20Sans%3A300%2C300italic%2Cregular%2Citalic%2C600%2C600italic%2C700%2C700italic%2C800%2C800italic|font_style:400%20regular%3A400%3Anormal&#8221;][\/vc_column_inner][vc_column_inner width=&#8221;1\/4&#8243;][vc_single_image image=&#8221;4486&#8243; img_size=&#8221;130&#215;130&#8243; alignment=&#8221;center&#8221;][vc_custom_heading text=&#8221;Serviettes et linge de maison&#8221; font_container=&#8221;tag:p|font_size:18px|text_align:center|color:%23424242&#8243; google_fonts=&#8221;font_family:Open%20Sans%3A300%2C300italic%2Cregular%2Citalic%2C600%2C600italic%2C700%2C700italic%2C800%2C800italic|font_style:400%20regular%3A400%3Anormal&#8221;][\/vc_column_inner][\/vc_row_inner][vc_row_inner][vc_column_inner width=&#8221;1\/4&#8243;][vc_single_image image=&#8221;3219&#8243; img_size=&#8221;130&#215;130&#8243; alignment=&#8221;center&#8221;][vc_custom_heading text=&#8221;Cafeti\u00e8re et bouilloire&#8221; font_container=&#8221;tag:p|font_size:18px|text_align:center|color:%23424242&#8243; google_fonts=&#8221;font_family:Open%20Sans%3A300%2C300italic%2Cregular%2Citalic%2C600%2C600italic%2C700%2C700italic%2C800%2C800italic|font_style:400%20regular%3A400%3Anormal&#8221;][\/vc_column_inner][vc_column_inner width=&#8221;1\/4&#8243;][vc_single_image image=&#8221;4488&#8243; img_size=&#8221;130&#215;130&#8243; alignment=&#8221;center&#8221;][vc_custom_heading text=&#8221;R\u00e9frig\u00e9rateur et cong\u00e9lateur&#8221; font_container=&#8221;tag:p|font_size:18px|text_align:center|color:%23424242&#8243; google_fonts=&#8221;font_family:Open%20Sans%3A300%2C300italic%2Cregular%2Citalic%2C600%2C600italic%2C700%2C700italic%2C800%2C800italic|font_style:400%20regular%3A400%3Anormal&#8221;][\/vc_column_inner][vc_column_inner width=&#8221;1\/4&#8243;][vc_single_image image=&#8221;4485&#8243; img_size=&#8221;130&#215;130&#8243; alignment=&#8221;center&#8221;][vc_custom_heading text=&#8221;Four et micro-ondre&#8221; font_container=&#8221;tag:p|font_size:18px|text_align:center|color:%23424242&#8243; google_fonts=&#8221;font_family:Open%20Sans%3A300%2C300italic%2Cregular%2Citalic%2C600%2C600italic%2C700%2C700italic%2C800%2C800italic|font_style:400%20regular%3A400%3Anormal&#8221;][\/vc_column_inner][vc_column_inner width=&#8221;1\/4&#8243;][vc_single_image image=&#8221;3220&#8243; img_size=&#8221;130&#215;130&#8243; alignment=&#8221;center&#8221;][vc_custom_heading text=&#8221;Service de blanchisserie&#8221; font_container=&#8221;tag:p|font_size:18px|text_align:center|color:%23424242&#8243; google_fonts=&#8221;font_family:Open%20Sans%3A300%2C300italic%2Cregular%2Citalic%2C600%2C600italic%2C700%2C700italic%2C800%2C800italic|font_style:400%20regular%3A400%3Anormal&#8221;][\/vc_column_inner][\/vc_row_inner][\/vc_column][\/vc_row][vc_row css=&#8221;.vc_custom_1578494404904{margin-top: 40px !important;}&#8221;][vc_column][vc_custom_heading text=&#8221;Cette maison est situ\u00e9e dans le jardin, \u00e0 c\u00f4t\u00e9 de la piscine, et comprend une terrasse meubl\u00e9e avec vue sur les montagnes.&#8221; font_container=&#8221;tag:p|font_size:18px|text_align:left|color:%23000000&#8243; google_fonts=&#8221;font_family:Open%20Sans%3A300%2C300italic%2Cregular%2Citalic%2C600%2C600italic%2C700%2C700italic%2C800%2C800italic|font_style:400%20regular%3A400%3Anormal&#8221;][\/vc_column][\/vc_row][vc_row css=&#8221;.vc_custom_1578494376568{margin-top: 60px !important;margin-bottom: 60px !important;padding-bottom: 40px !important;}&#8221;][vc_column width=&#8221;1\/2&#8243;][vc_custom_heading text=&#8221;Particularit\u00e9s de cette maison :&#8221; font_container=&#8221;tag:h3|font_size:25px|text_align:left|color:%23000000&#8243; google_fonts=&#8221;font_family:Open%20Sans%3A300%2C300italic%2Cregular%2Citalic%2C600%2C600italic%2C700%2C700italic%2C800%2C800italic|font_style:600%20bold%20regular%3A600%3Anormal&#8221;][vc_column_text css=&#8221;.vc_custom_1660512933544{margin-bottom: 20px !important;}&#8221;]<\/p>\n<ul>\n<li>D\u00e9coration et construction style andalou<\/li>\n<li>Th\u00e9 \/ caf\u00e9\/ tisanes<\/li>\n<li>WiFi gratuit<\/li>\n<\/ul>\n<p>[\/vc_column_text][\/vc_column][vc_column width=&#8221;1\/2&#8243;][vc_custom_heading text=&#8221;Ce que vous trouverez en arrivant ici:&#8221; font_container=&#8221;tag:h3|font_size:25px|text_align:left|color:%23000000&#8243; google_fonts=&#8221;font_family:Open%20Sans%3A300%2C300italic%2Cregular%2Citalic%2C600%2C600italic%2C700%2C700italic%2C800%2C800italic|font_style:600%20bold%20regular%3A600%3Anormal&#8221; css=&#8221;.vc_custom_1578509660335{margin-bottom: 0px !important;border-bottom-width: 0px !important;padding-bottom: 20px !important;}&#8221;][vc_column_text]<\/p>\n<ul>\n<li><strong>Rez-de-chauss\u00e9e :<\/strong> Salon, Cuisine ouverte et Salle de bains<\/li>\n<li><strong>1er\u00a0 \u00e9tage :<\/strong> Une Chambre avec lit double et une autre avec deux lits simples.<\/li>\n<li>Zone non-fumeur, mais avec jardin priv\u00e9.<\/li>\n<\/ul>\n<p>[\/vc_column_text][\/vc_column][\/vc_row][vc_row css=&#8221;.vc_custom_1578509668225{margin-bottom: 40px !important;padding-top: 40px !important;padding-right: 40px !important;padding-bottom: 40px !important;padding-left: 40px !important;background-color: #f9f9f9 !important;}&#8221; el_id=&#8221;icons-casitas-individuales&#8221;][vc_column width=&#8221;1\/3&#8243;]<!--================ Icon Boxes ================-->\n<script>\n    (function($){\n        'use strict';\n\n        if(!$) return;\n\n        $(function(){\n            var $container = $('#vc-milenia-info-boxes-36bac9dd88cc13471dee7b20c911f9b9-1788675183218465549');\n\n            if(!$container.length) return;\n\n            if(window.appear) {\n                appear({\n                    elements: function(){\n                        return document.querySelectorAll('#vc-milenia-info-boxes-36bac9dd88cc13471dee7b20c911f9b9-1788675183218465549');\n                    },\n                    appear: function(element) {\n                        var $el = $(element);\n                        $el.addClass('milenia-visible').addClass($el.data('animation'));\n                    },\n                    reappear: false,\n                    bounds: -200\n                });\n            }\n\n            if(window.Milenia && window.Milenia.LinkUnderliner) {\n                window.Milenia.LinkUnderliner.init($container.find('a'));\n            }\n        });\n    })(window.jQuery);\n<\/script>\n\n<div id=\"vc-milenia-info-boxes-36bac9dd88cc13471dee7b20c911f9b9-1788675183218465549\" class=\"milenia-icon-boxes milenia-icon-boxes--style-3 milenia-visible\" data-animation=\"none\">\n    <div class=\"milenia-grid milenia-grid--cols-1\">\n        <!--================ Icon Box ================-->\n<div class=\"milenia-grid-item\">\n    <article class=\"milenia-icon-box milenia-aligner\" style=\"color: #858585;\">\n        <div class=\"milenia-aligner-outer\">\n            <div class=\"milenia-aligner-inner\">\n                <span class=\"milenia-icon-box-icon milenia-font-icon-wi-fi\"><\/span>\n\n                <div class=\"milenia-icon-box-content\">\n                    <h2 class=\"milenia-icon-box-title\" style=\"color: #1c1c1c;\">Wifi gratuit<\/h2>\n                    <p>Nous vous donnons la possibilit\u00e9 de vous connecter gratuitement, bien qu'id\u00e9alement vous devriez vous d\u00e9connecter !<\/p>\n\n                <\/div>\n            <\/div>\n        <\/div>\n\n        \n    <\/article>\n<\/div>\n<!--================ Icon Box ================-->\n\n    <\/div>\n<\/div>\n<!--================ Icon Boxes ================-->\n[\/vc_column][vc_column width=&#8221;1\/3&#8243;]<!--================ Icon Boxes ================-->\n<script>\n    (function($){\n        'use strict';\n\n        if(!$) return;\n\n        $(function(){\n            var $container = $('#vc-milenia-info-boxes-664e33d33037718df300bde04ed36da2-1788675183421605139');\n\n            if(!$container.length) return;\n\n            if(window.appear) {\n                appear({\n                    elements: function(){\n                        return document.querySelectorAll('#vc-milenia-info-boxes-664e33d33037718df300bde04ed36da2-1788675183421605139');\n                    },\n                    appear: function(element) {\n                        var $el = $(element);\n                        $el.addClass('milenia-visible').addClass($el.data('animation'));\n                    },\n                    reappear: false,\n                    bounds: -200\n                });\n            }\n\n            if(window.Milenia && window.Milenia.LinkUnderliner) {\n                window.Milenia.LinkUnderliner.init($container.find('a'));\n            }\n        });\n    })(window.jQuery);\n<\/script>\n\n<div id=\"vc-milenia-info-boxes-664e33d33037718df300bde04ed36da2-1788675183421605139\" class=\"milenia-icon-boxes milenia-icon-boxes--style-3 milenia-visible\" data-animation=\"none\">\n    <div class=\"milenia-grid milenia-grid--cols-1\">\n        <!--================ Icon Box ================-->\n<div class=\"milenia-grid-item\">\n    <article class=\"milenia-icon-box milenia-aligner\" style=\"color: #858585;\">\n        <div class=\"milenia-aligner-outer\">\n            <div class=\"milenia-aligner-inner\">\n                <span class=\"milenia-icon-box-icon milenia-font-icon-paw\"><\/span>\n\n                <div class=\"milenia-icon-box-content\">\n                    <h2 class=\"milenia-icon-box-title\" style=\"color: #1c1c1c;\">Animaux domestiques bienvenus (avec suppl\u00e9ment)\t<\/h2>\n                    <p>Vous pouvez amener vos animaux de compagnie pour qu'ils puissent eux aussi profiter de vacances bien m\u00e9rit\u00e9es.<\/p>\n\n                <\/div>\n            <\/div>\n        <\/div>\n\n        \n    <\/article>\n<\/div>\n<!--================ Icon Box ================-->\n\n    <\/div>\n<\/div>\n<!--================ Icon Boxes ================-->\n[\/vc_column][vc_column width=&#8221;1\/3&#8243;]<!--================ Icon Boxes ================-->\n<script>\n    (function($){\n        'use strict';\n\n        if(!$) return;\n\n        $(function(){\n            var $container = $('#vc-milenia-info-boxes-518d1f260913f914482de0413b71ad7f-17886751831823799022');\n\n            if(!$container.length) return;\n\n            if(window.appear) {\n                appear({\n                    elements: function(){\n                        return document.querySelectorAll('#vc-milenia-info-boxes-518d1f260913f914482de0413b71ad7f-17886751831823799022');\n                    },\n                    appear: function(element) {\n                        var $el = $(element);\n                        $el.addClass('milenia-visible').addClass($el.data('animation'));\n                    },\n                    reappear: false,\n                    bounds: -200\n                });\n            }\n\n            if(window.Milenia && window.Milenia.LinkUnderliner) {\n                window.Milenia.LinkUnderliner.init($container.find('a'));\n            }\n        });\n    })(window.jQuery);\n<\/script>\n\n<div id=\"vc-milenia-info-boxes-518d1f260913f914482de0413b71ad7f-17886751831823799022\" class=\"milenia-icon-boxes milenia-icon-boxes--style-3 milenia-visible\" data-animation=\"none\">\n    <div class=\"milenia-grid milenia-grid--cols-1\">\n        <!--================ Icon Box ================-->\n<div class=\"milenia-grid-item\">\n    <article class=\"milenia-icon-box milenia-aligner\" style=\"color: #858585;\">\n        <div class=\"milenia-aligner-outer\">\n            <div class=\"milenia-aligner-inner\">\n                <span class=\"milenia-icon-box-icon milenia-font-icon-parking\"><\/span>\n\n                <div class=\"milenia-icon-box-content\">\n                    <h2 class=\"milenia-icon-box-title\" style=\"color: #1c1c1c;\">Stationnement gratuit<\/h2>\n                    <p>Nous vous donnons la possibilit\u00e9 de garer votre voiture gratuitement - nous savons combien il en co\u00fbte parfois pour se garer !<\/p>\n\n                <\/div>\n            <\/div>\n        <\/div>\n\n        \n    <\/article>\n<\/div>\n<!--================ Icon Box ================-->\n\n    <\/div>\n<\/div>\n<!--================ Icon Boxes ================-->\n[\/vc_column][\/vc_row][vc_row css=&#8221;.vc_custom_1571814294687{margin-top: 0px !important;border-top-width: 0px !important;padding-top: 40px !important;padding-bottom: 50px !important;}&#8221;][vc_column][vc_custom_heading text=&#8221;Maison rurale pour des groupes jusqu&#8217;\u00e0 cinq personnes en Andalousie&#8221; font_container=&#8221;tag:h3|font_size:25px|text_align:left|color:%23000000&#8243; google_fonts=&#8221;font_family:Open%20Sans%3A300%2C300italic%2Cregular%2Citalic%2C600%2C600italic%2C700%2C700italic%2C800%2C800italic|font_style:400%20regular%3A400%3Anormal&#8221; css=&#8221;.vc_custom_1574946980673{margin-bottom: 0px !important;border-bottom-width: 0px !important;padding-bottom: 20px !important;}&#8221;][vc_column_text]Une ambiance spectaculaire et pittoresque vous attend dans cet h\u00e9bergement. <strong>Trouvez ici le calme et la d\u00e9tente que vous recherchez<\/strong>.<\/p>\n<p>Cette Maison est id\u00e9ale pour <strong>les amis et les familles jusqu&#8217;\u00e0 cinq personnes<\/strong>. Elle est d\u00e9cor\u00e9e dans des tons dor\u00e9s et bleus, avec des touches florales et frappantes. Enti\u00e8rement \u00e9quip\u00e9e et pr\u00eate \u00e0 vous faire sentir comme chez vous et \u00e0 faire tout ce que vous souhaitez.<\/p>\n<p>Visitez Montejaque, Malaga et ses environs. Restez dans nos installations et vous reviendrez[\/vc_column_text][\/vc_column][\/vc_row][vc_row][vc_column]<!--================ Room types ================-->\n<script>\n    (function($){\n        'use strict';\n\n        var $container, $slideshow, $bgImages, $carousel;\n\n        if(!$) return;\n\n        $(function(){\n            if(window.DOMDfd) {\n                window.DOMDfd.done(function(){\n                    \/\/ Check all necessary modules have been included\n                    if(!window.Milenia || !$.fn.jQueryImagesLoaded) return;\n\n                    $container = $('#vc-milenia-rooms-b96872ec131e18b9144fbf591921a0db-17886751831755846694');\n\n                    if(window.appear) {\n                        appear({\n                            elements: function(){\n                                return document.querySelectorAll('#vc-milenia-rooms-b96872ec131e18b9144fbf591921a0db-17886751831755846694');\n                            },\n                            appear: function(element) {\n                                var $el = $(element);\n                                $el.addClass('milenia-visible').addClass($el.data('animation'));\n                            },\n                            reappear: false,\n                            bounds: -200\n                        });\n                    }\n\n                    if(!$container.length) return;\n\n                    if(window.Milenia.helpers && window.Milenia.helpers.owlSettings) {\n                        $slideshow = $container.find('.milenia-simple-slideshow');\n\n                        if($slideshow.length) {\n                            $slideshow.jQueryImagesLoaded().then(function() {\n                                $slideshow.owlCarousel(window.Milenia.helpers.owlSettings({\n                                    loop: true,\n                                    margin: 1\n                                }));\n                            });\n                        }\n                    }\n\n                    if(window.Milenia.helpers && window.Milenia.helpers.gridOwl) {\n                        $carousel = $container.find('.milenia-grid--shortcode.owl-carousel');\n                        if($carousel.length) {\n                            window.Milenia.helpers.gridOwl.add($carousel);\n                        }\n                    }\n\n                    if(window.Milenia.helpers && window.Milenia.helpers.dynamicBgImage) {\n                        $bgImages = $container.find('[data-bg-image-src]');\n                        if($bgImages.length) Milenia.helpers.dynamicBgImage($bgImages);\n                    }\n\n                    if(window.Milenia.LinkUnderliner) {\n                        window.Milenia.LinkUnderliner.init($container.find('a'));\n                    }\n                });\n            }\n\n\n        });\n    })(window.jQuery);\n<\/script>\n<h3>Pour 4 ou 5 personnes, vous pouvez \u00e9galement s\u00e9journer dans....<\/h3>\n<div id=\"vc-milenia-rooms-b96872ec131e18b9144fbf591921a0db-17886751831755846694\" class=\" milenia-visible milenia-entities milenia-entities--style-13\" data-animation=\"none\">\n    <div class=\"milenia-grid milenia-grid--cols-4 owl-carousel owl-carousel--nav-edges milenia-grid--shortcode\">\n        <div class=\"milenia-grid-item\">\n    <!--================ Room Type ================-->\n    <article class=\"milenia-entity mphb-room-type post-4577 mphb_room_type type-mphb_room_type status-publish has-post-thumbnail hentry mphb_room_type_category-quatre-ou-cinq-personnes mphb_ra_adultos-1-fr mphb_ra_adultos-2-fr mphb_ra_adultos-3-fr mphb_ra_adultos-4-fr mphb_ra_adultos-5-fr mphb-room-type-adults-5 mphb-room-type-children-0 \">\n                                    <div class=\"milenia-entity-media milenia-entity-media--featured-image\">\n            \t\t<div class=\"milenia-entity-media-inner\" data-bg-image-src=\"https:\/\/casitasdelasierra.com\/wp-content\/uploads\/2019\/10\/sofa-mesa-comedor-salira-1350x900.jpg\">\n            \t\t\t<a href=\"https:\/\/casitasdelasierra.com\/fr\/accommodation\/maison-de-vacances-rurale-a-montejaque-pour-5-personnes-e\/\" class=\"milenia-entity-link milenia-ln--independent\"><\/a>\n            \t\t<\/div>\n                <\/div>\n                    \n        <div class=\"milenia-entity-content milenia-aligner\">\n            <div class=\"milenia-aligner-outer\">\n                <div class=\"milenia-aligner-inner\">\n                    <header class=\"milenia-entity-header\">\n                        <div class=\"milenia-entity-meta\">\n                            <div>\n                                from <span class=\"mphb-price\">0<span class=\"mphb-currency\">&euro;<\/span><\/span> <span class=\"mphb-price-period\" title=\"Choisissez les dates pour voir les prix pertinents\">for 2 nights<\/span>                            <\/div>\n                        <\/div>\n                        <h2 class=\"milenia-entity-title\"><a href=\"https:\/\/casitasdelasierra.com\/fr\/accommodation\/maison-de-vacances-rurale-a-montejaque-pour-5-personnes-e\/\" class=\"milenia-color--unchangeable\">Maison Gauc\u00edn<\/a><\/h2>\n                    <\/header>\n                                                                <footer class=\"milenia-entity-footer\">\n                                                            <a class=\"button mphb-view-details-button\" href=\"https:\/\/casitasdelasierra.com\/fr\/accommodation\/maison-de-vacances-rurale-a-montejaque-pour-5-personnes-e\/\" >Voir les d\u00e9tails<\/a>                                                                                <\/footer>\n                                    <\/div>\n            <\/div>\n        <\/div>\n    <\/article>\n    <!--================ End of Room Type ================-->\n<\/div>\n<div class=\"milenia-grid-item\">\n    <!--================ Room Type ================-->\n    <article class=\"milenia-entity mphb-room-type post-4573 mphb_room_type type-mphb_room_type status-publish has-post-thumbnail hentry mphb_room_type_category-quatre-ou-cinq-personnes mphb_ra_adultos-1-fr mphb_ra_adultos-2-fr mphb_ra_adultos-3-fr mphb_ra_adultos-4-fr mphb_ra_adultos-5-fr mphb-room-type-adults-5 mphb-room-type-children-0 \">\n                                    <div class=\"milenia-entity-media milenia-entity-media--featured-image\">\n            \t\t<div class=\"milenia-entity-media-inner\" data-bg-image-src=\"https:\/\/casitasdelasierra.com\/wp-content\/uploads\/2018\/10\/salon-equipado-tele-juzcar-1350x900.jpg\">\n            \t\t\t<a href=\"https:\/\/casitasdelasierra.com\/fr\/accommodation\/maison-de-vacances-rurale-a-montejaque-pour-5-personnes-d\/\" class=\"milenia-entity-link milenia-ln--independent\"><\/a>\n            \t\t<\/div>\n                <\/div>\n                    \n        <div class=\"milenia-entity-content milenia-aligner\">\n            <div class=\"milenia-aligner-outer\">\n                <div class=\"milenia-aligner-inner\">\n                    <header class=\"milenia-entity-header\">\n                        <div class=\"milenia-entity-meta\">\n                            <div>\n                                from <span class=\"mphb-price\">0<span class=\"mphb-currency\">&euro;<\/span><\/span> <span class=\"mphb-price-period\" title=\"Choisissez les dates pour voir les prix pertinents\">for 2 nights<\/span>                            <\/div>\n                        <\/div>\n                        <h2 class=\"milenia-entity-title\"><a href=\"https:\/\/casitasdelasierra.com\/fr\/accommodation\/maison-de-vacances-rurale-a-montejaque-pour-5-personnes-d\/\" class=\"milenia-color--unchangeable\">Maison J\u00fazcar<\/a><\/h2>\n                    <\/header>\n                                                                <footer class=\"milenia-entity-footer\">\n                                                            <a class=\"button mphb-view-details-button\" href=\"https:\/\/casitasdelasierra.com\/fr\/accommodation\/maison-de-vacances-rurale-a-montejaque-pour-5-personnes-d\/\" >Voir les d\u00e9tails<\/a>                                                                                <\/footer>\n                                    <\/div>\n            <\/div>\n        <\/div>\n    <\/article>\n    <!--================ End of Room Type ================-->\n<\/div>\n<div class=\"milenia-grid-item\">\n    <!--================ Room Type ================-->\n    <article class=\"milenia-entity mphb-room-type post-4568 mphb_room_type type-mphb_room_type status-publish has-post-thumbnail hentry mphb_room_type_category-quatre-ou-cinq-personnes mphb_ra_adultos-1-fr mphb_ra_adultos-2-fr mphb_ra_adultos-3-fr mphb_ra_adultos-4-fr mphb_ra_adultos-5-fr mphb-room-type-adults-5 mphb-room-type-children-0 \">\n                                    <div class=\"milenia-entity-media milenia-entity-media--featured-image\">\n            \t\t<div class=\"milenia-entity-media-inner\" data-bg-image-src=\"https:\/\/casitasdelasierra.com\/wp-content\/uploads\/2018\/10\/sofas-comodos-salon-arco-1350x900.jpg\">\n            \t\t\t<a href=\"https:\/\/casitasdelasierra.com\/fr\/accommodation\/maison-de-vacances-rurale-a-montejaque-pour-5-personnes-c\/\" class=\"milenia-entity-link milenia-ln--independent\"><\/a>\n            \t\t<\/div>\n                <\/div>\n                    \n        <div class=\"milenia-entity-content milenia-aligner\">\n            <div class=\"milenia-aligner-outer\">\n                <div class=\"milenia-aligner-inner\">\n                    <header class=\"milenia-entity-header\">\n                        <div class=\"milenia-entity-meta\">\n                            <div>\n                                from <span class=\"mphb-price\">0<span class=\"mphb-currency\">&euro;<\/span><\/span> <span class=\"mphb-price-period\" title=\"Choisissez les dates pour voir les prix pertinents\">for 2 nights<\/span>                            <\/div>\n                        <\/div>\n                        <h2 class=\"milenia-entity-title\"><a href=\"https:\/\/casitasdelasierra.com\/fr\/accommodation\/maison-de-vacances-rurale-a-montejaque-pour-5-personnes-c\/\" class=\"milenia-color--unchangeable\">Maison Arcos<\/a><\/h2>\n                    <\/header>\n                                                                <footer class=\"milenia-entity-footer\">\n                                                            <a class=\"button mphb-view-details-button\" href=\"https:\/\/casitasdelasierra.com\/fr\/accommodation\/maison-de-vacances-rurale-a-montejaque-pour-5-personnes-c\/\" >Voir les d\u00e9tails<\/a>                                                                                <\/footer>\n                                    <\/div>\n            <\/div>\n        <\/div>\n    <\/article>\n    <!--================ End of Room Type ================-->\n<\/div>\n<div class=\"milenia-grid-item\">\n    <!--================ Room Type ================-->\n    <article class=\"milenia-entity mphb-room-type post-4561 mphb_room_type type-mphb_room_type status-publish has-post-thumbnail hentry mphb_room_type_category-quatre-ou-cinq-personnes mphb_ra_adultos-1-fr mphb_ra_adultos-2-fr mphb_ra_adultos-3-fr mphb_ra_adultos-4-fr mphb_ra_adultos-5-fr mphb-room-type-adults-5 mphb-room-type-children-0 \">\n                                    <div class=\"milenia-entity-media milenia-entity-media--featured-image\">\n            \t\t<div class=\"milenia-entity-media-inner\" data-bg-image-src=\"https:\/\/casitasdelasierra.com\/wp-content\/uploads\/2018\/10\/salon-2-casa-malaga-1350x900.jpg\">\n            \t\t\t<a href=\"https:\/\/casitasdelasierra.com\/fr\/accommodation\/maison-de-vacances-rurale-a-montejaque-pour-5-personnes-b\/\" class=\"milenia-entity-link milenia-ln--independent\"><\/a>\n            \t\t<\/div>\n                <\/div>\n                    \n        <div class=\"milenia-entity-content milenia-aligner\">\n            <div class=\"milenia-aligner-outer\">\n                <div class=\"milenia-aligner-inner\">\n                    <header class=\"milenia-entity-header\">\n                        <div class=\"milenia-entity-meta\">\n                            <div>\n                                from <span class=\"mphb-price\">0<span class=\"mphb-currency\">&euro;<\/span><\/span> <span class=\"mphb-price-period\" title=\"Choisissez les dates pour voir les prix pertinents\">for 2 nights<\/span>                            <\/div>\n                        <\/div>\n                        <h2 class=\"milenia-entity-title\"><a href=\"https:\/\/casitasdelasierra.com\/fr\/accommodation\/maison-de-vacances-rurale-a-montejaque-pour-5-personnes-b\/\" class=\"milenia-color--unchangeable\">Maison Zahara<\/a><\/h2>\n                    <\/header>\n                                                                <footer class=\"milenia-entity-footer\">\n                                                            <a class=\"button mphb-view-details-button\" href=\"https:\/\/casitasdelasierra.com\/fr\/accommodation\/maison-de-vacances-rurale-a-montejaque-pour-5-personnes-b\/\" >Voir les d\u00e9tails<\/a>                                                                                <\/footer>\n                                    <\/div>\n            <\/div>\n        <\/div>\n    <\/article>\n    <!--================ End of Room Type ================-->\n<\/div>\n<div class=\"milenia-grid-item\">\n    <!--================ Room Type ================-->\n    <article class=\"milenia-entity mphb-room-type post-4544 mphb_room_type type-mphb_room_type status-publish has-post-thumbnail hentry mphb_room_type_category-quatre-ou-cinq-personnes mphb_ra_adultos-1-fr mphb_ra_adultos-2-fr mphb_ra_adultos-3-fr mphb_ra_adultos-4-fr mphb-room-type-adults-4 mphb-room-type-children-0 \">\n                                    <div class=\"milenia-entity-media milenia-entity-media--featured-image\">\n            \t\t<div class=\"milenia-entity-media-inner\" data-bg-image-src=\"https:\/\/casitasdelasierra.com\/wp-content\/uploads\/2019\/10\/salon-estufa-cuadros-casitas-1350x900.jpg\">\n            \t\t\t<a href=\"https:\/\/casitasdelasierra.com\/fr\/accommodation\/maison-de-vacances-rurael-a-montejaque-pour-5-personnes-a\/\" class=\"milenia-entity-link milenia-ln--independent\"><\/a>\n            \t\t<\/div>\n                <\/div>\n                    \n        <div class=\"milenia-entity-content milenia-aligner\">\n            <div class=\"milenia-aligner-outer\">\n                <div class=\"milenia-aligner-inner\">\n                    <header class=\"milenia-entity-header\">\n                        <div class=\"milenia-entity-meta\">\n                            <div>\n                                from <span class=\"mphb-price\">0<span class=\"mphb-currency\">&euro;<\/span><\/span> <span class=\"mphb-price-period\" title=\"Choisissez les dates pour voir les prix pertinents\">for 2 nights<\/span>                            <\/div>\n                        <\/div>\n                        <h2 class=\"milenia-entity-title\"><a href=\"https:\/\/casitasdelasierra.com\/fr\/accommodation\/maison-de-vacances-rurael-a-montejaque-pour-5-personnes-a\/\" class=\"milenia-color--unchangeable\">Maison Grazalema<\/a><\/h2>\n                    <\/header>\n                                                                <footer class=\"milenia-entity-footer\">\n                                                            <a class=\"button mphb-view-details-button\" href=\"https:\/\/casitasdelasierra.com\/fr\/accommodation\/maison-de-vacances-rurael-a-montejaque-pour-5-personnes-a\/\" >Voir les d\u00e9tails<\/a>                                                                                <\/footer>\n                                    <\/div>\n            <\/div>\n        <\/div>\n    <\/article>\n    <!--================ End of Room Type ================-->\n<\/div>\n<div class=\"milenia-grid-item\">\n    <!--================ Room Type ================-->\n    <article class=\"milenia-entity mphb-room-type post-4531 mphb_room_type type-mphb_room_type status-publish has-post-thumbnail hentry mphb_room_type_category-quatre-ou-cinq-personnes mphb_ra_adultos-1-fr mphb_ra_adultos-2-fr mphb_ra_adultos-3-fr mphb_ra_adultos-4-fr mphb-room-type-adults-4 mphb-room-type-children-0 \">\n                                    <div class=\"milenia-entity-media milenia-entity-media--featured-image\">\n            \t\t<div class=\"milenia-entity-media-inner\" data-bg-image-src=\"https:\/\/casitasdelasierra.com\/wp-content\/uploads\/2019\/10\/294494602_10223566171035677_734890529726628554_n_10223566171195681-1350x900.jpg\">\n            \t\t\t<a href=\"https:\/\/casitasdelasierra.com\/fr\/accommodation\/maison-de-vacances-rurale-montejaque-5-personnes\/\" class=\"milenia-entity-link milenia-ln--independent\"><\/a>\n            \t\t<\/div>\n                <\/div>\n                    \n        <div class=\"milenia-entity-content milenia-aligner\">\n            <div class=\"milenia-aligner-outer\">\n                <div class=\"milenia-aligner-inner\">\n                    <header class=\"milenia-entity-header\">\n                        <div class=\"milenia-entity-meta\">\n                            <div>\n                                from <span class=\"mphb-price\">0<span class=\"mphb-currency\">&euro;<\/span><\/span> <span class=\"mphb-price-period\" title=\"Choisissez les dates pour voir les prix pertinents\">for 2 nights<\/span>                            <\/div>\n                        <\/div>\n                        <h2 class=\"milenia-entity-title\"><a href=\"https:\/\/casitasdelasierra.com\/fr\/accommodation\/maison-de-vacances-rurale-montejaque-5-personnes\/\" class=\"milenia-color--unchangeable\">Maison Setenil<\/a><\/h2>\n                    <\/header>\n                                                                <footer class=\"milenia-entity-footer\">\n                                                            <a class=\"button mphb-view-details-button\" href=\"https:\/\/casitasdelasierra.com\/fr\/accommodation\/maison-de-vacances-rurale-montejaque-5-personnes\/\" >Voir les d\u00e9tails<\/a>                                                                                <\/footer>\n                                    <\/div>\n            <\/div>\n        <\/div>\n    <\/article>\n    <!--================ End of Room Type ================-->\n<\/div>\n\n    <\/div>\n<\/div>\n<!--================ End of Room types ================-->\n[\/vc_column][\/vc_row]<\/p>\n<\/div>","protected":false},"excerpt":{"rendered":"<p>[vc_row css=&#8221;.vc_custom_1571813997219{margin-top: 40px !important;}&#8221;][vc_column][vc_row_inner content_placement=&#8221;middle&#8221; el_class=&#8221;cita-casas&#8221;][vc_column_inner][vc_custom_heading text=&#8221;Profitez de ce merveilleux paradis de vacances, la vue vous enchantera.&#8221; font_container=&#8221;tag:p|font_size:30px|text_align:left|color:%23000000|line_height:40px&#8221;&#8230;<\/p>\n","protected":false},"featured_media":5136,"menu_order":0,"comment_status":"open","ping_status":"closed","template":"","mphb_room_type_category":[274],"mphb_room_type_tag":[],"mphb_room_type_facility":[],"class_list":["post-4573","mphb_room_type","type-mphb_room_type","status-publish","has-post-thumbnail","hentry","mphb_room_type_category-quatre-ou-cinq-personnes","mphb_ra_adultos-1-fr","mphb_ra_adultos-2-fr","mphb_ra_adultos-3-fr","mphb_ra_adultos-4-fr","mphb_ra_adultos-5-fr","mphb-room-type-adults-5","mphb-room-type-children-0",""],"yoast_head":"<!-- This site is optimized with the Yoast SEO plugin v28.1 - https:\/\/yoast.com\/product\/yoast-seo-wordpress\/ -->\n<title>R\u00e9servation de chalet pour 5 personnes \u00e0 Montejaque<\/title>\n<meta name=\"description\" content=\"Maison Juzcar \u00e0 Montejaque (Malaga) pour R\u00e9server une Escapade Rurale en Andalousie avec une Capacit\u00e9 pour 5 personnes avec Piscine, Barbecue, Jardin....\" \/>\n<meta name=\"robots\" content=\"index, follow, max-snippet:-1, max-image-preview:large, max-video-preview:-1\" \/>\n<link rel=\"canonical\" href=\"https:\/\/casitasdelasierra.com\/fr\/accommodation\/maison-de-vacances-rurale-a-montejaque-pour-5-personnes-d\/\" \/>\n<meta property=\"og:locale\" content=\"fr_FR\" \/>\n<meta property=\"og:type\" content=\"article\" \/>\n<meta property=\"og:title\" content=\"R\u00e9servation de chalet pour 5 personnes \u00e0 Montejaque\" \/>\n<meta property=\"og:description\" content=\"Maison Juzcar \u00e0 Montejaque (Malaga) pour R\u00e9server une Escapade Rurale en Andalousie avec une Capacit\u00e9 pour 5 personnes avec Piscine, Barbecue, Jardin....\" \/>\n<meta property=\"og:url\" content=\"https:\/\/casitasdelasierra.com\/fr\/accommodation\/maison-de-vacances-rurale-a-montejaque-pour-5-personnes-d\/\" \/>\n<meta property=\"og:site_name\" content=\"Casitas de la Sierra\" \/>\n<meta property=\"article:modified_time\" content=\"2022-08-14T21:35:35+00:00\" \/>\n<meta property=\"og:image\" content=\"https:\/\/casitasdelasierra.com\/wp-content\/uploads\/2018\/10\/salon-equipado-tele-juzcar.jpg\" \/>\n\t<meta property=\"og:image:width\" content=\"1620\" \/>\n\t<meta property=\"og:image:height\" content=\"1080\" \/>\n\t<meta property=\"og:image:type\" content=\"image\/jpeg\" \/>\n<meta name=\"twitter:card\" content=\"summary_large_image\" \/>\n<meta name=\"twitter:label1\" content=\"Dur\u00e9e de lecture estim\u00e9e\" \/>\n\t<meta name=\"twitter:data1\" content=\"3 minutes\" \/>\n<script type=\"application\/ld+json\" class=\"yoast-schema-graph\">{\"@context\":\"https:\\\/\\\/schema.org\",\"@graph\":[{\"@type\":\"WebPage\",\"@id\":\"https:\\\/\\\/casitasdelasierra.com\\\/fr\\\/accommodation\\\/maison-de-vacances-rurale-a-montejaque-pour-5-personnes-d\\\/\",\"url\":\"https:\\\/\\\/casitasdelasierra.com\\\/fr\\\/accommodation\\\/maison-de-vacances-rurale-a-montejaque-pour-5-personnes-d\\\/\",\"name\":\"R\u00e9servation de chalet pour 5 personnes \u00e0 Montejaque\",\"isPartOf\":{\"@id\":\"https:\\\/\\\/casitasdelasierra.com\\\/fr\\\/#website\"},\"primaryImageOfPage\":{\"@id\":\"https:\\\/\\\/casitasdelasierra.com\\\/fr\\\/accommodation\\\/maison-de-vacances-rurale-a-montejaque-pour-5-personnes-d\\\/#primaryimage\"},\"image\":{\"@id\":\"https:\\\/\\\/casitasdelasierra.com\\\/fr\\\/accommodation\\\/maison-de-vacances-rurale-a-montejaque-pour-5-personnes-d\\\/#primaryimage\"},\"thumbnailUrl\":\"https:\\\/\\\/casitasdelasierra.com\\\/wp-content\\\/uploads\\\/2018\\\/10\\\/salon-equipado-tele-juzcar.jpg\",\"datePublished\":\"2019-10-24T15:23:43+00:00\",\"dateModified\":\"2022-08-14T21:35:35+00:00\",\"description\":\"Maison Juzcar \u00e0 Montejaque (Malaga) pour R\u00e9server une Escapade Rurale en Andalousie avec une Capacit\u00e9 pour 5 personnes avec Piscine, Barbecue, Jardin....\",\"breadcrumb\":{\"@id\":\"https:\\\/\\\/casitasdelasierra.com\\\/fr\\\/accommodation\\\/maison-de-vacances-rurale-a-montejaque-pour-5-personnes-d\\\/#breadcrumb\"},\"inLanguage\":\"fr-FR\",\"potentialAction\":[{\"@type\":\"ReadAction\",\"target\":[\"https:\\\/\\\/casitasdelasierra.com\\\/fr\\\/accommodation\\\/maison-de-vacances-rurale-a-montejaque-pour-5-personnes-d\\\/\"]}]},{\"@type\":\"ImageObject\",\"inLanguage\":\"fr-FR\",\"@id\":\"https:\\\/\\\/casitasdelasierra.com\\\/fr\\\/accommodation\\\/maison-de-vacances-rurale-a-montejaque-pour-5-personnes-d\\\/#primaryimage\",\"url\":\"https:\\\/\\\/casitasdelasierra.com\\\/wp-content\\\/uploads\\\/2018\\\/10\\\/salon-equipado-tele-juzcar.jpg\",\"contentUrl\":\"https:\\\/\\\/casitasdelasierra.com\\\/wp-content\\\/uploads\\\/2018\\\/10\\\/salon-equipado-tele-juzcar.jpg\",\"width\":1620,\"height\":1080,\"caption\":\"Sal\u00f3n con televisi\u00f3n luminoso\"},{\"@type\":\"BreadcrumbList\",\"@id\":\"https:\\\/\\\/casitasdelasierra.com\\\/fr\\\/accommodation\\\/maison-de-vacances-rurale-a-montejaque-pour-5-personnes-d\\\/#breadcrumb\",\"itemListElement\":[{\"@type\":\"ListItem\",\"position\":1,\"name\":\"Portada\",\"item\":\"https:\\\/\\\/casitasdelasierra.com\\\/fr\\\/\"},{\"@type\":\"ListItem\",\"position\":2,\"name\":\"Types de logement\",\"item\":\"https:\\\/\\\/casitasdelasierra.com\\\/fr\\\/accommodation\\\/\"},{\"@type\":\"ListItem\",\"position\":3,\"name\":\"Maison J\u00fazcar\"}]},{\"@type\":\"WebSite\",\"@id\":\"https:\\\/\\\/casitasdelasierra.com\\\/fr\\\/#website\",\"url\":\"https:\\\/\\\/casitasdelasierra.com\\\/fr\\\/\",\"name\":\"Casitas de la Sierra\",\"description\":\"Alquiler de Casas Rurales en Montejaque (M\u00e1laga)\",\"potentialAction\":[{\"@type\":\"SearchAction\",\"target\":{\"@type\":\"EntryPoint\",\"urlTemplate\":\"https:\\\/\\\/casitasdelasierra.com\\\/fr\\\/?s={search_term_string}\"},\"query-input\":{\"@type\":\"PropertyValueSpecification\",\"valueRequired\":true,\"valueName\":\"search_term_string\"}}],\"inLanguage\":\"fr-FR\"}]}<\/script>\n<!-- \/ Yoast SEO plugin. -->","yoast_head_json":{"title":"R\u00e9servation de chalet pour 5 personnes \u00e0 Montejaque","description":"Maison Juzcar \u00e0 Montejaque (Malaga) pour R\u00e9server une Escapade Rurale en Andalousie avec une Capacit\u00e9 pour 5 personnes avec Piscine, Barbecue, Jardin....","robots":{"index":"index","follow":"follow","max-snippet":"max-snippet:-1","max-image-preview":"max-image-preview:large","max-video-preview":"max-video-preview:-1"},"canonical":"https:\/\/casitasdelasierra.com\/fr\/accommodation\/maison-de-vacances-rurale-a-montejaque-pour-5-personnes-d\/","og_locale":"fr_FR","og_type":"article","og_title":"R\u00e9servation de chalet pour 5 personnes \u00e0 Montejaque","og_description":"Maison Juzcar \u00e0 Montejaque (Malaga) pour R\u00e9server une Escapade Rurale en Andalousie avec une Capacit\u00e9 pour 5 personnes avec Piscine, Barbecue, Jardin....","og_url":"https:\/\/casitasdelasierra.com\/fr\/accommodation\/maison-de-vacances-rurale-a-montejaque-pour-5-personnes-d\/","og_site_name":"Casitas de la Sierra","article_modified_time":"2022-08-14T21:35:35+00:00","og_image":[{"width":1620,"height":1080,"url":"https:\/\/casitasdelasierra.com\/wp-content\/uploads\/2018\/10\/salon-equipado-tele-juzcar.jpg","type":"image\/jpeg"}],"twitter_card":"summary_large_image","twitter_misc":{"Dur\u00e9e de lecture estim\u00e9e":"3 minutes"},"schema":{"@context":"https:\/\/schema.org","@graph":[{"@type":"WebPage","@id":"https:\/\/casitasdelasierra.com\/fr\/accommodation\/maison-de-vacances-rurale-a-montejaque-pour-5-personnes-d\/","url":"https:\/\/casitasdelasierra.com\/fr\/accommodation\/maison-de-vacances-rurale-a-montejaque-pour-5-personnes-d\/","name":"R\u00e9servation de chalet pour 5 personnes \u00e0 Montejaque","isPartOf":{"@id":"https:\/\/casitasdelasierra.com\/fr\/#website"},"primaryImageOfPage":{"@id":"https:\/\/casitasdelasierra.com\/fr\/accommodation\/maison-de-vacances-rurale-a-montejaque-pour-5-personnes-d\/#primaryimage"},"image":{"@id":"https:\/\/casitasdelasierra.com\/fr\/accommodation\/maison-de-vacances-rurale-a-montejaque-pour-5-personnes-d\/#primaryimage"},"thumbnailUrl":"https:\/\/casitasdelasierra.com\/wp-content\/uploads\/2018\/10\/salon-equipado-tele-juzcar.jpg","datePublished":"2019-10-24T15:23:43+00:00","dateModified":"2022-08-14T21:35:35+00:00","description":"Maison Juzcar \u00e0 Montejaque (Malaga) pour R\u00e9server une Escapade Rurale en Andalousie avec une Capacit\u00e9 pour 5 personnes avec Piscine, Barbecue, Jardin....","breadcrumb":{"@id":"https:\/\/casitasdelasierra.com\/fr\/accommodation\/maison-de-vacances-rurale-a-montejaque-pour-5-personnes-d\/#breadcrumb"},"inLanguage":"fr-FR","potentialAction":[{"@type":"ReadAction","target":["https:\/\/casitasdelasierra.com\/fr\/accommodation\/maison-de-vacances-rurale-a-montejaque-pour-5-personnes-d\/"]}]},{"@type":"ImageObject","inLanguage":"fr-FR","@id":"https:\/\/casitasdelasierra.com\/fr\/accommodation\/maison-de-vacances-rurale-a-montejaque-pour-5-personnes-d\/#primaryimage","url":"https:\/\/casitasdelasierra.com\/wp-content\/uploads\/2018\/10\/salon-equipado-tele-juzcar.jpg","contentUrl":"https:\/\/casitasdelasierra.com\/wp-content\/uploads\/2018\/10\/salon-equipado-tele-juzcar.jpg","width":1620,"height":1080,"caption":"Sal\u00f3n con televisi\u00f3n luminoso"},{"@type":"BreadcrumbList","@id":"https:\/\/casitasdelasierra.com\/fr\/accommodation\/maison-de-vacances-rurale-a-montejaque-pour-5-personnes-d\/#breadcrumb","itemListElement":[{"@type":"ListItem","position":1,"name":"Portada","item":"https:\/\/casitasdelasierra.com\/fr\/"},{"@type":"ListItem","position":2,"name":"Types de logement","item":"https:\/\/casitasdelasierra.com\/fr\/accommodation\/"},{"@type":"ListItem","position":3,"name":"Maison J\u00fazcar"}]},{"@type":"WebSite","@id":"https:\/\/casitasdelasierra.com\/fr\/#website","url":"https:\/\/casitasdelasierra.com\/fr\/","name":"Casitas de la Sierra","description":"Alquiler de Casas Rurales en Montejaque (M\u00e1laga)","potentialAction":[{"@type":"SearchAction","target":{"@type":"EntryPoint","urlTemplate":"https:\/\/casitasdelasierra.com\/fr\/?s={search_term_string}"},"query-input":{"@type":"PropertyValueSpecification","valueRequired":true,"valueName":"search_term_string"}}],"inLanguage":"fr-FR"}]}},"_links":{"self":[{"href":"https:\/\/casitasdelasierra.com\/fr\/wp-json\/wp\/v2\/mphb_room_type\/4573","targetHints":{"allow":["GET"]}}],"collection":[{"href":"https:\/\/casitasdelasierra.com\/fr\/wp-json\/wp\/v2\/mphb_room_type"}],"about":[{"href":"https:\/\/casitasdelasierra.com\/fr\/wp-json\/wp\/v2\/types\/mphb_room_type"}],"replies":[{"embeddable":true,"href":"https:\/\/casitasdelasierra.com\/fr\/wp-json\/wp\/v2\/comments?post=4573"}],"wp:featuredmedia":[{"embeddable":true,"href":"https:\/\/casitasdelasierra.com\/fr\/wp-json\/wp\/v2\/media\/5136"}],"wp:attachment":[{"href":"https:\/\/casitasdelasierra.com\/fr\/wp-json\/wp\/v2\/media?parent=4573"}],"wp:term":[{"taxonomy":"mphb_room_type_category","embeddable":true,"href":"https:\/\/casitasdelasierra.com\/fr\/wp-json\/wp\/v2\/mphb_room_type_category?post=4573"},{"taxonomy":"mphb_room_type_tag","embeddable":true,"href":"https:\/\/casitasdelasierra.com\/fr\/wp-json\/wp\/v2\/mphb_room_type_tag?post=4573"},{"taxonomy":"mphb_room_type_facility","embeddable":true,"href":"https:\/\/casitasdelasierra.com\/fr\/wp-json\/wp\/v2\/mphb_room_type_facility?post=4573"}],"curies":[{"name":"wp","href":"https:\/\/api.w.org\/{rel}","templated":true}]}}