{"id":15599,"date":"2022-11-17T14:01:28","date_gmt":"2022-11-17T13:01:28","guid":{"rendered":"https:\/\/casitasdelasierra.com\/a-propos-de-nous-prueba\/"},"modified":"2022-12-02T11:18:46","modified_gmt":"2022-12-02T10:18:46","slug":"a-propos-de-nous-2","status":"publish","type":"page","link":"https:\/\/casitasdelasierra.com\/fr\/a-propos-de-nous-2\/","title":{"rendered":"A propos de nous"},"content":{"rendered":"<div class=\"wpb-content-wrapper\"><p>[vc_row full_width=&#8221;stretch_row&#8221; content_placement=&#8221;middle&#8221; css=&#8221;.vc_custom_1663581759279{margin-top: 0px !important;padding-top: 10% !important;padding-bottom: 10% !important;background-position: center !important;background-repeat: no-repeat !important;background-size: cover !important;}&#8221;][vc_column][vc_custom_heading text=&#8221;Une nouvelle vie a commenc\u00e9 en avril 2019 pour notre complexe <strong>LAS CASITAS DE LA SIERRA<\/strong>, g\u00eetes ruraux au c\u0153ur de <strong>Montejaque<\/strong>, un charmant village blanc andalou dans la Serrania de Ronda et le parc national de Grazalema.&#8221; font_container=&#8221;tag:h3|font_size:25px|text_align:center|color:%23000000|line_height:50px&#8221; google_fonts=&#8221;font_family:Quicksand%3A300%2Cregular%2C700|font_style:400%20regular%3A400%3Anormal&#8221; css=&#8221;.vc_custom_1665143870326{padding-bottom: 10px !important;}&#8221;]<script>\n    (function($){\n        'use strict';\n\n        var $container, $filter, $grid, $fancyboxLinks;\n\n        if(!$) return;\n\n        $(function(){\n            \/\/ Check all necessary modules have been included\n            if(!window.Milenia || !window.MileniaIsotopeWrapper || !$.fn.isotope || !$.fn.jQueryImagesLoaded) return;\n\n            $container = $('#vc-gallery-container-93be071a70810aba3f11724300ee5a7d-1788673927749420064');\n            $grid = $container.find('.milenia-grid--isotope');\n            $filter = $('#vc-gallery-filter-7c05d91ae1353fc622e0dd47689c4752-17886739271238354991');\n\n            if(!$container.length || !$grid.length) return;\n\n            if(window.appear) {\n                appear({\n                    elements: function(){\n                        return document.querySelectorAll('#vc-gallery-container-93be071a70810aba3f11724300ee5a7d-1788673927749420064');\n                    },\n                    appear: function(element) {\n                        var $el = $(element);\n                        $el.addClass('milenia-visible').addClass($el.data('animation'));\n                    },\n                    reappear: false,\n                    bounds: -200\n                });\n            }\n\n            $container.jQueryImagesLoaded().then(function(){\n                MileniaIsotopeWrapper.init($grid, {\n                    itemSelector: '.milenia-grid-item',\n                    transitionDuration: Milenia.ANIMATIONDURATION\n                });\n            });\n\n            if(window.Milenia.LinkUnderliner) {\n                window.Milenia.LinkUnderliner.init($container.find('a'));\n                if($filter.length) {\n                    window.Milenia.LinkUnderliner.init($filter.find('a'));\n                }\n            }\n        });\n    })(window.jQuery);\n<\/script>\n<!-- - - - - - - - - - - - - - Isotope Container - - - - - - - - - - - - - - - - -->\n\n<div id=\"vc-gallery-container-93be071a70810aba3f11724300ee5a7d-1788673927749420064\" class=\"milenia-gallery milenia-visible\" data-animation=\"none\">\n    <div class=\"milenia-grid milenia-grid--isotope milenia-grid--shortcode milenia-grid--cols-4\"\n         data-isotope-layout=\"grid\"\n         data-isotope-filter=\"#vc-gallery-filter-7c05d91ae1353fc622e0dd47689c4752-17886739271238354991\"\n         data-items-per-page=\"8\">\n        <div class=\"milenia-grid-sizer\"><\/div>\n        \n\t\t\t\t\n<!-- - - - - - - - - - - - - - Gallery Item - - - - - - - - - - - - - -->\n<figure class=\"milenia-grid-item post-15272 milenia-galleries type-milenia-galleries status-publish hentry\">\n            <a href=\"https:\/\/casitasdelasierra.com\/wp-content\/uploads\/2019\/10\/QS1.jpg\" class=\"milenia-ln--independent milenia-gallery-item-link\"\n\t\t   data-caption=\"\"\n\t\t   data-fancybox=\"vc-gallery-container-93be071a70810aba3f11724300ee5a7d-1788673927749420064\"\n           >\n            <img loading=\"lazy\" decoding=\"async\" width=\"660\" height=\"440\" src=\"https:\/\/casitasdelasierra.com\/wp-content\/uploads\/2019\/10\/QS1-660x440.jpg\" class=\"attachment-entity-thumb-size-rectangle size-entity-thumb-size-rectangle\" alt=\"\" srcset=\"https:\/\/casitasdelasierra.com\/wp-content\/uploads\/2019\/10\/QS1-660x440.jpg 660w, https:\/\/casitasdelasierra.com\/wp-content\/uploads\/2019\/10\/QS1-1350x900.jpg 1350w\" sizes=\"auto, (max-width: 660px) 100vw, 660px\" \/>    <\/a>\n    <\/figure>\n<!-- - - - - - - - - - - - - - End of Gallery Item - - - - - - - - - - - - - -->\n\n            \t\n\t\t\t\t\n<!-- - - - - - - - - - - - - - Gallery Item - - - - - - - - - - - - - -->\n<figure class=\"milenia-grid-item post-15272 milenia-galleries type-milenia-galleries status-publish hentry\">\n            <a href=\"https:\/\/casitasdelasierra.com\/wp-content\/uploads\/2019\/10\/qs2.jpg\" class=\"milenia-ln--independent milenia-gallery-item-link\"\n\t\t   data-caption=\"\"\n\t\t   data-fancybox=\"vc-gallery-container-93be071a70810aba3f11724300ee5a7d-1788673927749420064\"\n           >\n            <img loading=\"lazy\" decoding=\"async\" width=\"660\" height=\"440\" src=\"https:\/\/casitasdelasierra.com\/wp-content\/uploads\/2019\/10\/qs2-660x440.jpg\" class=\"attachment-entity-thumb-size-rectangle size-entity-thumb-size-rectangle\" alt=\"\" srcset=\"https:\/\/casitasdelasierra.com\/wp-content\/uploads\/2019\/10\/qs2-660x440.jpg 660w, https:\/\/casitasdelasierra.com\/wp-content\/uploads\/2019\/10\/qs2-1350x900.jpg 1350w\" sizes=\"auto, (max-width: 660px) 100vw, 660px\" \/>    <\/a>\n    <\/figure>\n<!-- - - - - - - - - - - - - - End of Gallery Item - - - - - - - - - - - - - -->\n\n            \t\n\t\t\t\t\n<!-- - - - - - - - - - - - - - Gallery Item - - - - - - - - - - - - - -->\n<figure class=\"milenia-grid-item post-15272 milenia-galleries type-milenia-galleries status-publish hentry\">\n            <a href=\"https:\/\/casitasdelasierra.com\/wp-content\/uploads\/2019\/10\/qs3.jpg\" class=\"milenia-ln--independent milenia-gallery-item-link\"\n\t\t   data-caption=\"\"\n\t\t   data-fancybox=\"vc-gallery-container-93be071a70810aba3f11724300ee5a7d-1788673927749420064\"\n           >\n            <img loading=\"lazy\" decoding=\"async\" width=\"660\" height=\"440\" src=\"https:\/\/casitasdelasierra.com\/wp-content\/uploads\/2019\/10\/qs3-660x440.jpg\" class=\"attachment-entity-thumb-size-rectangle size-entity-thumb-size-rectangle\" alt=\"\" srcset=\"https:\/\/casitasdelasierra.com\/wp-content\/uploads\/2019\/10\/qs3-660x440.jpg 660w, https:\/\/casitasdelasierra.com\/wp-content\/uploads\/2019\/10\/qs3-1350x900.jpg 1350w\" sizes=\"auto, (max-width: 660px) 100vw, 660px\" \/>    <\/a>\n    <\/figure>\n<!-- - - - - - - - - - - - - - End of Gallery Item - - - - - - - - - - - - - -->\n\n            \t\n\t\t\t\t\n<!-- - - - - - - - - - - - - - Gallery Item - - - - - - - - - - - - - -->\n<figure class=\"milenia-grid-item post-15272 milenia-galleries type-milenia-galleries status-publish hentry\">\n            <a href=\"https:\/\/casitasdelasierra.com\/wp-content\/uploads\/2019\/10\/qs4.jpg\" class=\"milenia-ln--independent milenia-gallery-item-link\"\n\t\t   data-caption=\"\"\n\t\t   data-fancybox=\"vc-gallery-container-93be071a70810aba3f11724300ee5a7d-1788673927749420064\"\n           >\n            <img loading=\"lazy\" decoding=\"async\" width=\"660\" height=\"440\" src=\"https:\/\/casitasdelasierra.com\/wp-content\/uploads\/2019\/10\/qs4-660x440.jpg\" class=\"attachment-entity-thumb-size-rectangle size-entity-thumb-size-rectangle\" alt=\"\" srcset=\"https:\/\/casitasdelasierra.com\/wp-content\/uploads\/2019\/10\/qs4-660x440.jpg 660w, https:\/\/casitasdelasierra.com\/wp-content\/uploads\/2019\/10\/qs4-1350x900.jpg 1350w\" sizes=\"auto, (max-width: 660px) 100vw, 660px\" \/>    <\/a>\n    <\/figure>\n<!-- - - - - - - - - - - - - - End of Gallery Item - - - - - - - - - - - - - -->\n\n            \t\n\t\t\t\t\n<!-- - - - - - - - - - - - - - Gallery Item - - - - - - - - - - - - - -->\n<figure class=\"milenia-grid-item post-15272 milenia-galleries type-milenia-galleries status-publish hentry\">\n            <a href=\"https:\/\/casitasdelasierra.com\/wp-content\/uploads\/2019\/10\/QS5.jpg\" class=\"milenia-ln--independent milenia-gallery-item-link\"\n\t\t   data-caption=\"\"\n\t\t   data-fancybox=\"vc-gallery-container-93be071a70810aba3f11724300ee5a7d-1788673927749420064\"\n           >\n            <img loading=\"lazy\" decoding=\"async\" width=\"660\" height=\"440\" src=\"https:\/\/casitasdelasierra.com\/wp-content\/uploads\/2019\/10\/QS5-660x440.jpg\" class=\"attachment-entity-thumb-size-rectangle size-entity-thumb-size-rectangle\" alt=\"\" srcset=\"https:\/\/casitasdelasierra.com\/wp-content\/uploads\/2019\/10\/QS5-660x440.jpg 660w, https:\/\/casitasdelasierra.com\/wp-content\/uploads\/2019\/10\/QS5-1350x900.jpg 1350w\" sizes=\"auto, (max-width: 660px) 100vw, 660px\" \/>    <\/a>\n    <\/figure>\n<!-- - - - - - - - - - - - - - End of Gallery Item - - - - - - - - - - - - - -->\n\n            \t\n\t\t\t\t\n<!-- - - - - - - - - - - - - - Gallery Item - - - - - - - - - - - - - -->\n<figure class=\"milenia-grid-item post-15272 milenia-galleries type-milenia-galleries status-publish hentry\">\n            <a href=\"https:\/\/casitasdelasierra.com\/wp-content\/uploads\/2019\/10\/qs6.jpg\" class=\"milenia-ln--independent milenia-gallery-item-link\"\n\t\t   data-caption=\"\"\n\t\t   data-fancybox=\"vc-gallery-container-93be071a70810aba3f11724300ee5a7d-1788673927749420064\"\n           >\n            <img loading=\"lazy\" decoding=\"async\" width=\"660\" height=\"440\" src=\"https:\/\/casitasdelasierra.com\/wp-content\/uploads\/2019\/10\/qs6-660x440.jpg\" class=\"attachment-entity-thumb-size-rectangle size-entity-thumb-size-rectangle\" alt=\"\" srcset=\"https:\/\/casitasdelasierra.com\/wp-content\/uploads\/2019\/10\/qs6-660x440.jpg 660w, https:\/\/casitasdelasierra.com\/wp-content\/uploads\/2019\/10\/qs6-1350x900.jpg 1350w\" sizes=\"auto, (max-width: 660px) 100vw, 660px\" \/>    <\/a>\n    <\/figure>\n<!-- - - - - - - - - - - - - - End of Gallery Item - - - - - - - - - - - - - -->\n\n            \t\n\t\t\t\t\n<!-- - - - - - - - - - - - - - Gallery Item - - - - - - - - - - - - - -->\n<figure class=\"milenia-grid-item post-15272 milenia-galleries type-milenia-galleries status-publish hentry\">\n            <a href=\"https:\/\/casitasdelasierra.com\/wp-content\/uploads\/2019\/10\/QS7.jpg\" class=\"milenia-ln--independent milenia-gallery-item-link\"\n\t\t   data-caption=\"\"\n\t\t   data-fancybox=\"vc-gallery-container-93be071a70810aba3f11724300ee5a7d-1788673927749420064\"\n           >\n            <img loading=\"lazy\" decoding=\"async\" width=\"660\" height=\"440\" src=\"https:\/\/casitasdelasierra.com\/wp-content\/uploads\/2019\/10\/QS7-660x440.jpg\" class=\"attachment-entity-thumb-size-rectangle size-entity-thumb-size-rectangle\" alt=\"\" srcset=\"https:\/\/casitasdelasierra.com\/wp-content\/uploads\/2019\/10\/QS7-660x440.jpg 660w, https:\/\/casitasdelasierra.com\/wp-content\/uploads\/2019\/10\/QS7-1350x900.jpg 1350w\" sizes=\"auto, (max-width: 660px) 100vw, 660px\" \/>    <\/a>\n    <\/figure>\n<!-- - - - - - - - - - - - - - End of Gallery Item - - - - - - - - - - - - - -->\n\n            \t\n\t\t\t\t\n<!-- - - - - - - - - - - - - - Gallery Item - - - - - - - - - - - - - -->\n<figure class=\"milenia-grid-item post-15272 milenia-galleries type-milenia-galleries status-publish hentry\">\n            <a href=\"https:\/\/casitasdelasierra.com\/wp-content\/uploads\/2019\/10\/QS8.jpg\" class=\"milenia-ln--independent milenia-gallery-item-link\"\n\t\t   data-caption=\"\"\n\t\t   data-fancybox=\"vc-gallery-container-93be071a70810aba3f11724300ee5a7d-1788673927749420064\"\n           >\n            <img loading=\"lazy\" decoding=\"async\" width=\"660\" height=\"440\" src=\"https:\/\/casitasdelasierra.com\/wp-content\/uploads\/2019\/10\/QS8-660x440.jpg\" class=\"attachment-entity-thumb-size-rectangle size-entity-thumb-size-rectangle\" alt=\"\" srcset=\"https:\/\/casitasdelasierra.com\/wp-content\/uploads\/2019\/10\/QS8-660x440.jpg 660w, https:\/\/casitasdelasierra.com\/wp-content\/uploads\/2019\/10\/QS8-1350x900.jpg 1350w\" sizes=\"auto, (max-width: 660px) 100vw, 660px\" \/>    <\/a>\n    <\/figure>\n<!-- - - - - - - - - - - - - - End of Gallery Item - - - - - - - - - - - - - -->\n\n            \t\n    <\/div>\n<\/div>\n<!-- - - - - - - - - - - - - - End of Isotope Container - - - - - - - - - - - - - - - - -->\n[\/vc_column][\/vc_row][vc_row full_width=&#8221;stretch_row&#8221; gap=&#8221;10&#8243; content_placement=&#8221;middle&#8221; css=&#8221;.vc_custom_1663581748427{margin-top: 0px !important;padding-top: 18% !important;padding-bottom: 18% !important;background: #003d8e url(https:\/\/casitasdelasierra.com\/wp-content\/uploads\/2019\/10\/FondoHero.jpg?id=14528) !important;background-position: center !important;background-repeat: no-repeat !important;background-size: cover !important;}&#8221;][vc_column width=&#8221;1\/2&#8243;][vc_single_image image=&#8221;5647&#8243; img_size=&#8221;full&#8221;][\/vc_column][vc_column width=&#8221;1\/2&#8243;][vc_custom_heading text=&#8221;Pierre et Brigitte&#8221; font_container=&#8221;tag:h2|font_size:35px|text_align:left|color:%23ffffff|line_height:30px&#8221; google_fonts=&#8221;font_family:Playfair%20Display%3Aregular%2Citalic%2C700%2C700italic%2C900%2C900italic|font_style:400%20italic%3A400%3Aitalic&#8221; css=&#8221;.vc_custom_1669976258525{padding-bottom: 10px !important;}&#8221;][vc_custom_heading text=&#8221;Ils vous offrent le meilleur de Montejaque et de ses Casitas.&#8221; font_container=&#8221;tag:h2|font_size:25px|text_align:left|color:%23fdcf9e|line_height:30px&#8221; google_fonts=&#8221;font_family:Playfair%20Display%3Aregular%2Citalic%2C700%2C700italic%2C900%2C900italic|font_style:400%20regular%3A400%3Anormal&#8221; css=&#8221;.vc_custom_1663581502854{margin-bottom: 20px !important;}&#8221;][vc_column_text]<\/p>\n<p style=\"text-align: left;\"><span style=\"color: #ffffff;\">Derri\u00e8re Casitas de la Sierra se trouvent Pierre et Brigitte Romero, un couple franco-espagnol qui aime la nature et la tranquillit\u00e9 qui entoure Montejaque.<\/span><\/p>\n<p style=\"text-align: left;\"><span style=\"color: #ffffff;\">Pierre Romero, un Espagnol de 50 ans, a une exp\u00e9rience des affaires et de l&#8217;entrepreneuriat, ayant dirig\u00e9 et g\u00e9r\u00e9 des entreprises en France dans le secteur de la construction.<\/span><\/p>\n<p style=\"text-align: left;\"><span style=\"color: #ffffff;\">Brigitte Romero, \u00e9galement quinquag\u00e9naire, d&#8217;origine fran\u00e7aise, dot\u00e9e d&#8217;un certain sens du contact humain et formatrice d&#8217;adultes en difficult\u00e9.<\/span><\/p>\n<p>[\/vc_column_text][\/vc_column][\/vc_row][vc_row full_width=&#8221;stretch_row&#8221; gap=&#8221;35&#8243; content_placement=&#8221;middle&#8221; css=&#8221;.vc_custom_1663582427412{margin-bottom: 0px !important;background-color: #fff4ef !important;}&#8221;][vc_column width=&#8221;1\/2&#8243; el_class=&#8221;milenia-color&#8211;black&#8221; css=&#8221;.vc_custom_1571239792630{padding-right: 70px !important;}&#8221;][vc_custom_heading text=&#8221;Casitas de la Sierra, un refuge contre le stress et la routine&#8221; font_container=&#8221;tag:h2|font_size:35px|text_align:left|color:%23000000|line_height:30px&#8221; google_fonts=&#8221;font_family:Playfair%20Display%3Aregular%2Citalic%2C700%2C700italic%2C900%2C900italic|font_style:400%20regular%3A400%3Anormal&#8221; css=&#8221;.vc_custom_1663582403741{margin-bottom: 20px !important;}&#8221;][vc_column_text]Ce projet de Casitas est n\u00e9 du besoin de se d\u00e9connecter, de s&#8217;\u00e9loigner du stress de la vie urbaine et du monde des affaires. Et se reconnecter avec la nature, l&#8217;\u00eatre humain, se reconnecter avec des rencontres authentiques.<\/p>\n<p>Naturellement, Montejaque et ses CASITAS DE LA SIERRA nous ont accueillis avec toute la g\u00e9n\u00e9rosit\u00e9 de sa nature et de ses habitants. Des personnes qui sont conscientes et fi\u00e8res de la richesse de leur terre, de leur patrimoine, de leurs traditions et qui la partagent g\u00e9n\u00e9reusement avec leurs visiteurs.[\/vc_column_text][\/vc_column][vc_column width=&#8221;1\/2&#8243;]<!--================ Info Boxes ================-->\n<script>\n    (function($){\n        'use strict';\n\n        if(!$) return;\n\n        $(function(){\n            var $container = $('#vc-milenia-info-boxes-f4b7f00ba839b0679e092f01a14e1041-17886739271771594282'),\n                $dynamicBgElements,\n                $carousels;\n\n            if(!$container.length) return;\n\n            if(window.appear) {\n                appear({\n                    elements: function(){\n                        return document.querySelectorAll('#vc-milenia-info-boxes-f4b7f00ba839b0679e092f01a14e1041-17886739271771594282');\n                    },\n                    appear: function(element) {\n                        var $el = $(element);\n                        $el.addClass('milenia-visible').addClass($el.data('animation'));\n                    },\n                    reappear: false,\n                    bounds: -200\n                });\n            }\n\n            if(window.Milenia && window.Milenia.LinkUnderliner) {\n                window.Milenia.LinkUnderliner.init($container.find('a'));\n            }\n\n            if(window.Milenia && window.Milenia.helpers &&  window.Milenia.helpers.dynamicBgImage) {\n                $dynamicBgElements = $container.find('[data-bg-image-src]');\n                if($dynamicBgElements.length) window.Milenia.helpers.dynamicBgImage($dynamicBgElements);\n            }\n\n            if($.fn.owlCarousel) {\n                $carousels = $container.find('.milenia-simple-slideshow--shortcode');\n\n                if($carousels.length) {\n                    if(window.Milenia && window.Milenia.helpers && window.Milenia.helpers.owlSettings) {\n\n                        $carousels.jQueryImagesLoaded().then(function(){\n                                $carousels.each(function(i,e) {\n                                    $(e).owlCarousel(window.Milenia.helpers.owlSettings({\n                                        margin: 1,\n                                        loop: true,\n                                        autoplay: $(e).hasClass('milenia-simple-slideshow--autoplay')\n                                    }));\n                                });\n                        });\n\n                    }\n                    else {\n                        $carousels.owlCarousel({\n                            items: 1\n                        });\n                    }\n                }\n            }\n        });\n    })(window.jQuery);\n<\/script>\n\n<div id=\"vc-milenia-info-boxes-f4b7f00ba839b0679e092f01a14e1041-17886739271771594282\" class=\"milenia-entities milenia-entities--style-1 milenia-entities--unreverse  milenia-visible\" data-animation=\"none\">\n    <div class=\"milenia-grid milenia-grid--cols-1 milenia-grid--gutters\">\n        <!--================ Info Boxes Item ================-->\n<div class=\"milenia-grid-item\">\n    <article class=\"milenia-entity milenia-entity--format-slideshow\">\n        <div class=\"milenia-entity-media\">\n    <div class=\"owl-carousel milenia-simple-slideshow milenia-simple-slideshow--shortcode \">\n        <img loading=\"lazy\" decoding=\"async\" width=\"800\" height=\"533\" src=\"https:\/\/casitasdelasierra.com\/wp-content\/uploads\/2019\/10\/7DM29886-1.jpg\" class=\"owl-carousel-img\" alt=\"\" srcset=\"https:\/\/casitasdelasierra.com\/wp-content\/uploads\/2019\/10\/7DM29886-1.jpg 800w, https:\/\/casitasdelasierra.com\/wp-content\/uploads\/2019\/10\/7DM29886-1-300x200.jpg 300w, https:\/\/casitasdelasierra.com\/wp-content\/uploads\/2019\/10\/7DM29886-1-768x512.jpg 768w, https:\/\/casitasdelasierra.com\/wp-content\/uploads\/2019\/10\/7DM29886-1-660x440.jpg 660w, https:\/\/casitasdelasierra.com\/wp-content\/uploads\/2019\/10\/7DM29886-1-680x453.jpg 680w\" sizes=\"auto, (max-width: 800px) 100vw, 800px\" \/>\n    <\/div>\n<\/div>\n\n\n        <div class=\"milenia-entity-content milenia-aligner\">\n            <div class=\"milenia-aligner-outer\">\n                <div class=\"milenia-aligner-inner\">\n                    <header class=\"milenia-entity-header\">\n                        \n                        <h2 class=\"milenia-entity-title\">Nuestras Casitas<\/h2>\n\n                    <\/header>\n                    \n                    \n                <\/div>\n            <\/div>\n        <\/div>\n    <\/article>\n<\/div>\n<!--================ End of Info Boxes Item ================-->\n\n    <\/div>\n<\/div>\n<!--================ End of Info Boxes ================-->\n[\/vc_column][\/vc_row][vc_row gap=&#8221;35&#8243; content_placement=&#8221;middle&#8221; css=&#8221;.vc_custom_1663582432769{margin-right: 40px !important;margin-bottom: 50px !important;margin-left: 40px !important;border-top-width: 20px !important;padding-bottom: 0px !important;}&#8221;][vc_column width=&#8221;1\/2&#8243;][vc_images_carousel images=&#8221;15291,15287,15283,15279,15275&#8243; img_size=&#8221;full&#8221; onclick=&#8221;link_no&#8221; speed=&#8221;4000&#8243; autoplay=&#8221;yes&#8221; hide_pagination_control=&#8221;yes&#8221; partial_view=&#8221;yes&#8221; wrap=&#8221;yes&#8221;][\/vc_column][vc_column width=&#8221;1\/2&#8243;][vc_custom_heading text=&#8221;Effort et D\u00e9vouement&#8221; font_container=&#8221;tag:h2|font_size:35px|text_align:left|color:%23000000|line_height:30px&#8221; google_fonts=&#8221;font_family:Playfair%20Display%3Aregular%2Citalic%2C700%2C700italic%2C900%2C900italic|font_style:400%20regular%3A400%3Anormal&#8221; css=&#8221;.vc_custom_1663582410206{margin-bottom: 20px !important;}&#8221;][vc_column_text]Ce ne fut pas facile. Derri\u00e8re le r\u00e9sultat final des <strong>CASITAS DE LA SIERRA<\/strong>, il y a de nombreuses heures de travail et d&#8217;effort, bas\u00e9es sur l&#8217;enthousiasme et sur le d\u00e9sir d&#8217;offrir un environnement unique, un havre de paix et de d\u00e9connexion&#8230;[\/vc_column_text][\/vc_column][\/vc_row][vc_row content_placement=&#8221;middle&#8221; css=&#8221;.vc_custom_1660646153413{margin-right: 40px !important;margin-bottom: 50px !important;margin-left: 40px !important;border-top-width: 20px !important;padding-bottom: 0px !important;}&#8221;][vc_column][vc_custom_heading text=&#8221;~ Parce que vous rendre heureux est notre principal objectif ~&#8221; font_container=&#8221;tag:h2|font_size:45px|text_align:center|color:%23000000|line_height:30px&#8221; google_fonts=&#8221;font_family:Playfair%20Display%3Aregular%2Citalic%2C700%2C700italic%2C900%2C900italic|font_style:400%20regular%3A400%3Anormal&#8221; css=&#8221;.vc_custom_1663583220914{margin-bottom: 20px !important;}&#8221;][vc_column_text]<\/p>\n<p style=\"text-align: center;\"><span style=\"color: #000000;\">Aujourd&#8217;hui, nous avons une mission que nous remplissons avec joie jour apr\u00e8s jour et nous vous la pr\u00e9sentons ci-dessous.<\/span><\/p>\n<p style=\"text-align: center;\"><span style=\"color: #000000;\">Offrir \u00e0 nos h\u00f4tes toute notre hospitalit\u00e9 dans une atmosph\u00e8re conviviale, les accueillir et prendre soin d&#8217;eux. Nous vous offrons un service sur mesure pour que vous puissiez profiter au maximum de votre s\u00e9jour \u00e0 LAS CASITAS DE LA SIERRA. Nous souhaitons contribuer \u00e0 votre d\u00e9tente et \u00e0 votre bien-\u00eatre afin que vous puissiez profiter, dans les meilleures conditions, de votre exp\u00e9rience dans ce coin de paradis et vous sentir comme chez vous. <\/span><\/p>\n<p>[\/vc_column_text][vc_separator el_width=&#8221;20&#8243; css=&#8221;.vc_custom_1660646085207{padding-top: 15px !important;padding-bottom: 25px !important;}&#8221;]<!--================ Testimonials ================-->\n<script>\n    (function($){\n        'use strict';\n\n        var $container, $grid, $bgImages, $noGridCarousel;\n\n        if(!$) return;\n\n        $(function() {\n            \/\/ Check all necessary modules have been included\n            if(!window.Milenia || !$.fn.jQueryImagesLoaded) return;\n\n            $container = $('#vc-milenia-testimonials-1ca7ab47acb5078011d8e4e86fee9d0a-17886739271271807044');\n            $bgImages = $container.find('[data-bg-image-src]');\n            $grid = $container.find('.milenia-grid.owl-carousel');\n            $noGridCarousel = $container.find('.milenia-testimonials-inner.owl-carousel');\n\n            if(!$container.length) return;\n\n            if(window.appear) {\n                appear({\n                    elements: function(){\n                        return document.querySelectorAll('#vc-milenia-testimonials-1ca7ab47acb5078011d8e4e86fee9d0a-17886739271271807044');\n                    },\n                    appear: function(element) {\n                        var $el = $(element);\n                        $el.addClass('milenia-visible').addClass($el.data('animation'));\n                    },\n                    reappear: false,\n                    bounds: -200\n                });\n            }\n\n            if ( $grid.length && Milenia.helpers && Milenia.helpers.gridOwl ) {\n\n\t            var autoplay_carousel = $container.data('autoplay'),\n\t                autoplay_timeout = $container.data('autoplaytimeout') ? $container.data('autoplaytimeout') : 3000;\n\n                $container.jQueryImagesLoaded().then(function(){\n                    Milenia.helpers.gridOwl.extendConfigFor('#vc-milenia-testimonials-1ca7ab47acb5078011d8e4e86fee9d0a-17886739271271807044', {\n                        nav: false,\n                        dots: true,\n                        startPosition: 1,\n\t                    autoplay: autoplay_carousel,\n\t                    autoplayTimeout: autoplay_timeout,\n                        loop: true\n                    });\n\n                    Milenia.helpers.gridOwl.add($grid);\n                });\n            } else if( $noGridCarousel.length && Milenia.helpers && Milenia.helpers.owlSettings && $.fn.owlCarousel ) {\n                $noGridCarousel.owlCarousel(Milenia.helpers.owlSettings({\n                    margin: 0,\n                    autoplay: true,\n                    loop: true,\n                    nav: false,\n                    dots: true\n                }));\n            }\n\n            if($bgImages.length && Milenia.helpers && Milenia.helpers.dynamicBgImage) {\n                Milenia.helpers.dynamicBgImage($bgImages);\n            }\n\n            if(Milenia.helpers.rating) {\n                Milenia.helpers.rating($('#vc-milenia-testimonials-1ca7ab47acb5078011d8e4e86fee9d0a-17886739271271807044 .milenia-rating:not(.milenia-rating--independent)'), {\n                    topLevelElements: null,\n                    bottomLevelElements: '<i class=\"icon icon-star\"><\/i>'\n                });\n            }\n\n            if(window.Milenia.LinkUnderliner) {\n                window.Milenia.LinkUnderliner.init($container.find('a'));\n            }\n        });\n    })(window.jQuery);\n<\/script>\n\n<div id=\"vc-milenia-testimonials-1ca7ab47acb5078011d8e4e86fee9d0a-17886739271271807044\" class=\"milenia-testimonials milenia-testimonials--style-1  milenia-visible\" data-autoplay=\"true\" data-autoplaytimeout=\"5000\" data-animation=\"none\" data-css-row=\"\">\n    <div class=\"milenia-grid milenia-grid--cols-1 milenia-grid--shortcode owl-carousel\">\n        \n<div class=\"milenia-grid-item post-15339 milenia-testimonials type-milenia-testimonials status-publish hentry\">\n\t<!--================ Testimonial ================-->\n\t<div class=\"milenia-testimonial\">\n\t\t\t\t\t<div data-estimate=\"5\" class=\"milenia-rating milenia-text-color--primary\" ><\/div>\n\t\t\n\t\t<blockquote aria-labelledby=\"testimonial-cite-vc-milenia-testimonials-1ca7ab47acb5078011d8e4e86fee9d0a-1788673927127180704415339\" class=\"milenia-blockquote--unstyled milenia-text-color--darkest\" >\n\t\t\t<p>Brigitte y Pedro son unos anfitriones excelentes, muy amables y atentos. Las casitas est\u00e1n perfectamente equipadas, incluso con barbacoa particular. Cada habitaci\u00f3n y el sal\u00f3n tiene adem\u00e1s su propio calefactor. A destacar la limpieza de la casa y lo c\u00f3modas que son las camas y el sof\u00e1. Las vistas desde las casitas son espectaculares y se respira much\u00edsima tranquilidad. Montejaque es un pueblo muy bonito y acogedor y las vistas del mirador son impresionantes. Adem\u00e1s la ubicaci\u00f3n de las casitas es ideal para visitar otros enclaves como la cueva del gato, la cueva de la Pileta, Grazalema, etc. El complejo de las casitas cuenta adem\u00e1s con parking, parque infantil, piscina, jard\u00edn, servicio de restauraci\u00f3n y barbacoa comunitaria. Todo est\u00e1 muy bien cuidado e iluminado por la noche. Adem\u00e1s nos encant\u00f3 que las casitas sean &#8216;pet friendly&#8217;. Nuestra perrita disfrut\u00f3 tanto o m\u00e1s de las vacaciones que nosotros. Sin duda, recomiendo 100% \ud83d\udc4d\ud83c\udffb\ud83d\ude09<\/p>\n\t\t<\/blockquote>\n\t\t<footer class=\"milenia-author\">\n\t\t\t\n\t\t\t<div class=\"milenia-author-info\">\n\t\t\t\t<cite id=\"testimonial-cite-vc-milenia-testimonials-1ca7ab47acb5078011d8e4e86fee9d0a-1788673927127180704415339\" >\n\t\t\t\t\t<a href=\"https:\/\/casitasdelasierra.com\/fr\/testimonials\/victoria-chamorro\/\" class=\"milenia-ln--independent\">Victoria Chamorro<\/a>\n\t\t\t\t<\/cite>\n\n\t\t\t\t\t\t\t\t\t\t\t\t\t\t\t<a href=\"https:\/\/www.google.com\/maps\/contrib\/102213550543956265285\/reviews?_ga=2.79480980.1428793125.1661413926-1404987074.1638862585\" rel=\"nofollow\" target=\"_blank\" class=\"milenia-testimonial-service milenia-ln--independent\">\n\t\t\t\t\t\t\t\t\t\t\t<img loading=\"lazy\" decoding=\"async\" width=\"150\" height=\"70\" src=\"https:\/\/casitasdelasierra.com\/wp-content\/uploads\/2022\/10\/Google_MyBusiness.png\" class=\"attachment-medium size-medium\" alt=\"\" \/>\t\t\t\t\t\t\t\t\t\t\t<\/a>\n\t\t\t\t\t\t\t\t\t\t\t\t<\/div>\n\t\t<\/footer>\n\t<\/div>\n\t<!--================ End of Testimonial ================-->\n<\/div>\n\n<div class=\"milenia-grid-item post-15337 milenia-testimonials type-milenia-testimonials status-publish hentry\">\n\t<!--================ Testimonial ================-->\n\t<div class=\"milenia-testimonial\">\n\t\t\t\t\t<div data-estimate=\"5\" class=\"milenia-rating milenia-text-color--primary\" ><\/div>\n\t\t\n\t\t<blockquote aria-labelledby=\"testimonial-cite-vc-milenia-testimonials-1ca7ab47acb5078011d8e4e86fee9d0a-1788673927127180704415337\" class=\"milenia-blockquote--unstyled milenia-text-color--darkest\" >\n\t\t\t<p>Un lugar perfecto para desconectar y para crear los mejores recuerdos posibles en familia. El cari\u00f1o que Brigitte y Pedro han puesto y siguen poniendo en este complejo se nota en casa peque\u00f1o detalle, desde la decoraci\u00f3n de las casitas, al cuidado de las preciosas zonas comunes, y sobre todo en el delicado empe\u00f1o que ponen en hacer de tu estancia algo inolvidable. Gracias a los dos por unos d\u00edas que nuestra familia siempre llevar\u00e1 en el coraz\u00f3n<\/p>\n\t\t<\/blockquote>\n\t\t<footer class=\"milenia-author\">\n\t\t\t\n\t\t\t<div class=\"milenia-author-info\">\n\t\t\t\t<cite id=\"testimonial-cite-vc-milenia-testimonials-1ca7ab47acb5078011d8e4e86fee9d0a-1788673927127180704415337\" >\n\t\t\t\t\t<a href=\"https:\/\/casitasdelasierra.com\/fr\/testimonials\/jorge-parody-garcia\/\" class=\"milenia-ln--independent\">Jorge Parody Garc\u00eda<\/a>\n\t\t\t\t<\/cite>\n\n\t\t\t\t\t\t\t\t\t\t\t\t\t\t\t<a href=\"https:\/\/www.google.com\/maps\/contrib\/102570268813518503730\/reviews\/@37.0812079,-5.4841305,10z\" rel=\"nofollow\" target=\"_blank\" class=\"milenia-testimonial-service milenia-ln--independent\">\n\t\t\t\t\t\t\t\t\t\t\t<img loading=\"lazy\" decoding=\"async\" width=\"150\" height=\"70\" src=\"https:\/\/casitasdelasierra.com\/wp-content\/uploads\/2022\/10\/Google_MyBusiness.png\" class=\"attachment-medium size-medium\" alt=\"\" \/>\t\t\t\t\t\t\t\t\t\t\t<\/a>\n\t\t\t\t\t\t\t\t\t\t\t\t<\/div>\n\t\t<\/footer>\n\t<\/div>\n\t<!--================ End of Testimonial ================-->\n<\/div>\n\n<div class=\"milenia-grid-item post-15335 milenia-testimonials type-milenia-testimonials status-publish hentry\">\n\t<!--================ Testimonial ================-->\n\t<div class=\"milenia-testimonial\">\n\t\t\t\t\t<div data-estimate=\"5\" class=\"milenia-rating milenia-text-color--primary\" ><\/div>\n\t\t\n\t\t<blockquote aria-labelledby=\"testimonial-cite-vc-milenia-testimonials-1ca7ab47acb5078011d8e4e86fee9d0a-1788673927127180704415335\" class=\"milenia-blockquote--unstyled milenia-text-color--darkest\" >\n\t\t\t<p>No puedo poner m\u00e1s estrellas porque Google no me deja. Tuvimos una gran experiencia. Predro y Brigitte los mejores anfitriones. El lugar hermoso, pensado hasta el m\u00e1s m\u00ednimo detalle. Las casitas sencillas pero s\u00faper completas. Cama king size comod\u00edsima. La habitaci\u00f3n con balc\u00f3n con vistas hermosas. Barbacoa de uso com\u00fan. No pod\u00edamos pedir m\u00e1s. Fuimos en Abril, el jard\u00edn estaba lleno de flores y el aroma de los jazmines y azahares nos perfumaron la estancia. Esperamos repetir pronto.<\/p>\n\t\t<\/blockquote>\n\t\t<footer class=\"milenia-author\">\n\t\t\t\n\t\t\t<div class=\"milenia-author-info\">\n\t\t\t\t<cite id=\"testimonial-cite-vc-milenia-testimonials-1ca7ab47acb5078011d8e4e86fee9d0a-1788673927127180704415335\" >\n\t\t\t\t\t<a href=\"https:\/\/casitasdelasierra.com\/fr\/testimonials\/mariela-ines-sosa\/\" class=\"milenia-ln--independent\">Mariela Ines Sosa<\/a>\n\t\t\t\t<\/cite>\n\n\t\t\t\t\t\t\t\t\t\t\t\t\t\t\t<a href=\"https:\/\/www.google.com\/maps\/contrib\/112742264081194092420\/reviews\" rel=\"nofollow\" target=\"_blank\" class=\"milenia-testimonial-service milenia-ln--independent\">\n\t\t\t\t\t\t\t\t\t\t\t<img loading=\"lazy\" decoding=\"async\" width=\"150\" height=\"70\" src=\"https:\/\/casitasdelasierra.com\/wp-content\/uploads\/2022\/10\/Google_MyBusiness.png\" class=\"attachment-medium size-medium\" alt=\"\" \/>\t\t\t\t\t\t\t\t\t\t\t<\/a>\n\t\t\t\t\t\t\t\t\t\t\t\t<\/div>\n\t\t<\/footer>\n\t<\/div>\n\t<!--================ End of Testimonial ================-->\n<\/div>\n\n<div class=\"milenia-grid-item post-15334 milenia-testimonials type-milenia-testimonials status-publish hentry\">\n\t<!--================ Testimonial ================-->\n\t<div class=\"milenia-testimonial\">\n\t\t\t\t\t<div data-estimate=\"5\" class=\"milenia-rating milenia-text-color--primary\" ><\/div>\n\t\t\n\t\t<blockquote aria-labelledby=\"testimonial-cite-vc-milenia-testimonials-1ca7ab47acb5078011d8e4e86fee9d0a-1788673927127180704415334\" class=\"milenia-blockquote--unstyled milenia-text-color--darkest\" >\n\t\t\t<p>Fue un aut\u00e9ntico descubrimiento encontrar este alojamiento tan bonito y con todos los detalles para pasarlo bien toda la familia, piscina impoluta, parque de columpios para los peques&#8230;. sitio con un entorno incomparable tanto para la bici, el senderismo, el trail running o si eres motero y buscas un sitio de descanso y desconexi\u00f3n. La limpieza y lo bien cuidado que tiene todo merecen especial menci\u00f3n, as\u00ed como la atenci\u00f3n y amabilidad exquisita que dispensan a sus anfitriones, los due\u00f1os de las casas Brigitte y Pedro.<\/p>\n\t\t<\/blockquote>\n\t\t<footer class=\"milenia-author\">\n\t\t\t\n\t\t\t<div class=\"milenia-author-info\">\n\t\t\t\t<cite id=\"testimonial-cite-vc-milenia-testimonials-1ca7ab47acb5078011d8e4e86fee9d0a-1788673927127180704415334\" >\n\t\t\t\t\t<a href=\"https:\/\/casitasdelasierra.com\/fr\/testimonials\/crisarpe\/\" class=\"milenia-ln--independent\">CRISARPE<\/a>\n\t\t\t\t<\/cite>\n\n\t\t\t\t\t\t\t\t\t\t\t\t\t\t\t<a href=\"https:\/\/www.google.com\/maps\/contrib\/100367455650926709880\/reviews?_ga=2.42437669.1428793125.1661413926-1404987074.1638862585\" rel=\"nofollow\" target=\"_blank\" class=\"milenia-testimonial-service milenia-ln--independent\">\n\t\t\t\t\t\t\t\t\t\t\t<img loading=\"lazy\" decoding=\"async\" width=\"150\" height=\"70\" src=\"https:\/\/casitasdelasierra.com\/wp-content\/uploads\/2022\/10\/Google_MyBusiness.png\" class=\"attachment-medium size-medium\" alt=\"\" \/>\t\t\t\t\t\t\t\t\t\t\t<\/a>\n\t\t\t\t\t\t\t\t\t\t\t\t<\/div>\n\t\t<\/footer>\n\t<\/div>\n\t<!--================ End of Testimonial ================-->\n<\/div>\n\n<div class=\"milenia-grid-item post-15333 milenia-testimonials type-milenia-testimonials status-publish hentry\">\n\t<!--================ Testimonial ================-->\n\t<div class=\"milenia-testimonial\">\n\t\t\t\t\t<div data-estimate=\"5\" class=\"milenia-rating milenia-text-color--primary\" ><\/div>\n\t\t\n\t\t<blockquote aria-labelledby=\"testimonial-cite-vc-milenia-testimonials-1ca7ab47acb5078011d8e4e86fee9d0a-1788673927127180704415333\" class=\"milenia-blockquote--unstyled milenia-text-color--darkest\" >\n\t\t\t<p>Nuestra experiencia fue maravillosa. Es un lugar donde se respira paz y mucha tranquilidad, Brigitte y Pedro son anfitriones extraordinarios que hacen posible una estancia muy especial. Fuimos con nuestras ni\u00f1as y disfrutaron much\u00edsimo la casita de madera. En resumidas, para mi es un lugar ESPECIAL!<\/p>\n\t\t<\/blockquote>\n\t\t<footer class=\"milenia-author\">\n\t\t\t\n\t\t\t<div class=\"milenia-author-info\">\n\t\t\t\t<cite id=\"testimonial-cite-vc-milenia-testimonials-1ca7ab47acb5078011d8e4e86fee9d0a-1788673927127180704415333\" >\n\t\t\t\t\t<a href=\"https:\/\/casitasdelasierra.com\/fr\/testimonials\/edily-rodriguez\/\" class=\"milenia-ln--independent\">Edily Rodriguez<\/a>\n\t\t\t\t<\/cite>\n\n\t\t\t\t\t\t\t\t\t\t\t\t\t\t\t<a href=\"https:\/\/www.google.com\/maps\/contrib\/102795384920493941809\/reviews\/@37.0629277,-5.6232787,10z\/data=!3m1!4b1!4m3!8m2!3m1!1e1\" rel=\"nofollow\" target=\"_blank\" class=\"milenia-testimonial-service milenia-ln--independent\">\n\t\t\t\t\t\t\t\t\t\t\t<img loading=\"lazy\" decoding=\"async\" width=\"150\" height=\"70\" src=\"https:\/\/casitasdelasierra.com\/wp-content\/uploads\/2022\/10\/Google_MyBusiness.png\" class=\"attachment-medium size-medium\" alt=\"\" \/>\t\t\t\t\t\t\t\t\t\t\t<\/a>\n\t\t\t\t\t\t\t\t\t\t\t\t<\/div>\n\t\t<\/footer>\n\t<\/div>\n\t<!--================ End of Testimonial ================-->\n<\/div>\n\n<div class=\"milenia-grid-item post-15332 milenia-testimonials type-milenia-testimonials status-publish hentry\">\n\t<!--================ Testimonial ================-->\n\t<div class=\"milenia-testimonial\">\n\t\t\t\t\t<div data-estimate=\"5\" class=\"milenia-rating milenia-text-color--primary\" ><\/div>\n\t\t\n\t\t<blockquote aria-labelledby=\"testimonial-cite-vc-milenia-testimonials-1ca7ab47acb5078011d8e4e86fee9d0a-1788673927127180704415332\" class=\"milenia-blockquote--unstyled milenia-text-color--darkest\" >\n\t\t\t<p>El lugar precioso. Cercano para poder hacer la ruta por los pueblos blancos y a la vez descansar rodeadas de la naturaleza. Un lujo levantarse con las vistas de las monta\u00f1as y el sonido de los p\u00e1jaros.la casa muy acogedora.las camas muy c\u00f3modas y los due\u00f1os muy atentos a lo que necesitabamos. Dispone de un buen parking, y en el pueblo encuentras de todo.la pena no haber tenido m\u00e1s d\u00edas para disfrutarlo. Seguir cuid\u00e1ndolo as\u00ed.<\/p>\n\t\t<\/blockquote>\n\t\t<footer class=\"milenia-author\">\n\t\t\t\n\t\t\t<div class=\"milenia-author-info\">\n\t\t\t\t<cite id=\"testimonial-cite-vc-milenia-testimonials-1ca7ab47acb5078011d8e4e86fee9d0a-1788673927127180704415332\" >\n\t\t\t\t\t<a href=\"https:\/\/casitasdelasierra.com\/fr\/testimonials\/edurne-silvestre\/\" class=\"milenia-ln--independent\">Edurne Silvestre<\/a>\n\t\t\t\t<\/cite>\n\n\t\t\t\t\t\t\t\t\t\t\t\t\t\t\t<a href=\"https:\/\/www.google.com\/maps\/contrib\/108636921268594021635\/reviews\" rel=\"nofollow\" target=\"_blank\" class=\"milenia-testimonial-service milenia-ln--independent\">\n\t\t\t\t\t\t\t\t\t\t\t<img loading=\"lazy\" decoding=\"async\" width=\"150\" height=\"70\" src=\"https:\/\/casitasdelasierra.com\/wp-content\/uploads\/2022\/10\/Google_MyBusiness.png\" class=\"attachment-medium size-medium\" alt=\"\" \/>\t\t\t\t\t\t\t\t\t\t\t<\/a>\n\t\t\t\t\t\t\t\t\t\t\t\t<\/div>\n\t\t<\/footer>\n\t<\/div>\n\t<!--================ End of Testimonial ================-->\n<\/div>\n\n<div class=\"milenia-grid-item post-15331 milenia-testimonials type-milenia-testimonials status-publish hentry\">\n\t<!--================ Testimonial ================-->\n\t<div class=\"milenia-testimonial\">\n\t\t\t\t\t<div data-estimate=\"5\" class=\"milenia-rating milenia-text-color--primary\" ><\/div>\n\t\t\n\t\t<blockquote aria-labelledby=\"testimonial-cite-vc-milenia-testimonials-1ca7ab47acb5078011d8e4e86fee9d0a-1788673927127180704415331\" class=\"milenia-blockquote--unstyled milenia-text-color--darkest\" >\n\t\t\t<p>Excelente, trato perfecto, entramos a las 15:00 h y nos estaban esperando con una sonrisa y mucha amabilidad, nos guiaron por el complejo, la casita que hab\u00edamos reservado, NOS ENCANT\u00d3, la limpieza de todo el complejo y a\u00fan m\u00e1s la casita pero SOBRE TODO, respecto al trato extremadamente amable, considerado y gentil de Pedro y Brigitte. Lo pasamos s\u00faper bien en un entorno espectacular tranquilo y relajado la piscina impecable. A sido todo muy agradable. Sin duda volveremos esta vez con una m\u00e1s en la familia. Gracias por la atenci\u00f3n y cari\u00f1o que nos hab\u00e9is dado Pedro y Brigitte. Decir que Montejaque y sus vecinos en general son espectaculares.<\/p>\n\t\t<\/blockquote>\n\t\t<footer class=\"milenia-author\">\n\t\t\t\n\t\t\t<div class=\"milenia-author-info\">\n\t\t\t\t<cite id=\"testimonial-cite-vc-milenia-testimonials-1ca7ab47acb5078011d8e4e86fee9d0a-1788673927127180704415331\" >\n\t\t\t\t\t<a href=\"https:\/\/casitasdelasierra.com\/fr\/testimonials\/david-rodriguez\/\" class=\"milenia-ln--independent\">David Rodr\u00edguez<\/a>\n\t\t\t\t<\/cite>\n\n\t\t\t\t\t\t\t\t\t\t\t\t\t\t\t<a href=\"https:\/\/www.google.com\/maps\/contrib\/114279835025397141074\/reviews?_ga=2.113107076.1428793125.1661413926-1404987074.1638862585\" rel=\"nofollow\" target=\"_blank\" class=\"milenia-testimonial-service milenia-ln--independent\">\n\t\t\t\t\t\t\t\t\t\t\t<img loading=\"lazy\" decoding=\"async\" width=\"150\" height=\"70\" src=\"https:\/\/casitasdelasierra.com\/wp-content\/uploads\/2022\/10\/Google_MyBusiness.png\" class=\"attachment-medium size-medium\" alt=\"\" \/>\t\t\t\t\t\t\t\t\t\t\t<\/a>\n\t\t\t\t\t\t\t\t\t\t\t\t<\/div>\n\t\t<\/footer>\n\t<\/div>\n\t<!--================ End of Testimonial ================-->\n<\/div>\n\n<div class=\"milenia-grid-item post-15330 milenia-testimonials type-milenia-testimonials status-publish hentry\">\n\t<!--================ Testimonial ================-->\n\t<div class=\"milenia-testimonial\">\n\t\t\t\t\t<div data-estimate=\"5\" class=\"milenia-rating milenia-text-color--primary\" ><\/div>\n\t\t\n\t\t<blockquote aria-labelledby=\"testimonial-cite-vc-milenia-testimonials-1ca7ab47acb5078011d8e4e86fee9d0a-1788673927127180704415330\" class=\"milenia-blockquote--unstyled milenia-text-color--darkest\" >\n\t\t\t<p>Una gran sorpresa. El mejor sitio para desconectar. S\u00f3lo se oyen los p\u00e1jaros y est\u00e1s rodeado por las monta\u00f1as calizas por donde a veces se asoman aves, cabras incluso alg\u00fan ciervo&#8230; El jard\u00edn es precioso, la piscina con las vistas m\u00e1s bonitas. Muy accesible y cerca de mil rutas. El pueblo es una maravilla&#8230;, y lo mejor Brigitte y Pedro y su mimo en todo lo que hacen. Nos hemos quedado con ganas de m\u00e1s&#8230;Gracias por todo\ud83d\ude0a\ud83d\ude0a\ud83d\ude0a<\/p>\n\t\t<\/blockquote>\n\t\t<footer class=\"milenia-author\">\n\t\t\t\n\t\t\t<div class=\"milenia-author-info\">\n\t\t\t\t<cite id=\"testimonial-cite-vc-milenia-testimonials-1ca7ab47acb5078011d8e4e86fee9d0a-1788673927127180704415330\" >\n\t\t\t\t\t<a href=\"https:\/\/casitasdelasierra.com\/fr\/testimonials\/inma-del-arbol-medialdea\/\" class=\"milenia-ln--independent\">Inma del \u00c1rbol Medialdea<\/a>\n\t\t\t\t<\/cite>\n\n\t\t\t\t\t\t\t\t\t\t\t\t\t\t\t<a href=\"https:\/\/www.google.com\/maps\/contrib\/100586505454242173626\/reviews?_ga=2.12362548.1428793125.1661413926-1404987074.1638862585\" rel=\"nofollow\" target=\"_blank\" class=\"milenia-testimonial-service milenia-ln--independent\">\n\t\t\t\t\t\t\t\t\t\t\t<img loading=\"lazy\" decoding=\"async\" width=\"150\" height=\"70\" src=\"https:\/\/casitasdelasierra.com\/wp-content\/uploads\/2022\/10\/Google_MyBusiness.png\" class=\"attachment-medium size-medium\" alt=\"\" \/>\t\t\t\t\t\t\t\t\t\t\t<\/a>\n\t\t\t\t\t\t\t\t\t\t\t\t<\/div>\n\t\t<\/footer>\n\t<\/div>\n\t<!--================ End of Testimonial ================-->\n<\/div>\n\n<div class=\"milenia-grid-item post-15329 milenia-testimonials type-milenia-testimonials status-publish hentry\">\n\t<!--================ Testimonial ================-->\n\t<div class=\"milenia-testimonial\">\n\t\t\t\t\t<div data-estimate=\"5\" class=\"milenia-rating milenia-text-color--primary\" ><\/div>\n\t\t\n\t\t<blockquote aria-labelledby=\"testimonial-cite-vc-milenia-testimonials-1ca7ab47acb5078011d8e4e86fee9d0a-1788673927127180704415329\" class=\"milenia-blockquote--unstyled milenia-text-color--darkest\" >\n\t\t\t<p>Las casitas son un lugar m\u00e1gico para descansar, relajarte y disfrutar de la Naturaleza y la paz. Unas camas comod\u00edsimas, piscina, instalaciones muy limpias, barbacoa, todo rodeado de monta\u00f1as y un jard\u00edn cuyas fragancias invitan a unas vacaciones en armon\u00eda. Un destino para vivir en pareja, familia, con amigos. Pedro y Brigitte dos anfitriones acogedores que ayudan en lo posible y Montejaque, un destino para descubrir.<\/p>\n\t\t<\/blockquote>\n\t\t<footer class=\"milenia-author\">\n\t\t\t\n\t\t\t<div class=\"milenia-author-info\">\n\t\t\t\t<cite id=\"testimonial-cite-vc-milenia-testimonials-1ca7ab47acb5078011d8e4e86fee9d0a-1788673927127180704415329\" >\n\t\t\t\t\t<a href=\"https:\/\/casitasdelasierra.com\/fr\/testimonials\/maria-montes-de-oca\/\" class=\"milenia-ln--independent\">Mar\u00eda Montes de Oca<\/a>\n\t\t\t\t<\/cite>\n\n\t\t\t\t\t\t\t\t\t\t\t\t\t\t\t<a href=\"https:\/\/www.google.com\/maps\/contrib\/110583096694608526617\/reviews?_ga=2.88393115.1428793125.1661413926-1404987074.1638862585\" rel=\"nofollow\" target=\"_blank\" class=\"milenia-testimonial-service milenia-ln--independent\">\n\t\t\t\t\t\t\t\t\t\t\t<img loading=\"lazy\" decoding=\"async\" width=\"150\" height=\"70\" src=\"https:\/\/casitasdelasierra.com\/wp-content\/uploads\/2022\/10\/Google_MyBusiness.png\" class=\"attachment-medium size-medium\" alt=\"\" \/>\t\t\t\t\t\t\t\t\t\t\t<\/a>\n\t\t\t\t\t\t\t\t\t\t\t\t<\/div>\n\t\t<\/footer>\n\t<\/div>\n\t<!--================ End of Testimonial ================-->\n<\/div>\n\n<div class=\"milenia-grid-item post-15327 milenia-testimonials type-milenia-testimonials status-publish hentry\">\n\t<!--================ Testimonial ================-->\n\t<div class=\"milenia-testimonial\">\n\t\t\t\t\t<div data-estimate=\"5\" class=\"milenia-rating milenia-text-color--primary\" ><\/div>\n\t\t\n\t\t<blockquote aria-labelledby=\"testimonial-cite-vc-milenia-testimonials-1ca7ab47acb5078011d8e4e86fee9d0a-1788673927127180704415327\" class=\"milenia-blockquote--unstyled milenia-text-color--darkest\" >\n\t\t\t<p>Hola! Yo estuve en Las casitas de la Sierra, este julio 2022. Y me enamor\u00e9 del lugar. Es \u00edntimo, m\u00e1gico y sus alrededores son sublimes. Donde posas la mirada la naturaleza te envuelve, las paredes de la sierra te hechizan, las aves juegan contigo, y la brisa te abraza para ser parte de todo este maravilloso espect\u00e1culo. Los due\u00f1os de Las Casitas son encantadores, y muy atentos con lo que uno necesite. Sus jardines y alberca invitan al descanso y contemplaci\u00f3n. Estuve de visita con mi hija, una amiga y su hija. Y solo pienso en volver a Las casitas. Gracias<\/p>\n\t\t<\/blockquote>\n\t\t<footer class=\"milenia-author\">\n\t\t\t\n\t\t\t<div class=\"milenia-author-info\">\n\t\t\t\t<cite id=\"testimonial-cite-vc-milenia-testimonials-1ca7ab47acb5078011d8e4e86fee9d0a-1788673927127180704415327\" >\n\t\t\t\t\t<a href=\"https:\/\/casitasdelasierra.com\/fr\/testimonials\/lyca-prestino\/\" class=\"milenia-ln--independent\">lyca prestino<\/a>\n\t\t\t\t<\/cite>\n\n\t\t\t\t\t\t\t\t\t\t\t\t\t\t\t<a href=\"https:\/\/www.google.com\/maps\/contrib\/104442314662340442290\/reviews\/@36.7350598,-5.250122,17z\/data=!3m1!4b1!4m3!8m2!3m1!1e1\" rel=\"nofollow\" target=\"_blank\" class=\"milenia-testimonial-service milenia-ln--independent\">\n\t\t\t\t\t\t\t\t\t\t\t<img loading=\"lazy\" decoding=\"async\" width=\"150\" height=\"70\" src=\"https:\/\/casitasdelasierra.com\/wp-content\/uploads\/2022\/10\/Google_MyBusiness.png\" class=\"attachment-medium size-medium\" alt=\"\" \/>\t\t\t\t\t\t\t\t\t\t\t<\/a>\n\t\t\t\t\t\t\t\t\t\t\t\t<\/div>\n\t\t<\/footer>\n\t<\/div>\n\t<!--================ End of Testimonial ================-->\n<\/div>\n\n<div class=\"milenia-grid-item post-15325 milenia-testimonials type-milenia-testimonials status-publish hentry\">\n\t<!--================ Testimonial ================-->\n\t<div class=\"milenia-testimonial\">\n\t\t\t\t\t<div data-estimate=\"5\" class=\"milenia-rating milenia-text-color--primary\" ><\/div>\n\t\t\n\t\t<blockquote aria-labelledby=\"testimonial-cite-vc-milenia-testimonials-1ca7ab47acb5078011d8e4e86fee9d0a-1788673927127180704415325\" class=\"milenia-blockquote--unstyled milenia-text-color--darkest\" >\n\t\t\t<p>Las casitas tienen un ambiente muy agradable para disfrutar con tu familia. Muy limpio todo y c\u00f3modas las camas. La zona com\u00fan estupenda con una zona de columpios para los ni\u00f1os y la piscina. Se puede ir al pueblo caminando si quieres comprar algo que necesites. Los anfitriones muy agradables . Muchas gracias a los dos.<\/p>\n\t\t<\/blockquote>\n\t\t<footer class=\"milenia-author\">\n\t\t\t\n\t\t\t<div class=\"milenia-author-info\">\n\t\t\t\t<cite id=\"testimonial-cite-vc-milenia-testimonials-1ca7ab47acb5078011d8e4e86fee9d0a-1788673927127180704415325\" >\n\t\t\t\t\t<a href=\"https:\/\/casitasdelasierra.com\/fr\/testimonials\/maria-jose-candela\/\" class=\"milenia-ln--independent\">Mar\u00eda Jos\u00e9 Candela<\/a>\n\t\t\t\t<\/cite>\n\n\t\t\t\t\t\t\t\t\t\t\t\t\t\t\t<a href=\"https:\/\/www.google.com\/maps\/contrib\/110833130457678684267\/reviews\/@38.1370108,-5.2618509,7z\/data=!3m1!4b1!4m3!8m2!3m1!1e1\" rel=\"nofollow\" target=\"_blank\" class=\"milenia-testimonial-service milenia-ln--independent\">\n\t\t\t\t\t\t\t\t\t\t\t<img loading=\"lazy\" decoding=\"async\" width=\"150\" height=\"70\" src=\"https:\/\/casitasdelasierra.com\/wp-content\/uploads\/2022\/10\/Google_MyBusiness.png\" class=\"attachment-medium size-medium\" alt=\"\" \/>\t\t\t\t\t\t\t\t\t\t\t<\/a>\n\t\t\t\t\t\t\t\t\t\t\t\t<\/div>\n\t\t<\/footer>\n\t<\/div>\n\t<!--================ End of Testimonial ================-->\n<\/div>\n\n<div class=\"milenia-grid-item post-15324 milenia-testimonials type-milenia-testimonials status-publish hentry\">\n\t<!--================ Testimonial ================-->\n\t<div class=\"milenia-testimonial\">\n\t\t\t\t\t<div data-estimate=\"5\" class=\"milenia-rating milenia-text-color--primary\" ><\/div>\n\t\t\n\t\t<blockquote aria-labelledby=\"testimonial-cite-vc-milenia-testimonials-1ca7ab47acb5078011d8e4e86fee9d0a-1788673927127180704415324\" class=\"milenia-blockquote--unstyled milenia-text-color--darkest\" >\n\t\t\t<p>Ha sido un gran acierto elegir Las Casitas de la Sierra para pasar unos d\u00edas de vacaciones, es un entorno natural precioso . Las casas est\u00e1n muy bien equipadas y acondicionadas. Con una excelente decoraci\u00f3n. Est\u00e1 todo nuevo. Pedro y Brigitte, son encantadores, y dispuestos para ayudar e informar en cualquier momento. Muy recomendable.<\/p>\n\t\t<\/blockquote>\n\t\t<footer class=\"milenia-author\">\n\t\t\t\n\t\t\t<div class=\"milenia-author-info\">\n\t\t\t\t<cite id=\"testimonial-cite-vc-milenia-testimonials-1ca7ab47acb5078011d8e4e86fee9d0a-1788673927127180704415324\" >\n\t\t\t\t\t<a href=\"https:\/\/casitasdelasierra.com\/fr\/testimonials\/ramon-rueda\/\" class=\"milenia-ln--independent\">Ram\u00f3n Rueda<\/a>\n\t\t\t\t<\/cite>\n\n\t\t\t\t\t\t\t\t\t\t\t\t\t\t\t<a href=\"https:\/\/www.google.com\/maps\/contrib\/101733267437491621018\/reviews?_ga=2.203818512.1686041496.1661758906-1404987074.1638862585\" rel=\"nofollow\" target=\"_blank\" class=\"milenia-testimonial-service milenia-ln--independent\">\n\t\t\t\t\t\t\t\t\t\t\t<img loading=\"lazy\" decoding=\"async\" width=\"150\" height=\"70\" src=\"https:\/\/casitasdelasierra.com\/wp-content\/uploads\/2022\/10\/Google_MyBusiness.png\" class=\"attachment-medium size-medium\" alt=\"\" \/>\t\t\t\t\t\t\t\t\t\t\t<\/a>\n\t\t\t\t\t\t\t\t\t\t\t\t<\/div>\n\t\t<\/footer>\n\t<\/div>\n\t<!--================ End of Testimonial ================-->\n<\/div>\n\n<div class=\"milenia-grid-item post-15323 milenia-testimonials type-milenia-testimonials status-publish hentry\">\n\t<!--================ Testimonial ================-->\n\t<div class=\"milenia-testimonial\">\n\t\t\t\t\t<div data-estimate=\"5\" class=\"milenia-rating milenia-text-color--primary\" ><\/div>\n\t\t\n\t\t<blockquote aria-labelledby=\"testimonial-cite-vc-milenia-testimonials-1ca7ab47acb5078011d8e4e86fee9d0a-1788673927127180704415323\" class=\"milenia-blockquote--unstyled milenia-text-color--darkest\" >\n\t\t\t<p>Buenas Tardes. Excelente alojamiento, rodeado de naturaleza. Limpio, bonito, agradable, una maravilla. Brigritte y Pedro, dos anfitriones excepcionales. Hemos estado muy a gusto . Enhorabuena por vuestro para\u00edso, Ricardo.<\/p>\n\t\t<\/blockquote>\n\t\t<footer class=\"milenia-author\">\n\t\t\t\n\t\t\t<div class=\"milenia-author-info\">\n\t\t\t\t<cite id=\"testimonial-cite-vc-milenia-testimonials-1ca7ab47acb5078011d8e4e86fee9d0a-1788673927127180704415323\" >\n\t\t\t\t\t<a href=\"https:\/\/casitasdelasierra.com\/fr\/testimonials\/ricardo-nunez-garcia\/\" class=\"milenia-ln--independent\">Ricardo Nu\u00f1ez Garcia<\/a>\n\t\t\t\t<\/cite>\n\n\t\t\t\t\t\t\t\t\t\t\t\t\t\t\t<a href=\"https:\/\/www.google.com\/maps\/contrib\/103747375996045794345\/reviews\/@39.6153274,-6.0811789,7z\/data=!3m1!4b1!4m3!8m2!3m1!1e1\" rel=\"nofollow\" target=\"_blank\" class=\"milenia-testimonial-service milenia-ln--independent\">\n\t\t\t\t\t\t\t\t\t\t\t<img loading=\"lazy\" decoding=\"async\" width=\"150\" height=\"70\" src=\"https:\/\/casitasdelasierra.com\/wp-content\/uploads\/2022\/10\/Google_MyBusiness.png\" class=\"attachment-medium size-medium\" alt=\"\" \/>\t\t\t\t\t\t\t\t\t\t\t<\/a>\n\t\t\t\t\t\t\t\t\t\t\t\t<\/div>\n\t\t<\/footer>\n\t<\/div>\n\t<!--================ End of Testimonial ================-->\n<\/div>\n\n<div class=\"milenia-grid-item post-15322 milenia-testimonials type-milenia-testimonials status-publish hentry\">\n\t<!--================ Testimonial ================-->\n\t<div class=\"milenia-testimonial\">\n\t\t\t\t\t<div data-estimate=\"5\" class=\"milenia-rating milenia-text-color--primary\" ><\/div>\n\t\t\n\t\t<blockquote aria-labelledby=\"testimonial-cite-vc-milenia-testimonials-1ca7ab47acb5078011d8e4e86fee9d0a-1788673927127180704415322\" class=\"milenia-blockquote--unstyled milenia-text-color--darkest\" >\n\t\t\t<p>Hemos pasado 5 d\u00edas maravillosos. La ubicaci\u00f3n ideal, entorno muy cuidado. Responsables Pedro y Brigitte muy cercanos y dispuestos a ayudarte para que tu estancia sea agradable. Volveremos el a\u00f1o que viene. Bueno,puede ser que vayamos este invierno para hacer rutas por esas monta\u00f1as, cuevas,,,,gracias<\/p>\n<p>&nbsp;<\/p>\n\t\t<\/blockquote>\n\t\t<footer class=\"milenia-author\">\n\t\t\t\n\t\t\t<div class=\"milenia-author-info\">\n\t\t\t\t<cite id=\"testimonial-cite-vc-milenia-testimonials-1ca7ab47acb5078011d8e4e86fee9d0a-1788673927127180704415322\" >\n\t\t\t\t\t<a href=\"https:\/\/casitasdelasierra.com\/fr\/testimonials\/antonia-garcia\/\" class=\"milenia-ln--independent\">Antonia Garcia<\/a>\n\t\t\t\t<\/cite>\n\n\t\t\t\t\t\t\t\t\t\t\t\t\t\t\t<a href=\"https:\/\/www.google.com\/maps\/contrib\/115294538971340386475\/reviews\/@36.4615812,-5.2482487,9z\/data=!3m1!4b1!4m3!8m2!3m1!1e1\" rel=\"nofollow\" target=\"_blank\" class=\"milenia-testimonial-service milenia-ln--independent\">\n\t\t\t\t\t\t\t\t\t\t\t<img loading=\"lazy\" decoding=\"async\" width=\"150\" height=\"70\" src=\"https:\/\/casitasdelasierra.com\/wp-content\/uploads\/2022\/10\/Google_MyBusiness.png\" class=\"attachment-medium size-medium\" alt=\"\" \/>\t\t\t\t\t\t\t\t\t\t\t<\/a>\n\t\t\t\t\t\t\t\t\t\t\t\t<\/div>\n\t\t<\/footer>\n\t<\/div>\n\t<!--================ End of Testimonial ================-->\n<\/div>\n\n<div class=\"milenia-grid-item post-15320 milenia-testimonials type-milenia-testimonials status-publish hentry\">\n\t<!--================ Testimonial ================-->\n\t<div class=\"milenia-testimonial\">\n\t\t\t\t\t<div data-estimate=\"5\" class=\"milenia-rating milenia-text-color--primary\" ><\/div>\n\t\t\n\t\t<blockquote aria-labelledby=\"testimonial-cite-vc-milenia-testimonials-1ca7ab47acb5078011d8e4e86fee9d0a-1788673927127180704415320\" class=\"milenia-blockquote--unstyled milenia-text-color--darkest\" >\n\t\t\t<p>Viaje en familia. El alojamiento fant\u00e1stico, tanto la casita como sus instalaciones en perfecto estado y muy acogedoras. El entorno maravilloso y lugares que merece la pena conocer. Brigitte y Pedro unos anfitriones de 10. Gracias por hacer que nuestra estancia haya sido inolvidable.<\/p>\n\t\t<\/blockquote>\n\t\t<footer class=\"milenia-author\">\n\t\t\t\n\t\t\t<div class=\"milenia-author-info\">\n\t\t\t\t<cite id=\"testimonial-cite-vc-milenia-testimonials-1ca7ab47acb5078011d8e4e86fee9d0a-1788673927127180704415320\" >\n\t\t\t\t\t<a href=\"https:\/\/casitasdelasierra.com\/fr\/testimonials\/ma-eugenia-diez\/\" class=\"milenia-ln--independent\">M\u00aa Eugenia D\u00edez<\/a>\n\t\t\t\t<\/cite>\n\n\t\t\t\t\t\t\t\t\t\t\t\t\t\t\t<a href=\"https:\/\/www.google.com\/maps\/contrib\/106640019236991767036\/reviews\" rel=\"nofollow\" target=\"_blank\" class=\"milenia-testimonial-service milenia-ln--independent\">\n\t\t\t\t\t\t\t\t\t\t\t<img loading=\"lazy\" decoding=\"async\" width=\"150\" height=\"70\" src=\"https:\/\/casitasdelasierra.com\/wp-content\/uploads\/2022\/10\/Google_MyBusiness.png\" class=\"attachment-medium size-medium\" alt=\"\" \/>\t\t\t\t\t\t\t\t\t\t\t<\/a>\n\t\t\t\t\t\t\t\t\t\t\t\t<\/div>\n\t\t<\/footer>\n\t<\/div>\n\t<!--================ End of Testimonial ================-->\n<\/div>\n\n<div class=\"milenia-grid-item post-15317 milenia-testimonials type-milenia-testimonials status-publish hentry\">\n\t<!--================ Testimonial ================-->\n\t<div class=\"milenia-testimonial\">\n\t\t\t\t\t<div data-estimate=\"5\" class=\"milenia-rating milenia-text-color--primary\" ><\/div>\n\t\t\n\t\t<blockquote aria-labelledby=\"testimonial-cite-vc-milenia-testimonials-1ca7ab47acb5078011d8e4e86fee9d0a-1788673927127180704415317\" class=\"milenia-blockquote--unstyled milenia-text-color--darkest\" >\n\t\t\t<p>Vaya lugar!!! Sin duda un sitio con encanto, gracias a Brigitte y Pedro, los propietarios, un diez por ellos, gente encantadora , muy atentos y agradables, las casitas son muy acogedoras, con todo lo necesario, muy bien decoradas y el entorno hacen todo lo dem\u00e1s, unas vistas magn\u00edficas y un entorno acogedor&#8230;sin duda lo recomendamos al 100*100.<\/p>\n\t\t<\/blockquote>\n\t\t<footer class=\"milenia-author\">\n\t\t\t\n\t\t\t<div class=\"milenia-author-info\">\n\t\t\t\t<cite id=\"testimonial-cite-vc-milenia-testimonials-1ca7ab47acb5078011d8e4e86fee9d0a-1788673927127180704415317\" >\n\t\t\t\t\t<a href=\"https:\/\/casitasdelasierra.com\/fr\/testimonials\/jordi-cidoncha\/\" class=\"milenia-ln--independent\">Jordi Cidoncha<\/a>\n\t\t\t\t<\/cite>\n\n\t\t\t\t\t\t\t\t\t\t\t\t\t\t\t<a href=\"https:\/\/www.google.com\/maps\/contrib\/108908849883259111789\/reviews\" rel=\"nofollow\" target=\"_blank\" class=\"milenia-testimonial-service milenia-ln--independent\">\n\t\t\t\t\t\t\t\t\t\t\t<img loading=\"lazy\" decoding=\"async\" width=\"150\" height=\"70\" src=\"https:\/\/casitasdelasierra.com\/wp-content\/uploads\/2022\/10\/Google_MyBusiness.png\" class=\"attachment-medium size-medium\" alt=\"\" \/>\t\t\t\t\t\t\t\t\t\t\t<\/a>\n\t\t\t\t\t\t\t\t\t\t\t\t<\/div>\n\t\t<\/footer>\n\t<\/div>\n\t<!--================ End of Testimonial ================-->\n<\/div>\n\n<div class=\"milenia-grid-item post-15316 milenia-testimonials type-milenia-testimonials status-publish hentry\">\n\t<!--================ Testimonial ================-->\n\t<div class=\"milenia-testimonial\">\n\t\t\t\t\t<div data-estimate=\"5\" class=\"milenia-rating milenia-text-color--primary\" ><\/div>\n\t\t\n\t\t<blockquote aria-labelledby=\"testimonial-cite-vc-milenia-testimonials-1ca7ab47acb5078011d8e4e86fee9d0a-1788673927127180704415316\" class=\"milenia-blockquote--unstyled milenia-text-color--darkest\" >\n\t\t\t<p>El sitio un encanto, las casitas y las zonas comunes preciosas. A destacar la limpieza y lo comod\u00edsimas que son las camas! Para descansar y desconectar de todo es el lugar perfecto, adem\u00e1s est\u00e1 muy bien conectado para hacer rutas y ver las cuevas del Gato y Pileta.<\/p>\n\t\t<\/blockquote>\n\t\t<footer class=\"milenia-author\">\n\t\t\t\n\t\t\t<div class=\"milenia-author-info\">\n\t\t\t\t<cite id=\"testimonial-cite-vc-milenia-testimonials-1ca7ab47acb5078011d8e4e86fee9d0a-1788673927127180704415316\" >\n\t\t\t\t\t<a href=\"https:\/\/casitasdelasierra.com\/fr\/testimonials\/desiree-pozo\/\" class=\"milenia-ln--independent\">Desiree Pozo<\/a>\n\t\t\t\t<\/cite>\n\n\t\t\t\t\t\t\t\t\t\t\t\t\t\t\t<a href=\"https:\/\/www.google.com\/maps\/contrib\/108908849883259111789\/reviews\" rel=\"nofollow\" target=\"_blank\" class=\"milenia-testimonial-service milenia-ln--independent\">\n\t\t\t\t\t\t\t\t\t\t\t<img loading=\"lazy\" decoding=\"async\" width=\"150\" height=\"70\" src=\"https:\/\/casitasdelasierra.com\/wp-content\/uploads\/2022\/10\/Google_MyBusiness.png\" class=\"attachment-medium size-medium\" alt=\"\" \/>\t\t\t\t\t\t\t\t\t\t\t<\/a>\n\t\t\t\t\t\t\t\t\t\t\t\t<\/div>\n\t\t<\/footer>\n\t<\/div>\n\t<!--================ End of Testimonial ================-->\n<\/div>\n\n<div class=\"milenia-grid-item post-15315 milenia-testimonials type-milenia-testimonials status-publish hentry\">\n\t<!--================ Testimonial ================-->\n\t<div class=\"milenia-testimonial\">\n\t\t\t\t\t<div data-estimate=\"5\" class=\"milenia-rating milenia-text-color--primary\" ><\/div>\n\t\t\n\t\t<blockquote aria-labelledby=\"testimonial-cite-vc-milenia-testimonials-1ca7ab47acb5078011d8e4e86fee9d0a-1788673927127180704415315\" class=\"milenia-blockquote--unstyled milenia-text-color--darkest\" >\n\t\t\t<p>Magnifica estancia en un pueblo de Sierra ,un para\u00edso entre las Sierras de Grazalema y Ronda. Excelentes anfitriones muy comprometidos con el respeto al medioambiente y concienciados con el buen uso de los recursos naturales .Gracias Pedro y Brigitte.<\/p>\n\t\t<\/blockquote>\n\t\t<footer class=\"milenia-author\">\n\t\t\t\n\t\t\t<div class=\"milenia-author-info\">\n\t\t\t\t<cite id=\"testimonial-cite-vc-milenia-testimonials-1ca7ab47acb5078011d8e4e86fee9d0a-1788673927127180704415315\" >\n\t\t\t\t\t<a href=\"https:\/\/casitasdelasierra.com\/fr\/testimonials\/regina-caunedo\/\" class=\"milenia-ln--independent\">Regina Caunedo<\/a>\n\t\t\t\t<\/cite>\n\n\t\t\t\t\t\t\t\t\t\t\t\t\t\t\t<a href=\"https:\/\/www.google.com\/maps\/contrib\/103590896089833179150\/reviews\/@39.9309293,-6.9468278,7z\/data=!3m1!4b1!4m3!8m2!3m1!1e1\" rel=\"nofollow\" target=\"_blank\" class=\"milenia-testimonial-service milenia-ln--independent\">\n\t\t\t\t\t\t\t\t\t\t\t<img loading=\"lazy\" decoding=\"async\" width=\"150\" height=\"70\" src=\"https:\/\/casitasdelasierra.com\/wp-content\/uploads\/2022\/10\/Google_MyBusiness.png\" class=\"attachment-medium size-medium\" alt=\"\" \/>\t\t\t\t\t\t\t\t\t\t\t<\/a>\n\t\t\t\t\t\t\t\t\t\t\t\t<\/div>\n\t\t<\/footer>\n\t<\/div>\n\t<!--================ End of Testimonial ================-->\n<\/div>\n\n<div class=\"milenia-grid-item post-15309 milenia-testimonials type-milenia-testimonials status-publish hentry\">\n\t<!--================ Testimonial ================-->\n\t<div class=\"milenia-testimonial\">\n\t\t\t\t\t<div data-estimate=\"5\" class=\"milenia-rating milenia-text-color--primary\" ><\/div>\n\t\t\n\t\t<blockquote aria-labelledby=\"testimonial-cite-vc-milenia-testimonials-1ca7ab47acb5078011d8e4e86fee9d0a-1788673927127180704415309\" class=\"milenia-blockquote--unstyled milenia-text-color--darkest\" >\n\t\t\t<p>Encantador lugar cuidado con mucho cari\u00f1o por Brigitte y Pedro que son encantadores y muy atentos. Casitas limpias, camas comod\u00edsimas, no falta detalle. Jard\u00edn y piscina fant\u00e1sticos. Punto de partida de muchas excursiones. El paisaje de la zona es incre\u00edble. Un lugar al que regresar seguro.<\/p>\n\t\t<\/blockquote>\n\t\t<footer class=\"milenia-author\">\n\t\t\t\n\t\t\t<div class=\"milenia-author-info\">\n\t\t\t\t<cite id=\"testimonial-cite-vc-milenia-testimonials-1ca7ab47acb5078011d8e4e86fee9d0a-1788673927127180704415309\" >\n\t\t\t\t\t<a href=\"https:\/\/casitasdelasierra.com\/fr\/testimonials\/regina-g-payes-rafols\/\" class=\"milenia-ln--independent\">Regina G Pay\u00e8s R\u00e0fols<\/a>\n\t\t\t\t<\/cite>\n\n\t\t\t\t\t\t\t\t\t\t\t\t\t\t\t<a href=\"https:\/\/www.google.com\/maps\/contrib\/109155163661644353624\/reviews?_ga=2.247587268.2129315611.1662537525-1404987074.1638862585\" rel=\"nofollow\" target=\"_blank\" class=\"milenia-testimonial-service milenia-ln--independent\">\n\t\t\t\t\t\t\t\t\t\t\t<img loading=\"lazy\" decoding=\"async\" width=\"150\" height=\"70\" src=\"https:\/\/casitasdelasierra.com\/wp-content\/uploads\/2022\/10\/Google_MyBusiness.png\" class=\"attachment-medium size-medium\" alt=\"\" \/>\t\t\t\t\t\t\t\t\t\t\t<\/a>\n\t\t\t\t\t\t\t\t\t\t\t\t<\/div>\n\t\t<\/footer>\n\t<\/div>\n\t<!--================ End of Testimonial ================-->\n<\/div>\n\n    <\/div>\n<\/div>\n<!--================ End of Testimonials ================-->\n[\/vc_column][\/vc_row][vc_row full_width=&#8221;stretch_row_content_no_spaces&#8221; content_placement=&#8221;middle&#8221; css=&#8221;.vc_custom_1664881015627{margin-bottom: 0px !important;border-bottom-width: 0px !important;padding-right: 0px !important;padding-bottom: 0px !important;padding-left: 0px !important;}&#8221;][vc_column css=&#8221;.vc_custom_1664880871590{padding-top: 0px !important;padding-right: 0px !important;padding-bottom: 0px !important;padding-left: 0px !important;}&#8221;][vc_single_image image=&#8221;15370&#8243; img_size=&#8221;full&#8221; alignment=&#8221;center&#8221;][\/vc_column][\/vc_row]<\/p>\n<\/div>","protected":false},"excerpt":{"rendered":"<p>[vc_row full_width=&#8221;stretch_row&#8221; content_placement=&#8221;middle&#8221; css=&#8221;.vc_custom_1663581759279{margin-top: 0px !important;padding-top: 10% !important;padding-bottom: 10% !important;background-position: center !important;background-repeat: no-repeat !important;background-size: cover !important;}&#8221;][vc_column][vc_custom_heading text=&#8221;Une nouvelle&#8230;<\/p>\n","protected":false},"author":4,"featured_media":0,"parent":0,"menu_order":0,"comment_status":"closed","ping_status":"closed","template":"","meta":{"footnotes":""},"class_list":["post-15599","page","type-page","status-publish","hentry"],"yoast_head":"<!-- This site is optimized with the Yoast SEO plugin v28.1 - https:\/\/yoast.com\/product\/yoast-seo-wordpress\/ -->\n<title>A PROPOS DE NOUS \/\/ Casitas de la Sierra<\/title>\n<meta name=\"description\" content=\"Casitas de la Sierra est un complexe rural situ\u00e9 \u00e0 Montejaque, l&#039;un des villages blancs de Malaga. Nous avons 9 maisons pour les c\u00e9l\u00e9brations...\" \/>\n<meta name=\"robots\" content=\"index, follow, max-snippet:-1, max-image-preview:large, max-video-preview:-1\" \/>\n<link rel=\"canonical\" href=\"https:\/\/casitasdelasierra.com\/fr\/a-propos-de-nous-2\/\" \/>\n<meta property=\"og:locale\" content=\"fr_FR\" \/>\n<meta property=\"og:type\" content=\"article\" \/>\n<meta property=\"og:title\" content=\"A PROPOS DE NOUS \/\/ Casitas de la Sierra\" \/>\n<meta property=\"og:description\" content=\"Casitas de la Sierra est un complexe rural situ\u00e9 \u00e0 Montejaque, l&#039;un des villages blancs de Malaga. Nous avons 9 maisons pour les c\u00e9l\u00e9brations...\" \/>\n<meta property=\"og:url\" content=\"https:\/\/casitasdelasierra.com\/fr\/a-propos-de-nous-2\/\" \/>\n<meta property=\"og:site_name\" content=\"Casitas de la Sierra\" \/>\n<meta property=\"article:modified_time\" content=\"2022-12-02T10:18:46+00:00\" \/>\n<meta name=\"twitter:card\" content=\"summary_large_image\" \/>\n<meta name=\"twitter:label1\" content=\"Dur\u00e9e de lecture estim\u00e9e\" \/>\n\t<meta name=\"twitter:data1\" content=\"3 minutes\" \/>\n<script type=\"application\/ld+json\" class=\"yoast-schema-graph\">{\"@context\":\"https:\\\/\\\/schema.org\",\"@graph\":[{\"@type\":\"WebPage\",\"@id\":\"https:\\\/\\\/casitasdelasierra.com\\\/fr\\\/a-propos-de-nous-2\\\/\",\"url\":\"https:\\\/\\\/casitasdelasierra.com\\\/fr\\\/a-propos-de-nous-2\\\/\",\"name\":\"A PROPOS DE NOUS \\\/\\\/ Casitas de la Sierra\",\"isPartOf\":{\"@id\":\"https:\\\/\\\/casitasdelasierra.com\\\/fr\\\/#website\"},\"datePublished\":\"2022-11-17T13:01:28+00:00\",\"dateModified\":\"2022-12-02T10:18:46+00:00\",\"description\":\"Casitas de la Sierra est un complexe rural situ\u00e9 \u00e0 Montejaque, l'un des villages blancs de Malaga. Nous avons 9 maisons pour les c\u00e9l\u00e9brations...\",\"breadcrumb\":{\"@id\":\"https:\\\/\\\/casitasdelasierra.com\\\/fr\\\/a-propos-de-nous-2\\\/#breadcrumb\"},\"inLanguage\":\"fr-FR\",\"potentialAction\":[{\"@type\":\"ReadAction\",\"target\":[\"https:\\\/\\\/casitasdelasierra.com\\\/fr\\\/a-propos-de-nous-2\\\/\"]}]},{\"@type\":\"BreadcrumbList\",\"@id\":\"https:\\\/\\\/casitasdelasierra.com\\\/fr\\\/a-propos-de-nous-2\\\/#breadcrumb\",\"itemListElement\":[{\"@type\":\"ListItem\",\"position\":1,\"name\":\"Portada\",\"item\":\"https:\\\/\\\/casitasdelasierra.com\\\/fr\\\/\"},{\"@type\":\"ListItem\",\"position\":2,\"name\":\"A propos de nous\"}]},{\"@type\":\"WebSite\",\"@id\":\"https:\\\/\\\/casitasdelasierra.com\\\/fr\\\/#website\",\"url\":\"https:\\\/\\\/casitasdelasierra.com\\\/fr\\\/\",\"name\":\"Casitas de la Sierra\",\"description\":\"Alquiler de Casas Rurales en Montejaque (M\u00e1laga)\",\"potentialAction\":[{\"@type\":\"SearchAction\",\"target\":{\"@type\":\"EntryPoint\",\"urlTemplate\":\"https:\\\/\\\/casitasdelasierra.com\\\/fr\\\/?s={search_term_string}\"},\"query-input\":{\"@type\":\"PropertyValueSpecification\",\"valueRequired\":true,\"valueName\":\"search_term_string\"}}],\"inLanguage\":\"fr-FR\"}]}<\/script>\n<!-- \/ Yoast SEO plugin. -->","yoast_head_json":{"title":"A PROPOS DE NOUS \/\/ Casitas de la Sierra","description":"Casitas de la Sierra est un complexe rural situ\u00e9 \u00e0 Montejaque, l'un des villages blancs de Malaga. Nous avons 9 maisons pour les c\u00e9l\u00e9brations...","robots":{"index":"index","follow":"follow","max-snippet":"max-snippet:-1","max-image-preview":"max-image-preview:large","max-video-preview":"max-video-preview:-1"},"canonical":"https:\/\/casitasdelasierra.com\/fr\/a-propos-de-nous-2\/","og_locale":"fr_FR","og_type":"article","og_title":"A PROPOS DE NOUS \/\/ Casitas de la Sierra","og_description":"Casitas de la Sierra est un complexe rural situ\u00e9 \u00e0 Montejaque, l'un des villages blancs de Malaga. Nous avons 9 maisons pour les c\u00e9l\u00e9brations...","og_url":"https:\/\/casitasdelasierra.com\/fr\/a-propos-de-nous-2\/","og_site_name":"Casitas de la Sierra","article_modified_time":"2022-12-02T10:18:46+00:00","twitter_card":"summary_large_image","twitter_misc":{"Dur\u00e9e de lecture estim\u00e9e":"3 minutes"},"schema":{"@context":"https:\/\/schema.org","@graph":[{"@type":"WebPage","@id":"https:\/\/casitasdelasierra.com\/fr\/a-propos-de-nous-2\/","url":"https:\/\/casitasdelasierra.com\/fr\/a-propos-de-nous-2\/","name":"A PROPOS DE NOUS \/\/ Casitas de la Sierra","isPartOf":{"@id":"https:\/\/casitasdelasierra.com\/fr\/#website"},"datePublished":"2022-11-17T13:01:28+00:00","dateModified":"2022-12-02T10:18:46+00:00","description":"Casitas de la Sierra est un complexe rural situ\u00e9 \u00e0 Montejaque, l'un des villages blancs de Malaga. Nous avons 9 maisons pour les c\u00e9l\u00e9brations...","breadcrumb":{"@id":"https:\/\/casitasdelasierra.com\/fr\/a-propos-de-nous-2\/#breadcrumb"},"inLanguage":"fr-FR","potentialAction":[{"@type":"ReadAction","target":["https:\/\/casitasdelasierra.com\/fr\/a-propos-de-nous-2\/"]}]},{"@type":"BreadcrumbList","@id":"https:\/\/casitasdelasierra.com\/fr\/a-propos-de-nous-2\/#breadcrumb","itemListElement":[{"@type":"ListItem","position":1,"name":"Portada","item":"https:\/\/casitasdelasierra.com\/fr\/"},{"@type":"ListItem","position":2,"name":"A propos de nous"}]},{"@type":"WebSite","@id":"https:\/\/casitasdelasierra.com\/fr\/#website","url":"https:\/\/casitasdelasierra.com\/fr\/","name":"Casitas de la Sierra","description":"Alquiler de Casas Rurales en Montejaque (M\u00e1laga)","potentialAction":[{"@type":"SearchAction","target":{"@type":"EntryPoint","urlTemplate":"https:\/\/casitasdelasierra.com\/fr\/?s={search_term_string}"},"query-input":{"@type":"PropertyValueSpecification","valueRequired":true,"valueName":"search_term_string"}}],"inLanguage":"fr-FR"}]}},"_links":{"self":[{"href":"https:\/\/casitasdelasierra.com\/fr\/wp-json\/wp\/v2\/pages\/15599","targetHints":{"allow":["GET"]}}],"collection":[{"href":"https:\/\/casitasdelasierra.com\/fr\/wp-json\/wp\/v2\/pages"}],"about":[{"href":"https:\/\/casitasdelasierra.com\/fr\/wp-json\/wp\/v2\/types\/page"}],"author":[{"embeddable":true,"href":"https:\/\/casitasdelasierra.com\/fr\/wp-json\/wp\/v2\/users\/4"}],"replies":[{"embeddable":true,"href":"https:\/\/casitasdelasierra.com\/fr\/wp-json\/wp\/v2\/comments?post=15599"}],"version-history":[{"count":14,"href":"https:\/\/casitasdelasierra.com\/fr\/wp-json\/wp\/v2\/pages\/15599\/revisions"}],"predecessor-version":[{"id":15904,"href":"https:\/\/casitasdelasierra.com\/fr\/wp-json\/wp\/v2\/pages\/15599\/revisions\/15904"}],"wp:attachment":[{"href":"https:\/\/casitasdelasierra.com\/fr\/wp-json\/wp\/v2\/media?parent=15599"}],"curies":[{"name":"wp","href":"https:\/\/api.w.org\/{rel}","templated":true}]}}