{"id":15619,"date":"2022-11-21T15:44:01","date_gmt":"2022-11-21T14:44:01","guid":{"rendered":"https:\/\/casitasdelasierra.com\/loisirs-dans-la-province-de-malaga\/"},"modified":"2022-11-21T23:07:03","modified_gmt":"2022-11-21T22:07:03","slug":"loisirs-dans-la-province-de-malaga","status":"publish","type":"page","link":"https:\/\/casitasdelasierra.com\/fr\/loisirs-dans-la-province-de-malaga\/","title":{"rendered":"Loisirs dans la province de Malaga"},"content":{"rendered":"<div class=\"wpb-content-wrapper\"><p>[vc_row full_width=&#8221;stretch_row_content_no_spaces&#8221;][vc_column width=&#8221;1\/4&#8243;][\/vc_column][vc_column width=&#8221;1\/2&#8243;][vc_empty_space height=&#8221;100px&#8221;][vc_custom_heading text=&#8221;Tout \u00e0 d\u00e9couvrir&#8230;&#8221; font_container=&#8221;tag:p|font_size:25px|text_align:center|color:%23be9b77&#8243; google_fonts=&#8221;font_family:Quicksand%3A300%2Cregular%2C700|font_style:400%20regular%3A400%3Anormal&#8221; css=&#8221;.vc_custom_1660736550839{margin-bottom: 20px !important;}&#8221;][vc_custom_heading text=&#8221;Montejaque, Malaga&#8221; font_container=&#8221;tag:h1|font_size:50px|text_align:center|color:%23000000|line_height:30px&#8221; google_fonts=&#8221;font_family:Playfair%20Display%3Aregular%2Citalic%2C700%2C700italic%2C900%2C900italic|font_style:700%20bold%20regular%3A700%3Anormal&#8221; css=&#8221;.vc_custom_1660736501889{margin-bottom: 20px !important;}&#8221;][vc_separator color=&#8221;custom&#8221; accent_color=&#8221;#be9b77&#8243; css=&#8221;.vc_custom_1660907725724{padding-top: 10px !important;padding-bottom: 10px !important;}&#8221;][vc_column_text]<strong>Des millions de personnes visitent Malaga<\/strong> chaque ann\u00e9e, ce qui a fait de cette province l\u2019une des plus populaires de notre pays. on attractivit\u00e9 est constante tout au long de l\u2019ann\u00e9e gr\u00e2ce \u00e0 ses coins merveilleux, la beaut\u00e9 de ses paysages, ses traditions et ses nombreuses activit\u00e9s qui attendent les voyageurs. Celui qui essaie Malaga une fois, veut toujours revenir, en s\u2019int\u00e9ressant aussi \u00e0 ce merveilleux endroit que sont les <strong>villages blancs.<\/strong> Et le meilleur, c\u2019est que vous pouvez profiter de la ville en s\u00e9journant dans des lieux baign\u00e9s de d\u00e9tente et de tranquillit\u00e9, comme c\u2019est le cas \u00e0 Montejaque.[\/vc_column_text][\/vc_column][vc_column width=&#8221;1\/4&#8243;][\/vc_column][\/vc_row][vc_row full_width=&#8221;stretch_row_content&#8221; css=&#8221;.vc_custom_1539845698437{padding-top: 0px !important;padding-bottom: 30px !important;}&#8221;][vc_column][vc_images_carousel images=&#8221;7125,7121,7117&#8243; img_size=&#8221;full&#8221; speed=&#8221;4000&#8243; autoplay=&#8221;yes&#8221; hide_pagination_control=&#8221;yes&#8221; wrap=&#8221;yes&#8221;][\/vc_column][\/vc_row][vc_row content_placement=&#8221;middle&#8221; css=&#8221;.vc_custom_1660736850982{margin-top: 75px !important;margin-right: 40px !important;margin-bottom: 75px !important;margin-left: 40px !important;}&#8221;][vc_column width=&#8221;1\/3&#8243;][vc_custom_heading text=&#8221;Tourisme \u00e0 Malaga et ses environs&#8221; font_container=&#8221;tag:h2|font_size:50px|text_align:center|color:%23000000|line_height:58px&#8221; google_fonts=&#8221;font_family:Playfair%20Display%3Aregular%2Citalic%2C700%2C700italic%2C900%2C900italic|font_style:400%20regular%3A400%3Anormal&#8221; css=&#8221;.vc_custom_1578513684972{margin-bottom: 60px !important;}&#8221;][vc_separator el_width=&#8221;20&#8243;][\/vc_column][vc_column width=&#8221;2\/3&#8243;][vc_column_text]<\/p>\n<p style=\"text-align: left;\">Trouver un endroit pour s\u00e9journer \u00e0 la Feria de Malaga est un \u00e9v\u00e9nement fr\u00e9quent, car c\u2019est l\u2019une des c\u00e9l\u00e9brations les plus populaires de l\u2019ann\u00e9e dans toute l\u2019Espagne. Tout le monde veut avoir <strong>l\u2019occasion de vivre cette f\u00eate au moins<\/strong> une fois dans sa vie \u00e0 cause des grandes sensations qu\u2019elle procure. Avec un <a href=\"https:\/\/casitasdelasierra.com\/fr\/\">h\u00e9bergement \u00e0 Montejaque<\/a> comme celui que nous proposons, nous pouvons passer la journ\u00e9e \u00e0 la Feria de Malaga et, \u00e0 la fin de la journ\u00e9e, aller dans notre maison rurale pour nous d\u00e9tendre et nous reposer.<\/p>\n<p>[\/vc_column_text][vc_column_text]<\/p>\n<p style=\"text-align: left;\">Mais visiter Malaga et ses environs en faisant du tourisme, <strong>c\u2019est bien plus que simplement visiter la Feria<\/strong>. Nous pouvons aller dans toutes sortes de lieux historiques, voir des monuments, visiter des mus\u00e9es ou fl\u00e2ner dans les rues de la ville pendant que nous nous arr\u00eatons \u00e0 ses bars et caf\u00e9s. C\u2019est une ville dont on tombe amoureux d\u00e8s le premier instant et dont on part toujours avec le d\u00e9sir de plus. Tous ces plans sont ouverts et flexibles afin que nous puissions en profiter, que nous voyagions en couple de fa\u00e7on romantique ou que nous le fassions en famille ou en grands groupes d\u2019amis ou en familles nombreuses jusqu\u2019\u00e0 sept personnes.<\/p>\n<p>[\/vc_column_text][\/vc_column][\/vc_row][vc_row full_width=&#8221;stretch_row&#8221; gap=&#8221;30&#8243; content_placement=&#8221;middle&#8221; css=&#8221;.vc_custom_1660737209584{margin-bottom: 30px !important;background-color: #f8f8f8 !important;}&#8221;][vc_column el_class=&#8221;milenia-color&#8211;black&#8221; css=&#8221;.vc_custom_1571239792630{padding-right: 70px !important;}&#8221;][vc_custom_heading text=&#8221;Que faire pr\u00e8s de Montejaque, Malaga ?&#8221; font_container=&#8221;tag:h2|font_size:30px|text_align:left|color:%23000000|line_height:30px&#8221; google_fonts=&#8221;font_family:Playfair%20Display%3Aregular%2Citalic%2C700%2C700italic%2C900%2C900italic|font_style:400%20regular%3A400%3Anormal&#8221; css=&#8221;.vc_custom_1660737376201{margin-bottom: 20px !important;}&#8221;][vc_column_text]Si nous nous demandons quoi faire \u00e0 Montejaque et pr\u00e8s de Malaga, dans la r\u00e9gion, nous pouvons profiter d\u2019un r\u00e9seau de miradors, faire diff\u00e9rents types de sport, comme le paintball, le surf ou la buggy, et <strong>m\u00eame l\u2019\u00e9quitation<\/strong>. Il y a beaucoup \u00e0 faire et nous trouverons toujours quelque chose de nouveau sur lequel porter notre attention, ainsi que des observatoires pour les amateurs d\u2019astronomie, des s\u00e9ances d\u2019escalade et m\u00eame l\u2019observation des oiseaux. Les exp\u00e9riences vont beaucoup plus loin, puisqu\u2019elles offrent aussi la possibilit\u00e9 de visiter des grottes pr\u00e8s de Montejaque, de cueillir des champignons, de descendre des ravins ou de voler en parapente. Entre Cadix et Malaga se trouve le <strong>Parc Naturel de la Sierra de Grazalema<\/strong>, o\u00f9 vous pourrez profiter d\u2019un endroit avec la nature et la faune pour faire des randonn\u00e9es et d\u2019autres itin\u00e9raires de la diversit\u00e9 naturelle et culturelle.[\/vc_column_text][vc_empty_space height=&#8221;30px&#8221;]<!--================ Info Boxes ================-->\n<script>\n    (function($){\n        'use strict';\n\n        if(!$) return;\n\n        $(function(){\n            var $container = $('#vc-milenia-info-boxes-80722f1c2a7c25b32e24461c3009bfe3-17886748291918932849'),\n                $dynamicBgElements,\n                $carousels;\n\n            if(!$container.length) return;\n\n            if(window.appear) {\n                appear({\n                    elements: function(){\n                        return document.querySelectorAll('#vc-milenia-info-boxes-80722f1c2a7c25b32e24461c3009bfe3-17886748291918932849');\n                    },\n                    appear: function(element) {\n                        var $el = $(element);\n                        $el.addClass('milenia-visible').addClass($el.data('animation'));\n                    },\n                    reappear: false,\n                    bounds: -200\n                });\n            }\n\n            if(window.Milenia && window.Milenia.LinkUnderliner) {\n                window.Milenia.LinkUnderliner.init($container.find('a'));\n            }\n\n            if(window.Milenia && window.Milenia.helpers &&  window.Milenia.helpers.dynamicBgImage) {\n                $dynamicBgElements = $container.find('[data-bg-image-src]');\n                if($dynamicBgElements.length) window.Milenia.helpers.dynamicBgImage($dynamicBgElements);\n            }\n\n            if($.fn.owlCarousel) {\n                $carousels = $container.find('.milenia-simple-slideshow--shortcode');\n\n                if($carousels.length) {\n                    if(window.Milenia && window.Milenia.helpers && window.Milenia.helpers.owlSettings) {\n\n                        $carousels.jQueryImagesLoaded().then(function(){\n                                $carousels.each(function(i,e) {\n                                    $(e).owlCarousel(window.Milenia.helpers.owlSettings({\n                                        margin: 1,\n                                        loop: true,\n                                        autoplay: $(e).hasClass('milenia-simple-slideshow--autoplay')\n                                    }));\n                                });\n                        });\n\n                    }\n                    else {\n                        $carousels.owlCarousel({\n                            items: 1\n                        });\n                    }\n                }\n            }\n        });\n    })(window.jQuery);\n<\/script>\n\n<div id=\"vc-milenia-info-boxes-80722f1c2a7c25b32e24461c3009bfe3-17886748291918932849\" class=\"milenia-entities milenia-entities--style-1 milenia-entities--unreverse  milenia-visible\" data-animation=\"none\">\n    <div class=\"milenia-grid milenia-grid--cols-3 milenia-grid--gutters\">\n        <!--================ Info Boxes Item ================-->\n<div class=\"milenia-grid-item\">\n    <article class=\"milenia-entity format-standard\">\n        <div class=\"milenia-entity-media\">\n    <img loading=\"lazy\" decoding=\"async\" width=\"650\" height=\"410\" src=\"https:\/\/casitasdelasierra.com\/wp-content\/uploads\/2018\/10\/paseo-caballos-malaga-casitas-1.jpg\" class=\"owl-carousel-img\" alt=\"Paseo a caballo en m\u00e1laga\" srcset=\"https:\/\/casitasdelasierra.com\/wp-content\/uploads\/2018\/10\/paseo-caballos-malaga-casitas-1.jpg 650w, https:\/\/casitasdelasierra.com\/wp-content\/uploads\/2018\/10\/paseo-caballos-malaga-casitas-1-600x378.jpg 600w, https:\/\/casitasdelasierra.com\/wp-content\/uploads\/2018\/10\/paseo-caballos-malaga-casitas-1-300x189.jpg 300w, https:\/\/casitasdelasierra.com\/wp-content\/uploads\/2018\/10\/paseo-caballos-malaga-casitas-1-500x315.jpg 500w\" sizes=\"auto, (max-width: 650px) 100vw, 650px\" \/>\n<\/div>\n\n\n        <div class=\"milenia-entity-content milenia-aligner\">\n            <div class=\"milenia-aligner-outer\">\n                <div class=\"milenia-aligner-inner\">\n                    <header class=\"milenia-entity-header\">\n                        \n                        <h2 class=\"milenia-entity-title\">Actividades en la Naturaleza<\/h2>\n\n                    <\/header>\n                    <div class=\"milenia-entity-body\"><p>Todo tipo de deportes relacionados con el entorno natural, as\u00ed como rutas a caballo y nuevas iniciativas relacionadas con la astrolog\u00eda, minerolog\u00eda o la micolog\u00eda, entres otras.<\/p>\n<\/div>\n\n                    \n                <\/div>\n            <\/div>\n        <\/div>\n    <\/article>\n<\/div>\n<!--================ End of Info Boxes Item ================-->\n\r\n<!--================ Info Boxes Item ================-->\n<div class=\"milenia-grid-item\">\n    <article class=\"milenia-entity format-standard\">\n        <div class=\"milenia-entity-media\">\n    <img loading=\"lazy\" decoding=\"async\" width=\"650\" height=\"410\" src=\"https:\/\/casitasdelasierra.com\/wp-content\/uploads\/2019\/10\/Ronda.jpg\" class=\"owl-carousel-img\" alt=\"\" srcset=\"https:\/\/casitasdelasierra.com\/wp-content\/uploads\/2019\/10\/Ronda.jpg 650w, https:\/\/casitasdelasierra.com\/wp-content\/uploads\/2019\/10\/Ronda-300x189.jpg 300w\" sizes=\"auto, (max-width: 650px) 100vw, 650px\" \/>\n<\/div>\n\n\n        <div class=\"milenia-entity-content milenia-aligner\">\n            <div class=\"milenia-aligner-outer\">\n                <div class=\"milenia-aligner-inner\">\n                    <header class=\"milenia-entity-header\">\n                        \n                        <h2 class=\"milenia-entity-title\">Atractivos Culturales<\/h2>\n\n                    <\/header>\n                    <div class=\"milenia-entity-body\"><p>La excelente ubicaci\u00f3n de Montejaque, entre las provincias de M\u00e1laga y C\u00e1diz, ofrece un acceso prioritario a recorrer el extenso entorno cultural de sus ciudades y provincias.<\/p>\n<\/div>\n\n                    \n                <\/div>\n            <\/div>\n        <\/div>\n    <\/article>\n<\/div>\n<!--================ End of Info Boxes Item ================-->\n\r\n<!--================ Info Boxes Item ================-->\n<div class=\"milenia-grid-item\">\n    <article class=\"milenia-entity format-standard\">\n        <div class=\"milenia-entity-media\">\n    <img loading=\"lazy\" decoding=\"async\" width=\"650\" height=\"410\" src=\"https:\/\/casitasdelasierra.com\/wp-content\/uploads\/2019\/10\/Comida.jpg\" class=\"owl-carousel-img\" alt=\"\" srcset=\"https:\/\/casitasdelasierra.com\/wp-content\/uploads\/2019\/10\/Comida.jpg 650w, https:\/\/casitasdelasierra.com\/wp-content\/uploads\/2019\/10\/Comida-300x189.jpg 300w\" sizes=\"auto, (max-width: 650px) 100vw, 650px\" \/>\n<\/div>\n\n\n        <div class=\"milenia-entity-content milenia-aligner\">\n            <div class=\"milenia-aligner-outer\">\n                <div class=\"milenia-aligner-inner\">\n                    <header class=\"milenia-entity-header\">\n                        \n                        <h2 class=\"milenia-entity-title\">Turismo Gastron\u00f3mico<\/h2>\n\n                    <\/header>\n                    <div class=\"milenia-entity-body\"><p>La gastronom\u00eda de la zona recoge toda la tradici\u00f3n de la dieta mediterr\u00e1nea, fusionada con los vestigios de las diferentes culturas que se han asentado en la zona.<\/p>\n<\/div>\n\n                    \n                <\/div>\n            <\/div>\n        <\/div>\n    <\/article>\n<\/div>\n<!--================ End of Info Boxes Item ================-->\n\n    <\/div>\n<\/div>\n<!--================ End of Info Boxes ================-->\n[\/vc_column][\/vc_row][vc_row gap=&#8221;5&#8243; css=&#8221;.vc_custom_1571247610974{margin-top: 40px !important;margin-right: 60px !important;margin-bottom: 20px !important;margin-left: 60px !important;border-top-width: 0px !important;border-bottom-width: 0px !important;padding-top: 0px !important;padding-bottom: 0px !important;}&#8221; el_id=&#8221;info-turism&#8221;][vc_column][vc_custom_heading text=&#8221;L&#8217;un des meilleurs aspects de notre s\u00e9jour dans les petites maisons que nous avons \u00e0 Montejaque est que le Complexe a une zone d&#8217;information touristique dans laquelle nous pouvons d\u00e9couvrir tout ce dont nous avons besoin pour faire ces activit\u00e9s. De cette fa\u00e7on, tout sera facile pour que nous puissions r\u00e9aliser nos d\u00e9sirs sans aucune difficult\u00e9 et faire du sport ou partir en excursion, toujours comme nous le souhaitons, puisque nous avons le dernier mot sur ce que nous voulons faire.&#8221; font_container=&#8221;tag:p|font_size:18px|text_align:center|color:%23000000|line_height:40px&#8221; google_fonts=&#8221;font_family:Playfair%20Display%3Aregular%2Citalic%2C700%2C700italic%2C900%2C900italic|font_style:400%20regular%3A400%3Anormal&#8221; css=&#8221;.vc_custom_1571246206762{margin-bottom: 60px !important;}&#8221;][vc_row_inner css=&#8221;.vc_custom_1571247598308{margin-right: 20px !important;margin-bottom: 0px !important;margin-left: 20px !important;border-bottom-width: 0px !important;padding-bottom: 0px !important;}&#8221;][vc_column_inner]<!--================ Icon Boxes ================-->\n<script>\n    (function($){\n        'use strict';\n\n        if(!$) return;\n\n        $(function(){\n            var $container = $('#vc-milenia-info-boxes-40c74877e521509e02f2e96b5eee64fc-1788674829702081389');\n\n            if(!$container.length) return;\n\n            if(window.appear) {\n                appear({\n                    elements: function(){\n                        return document.querySelectorAll('#vc-milenia-info-boxes-40c74877e521509e02f2e96b5eee64fc-1788674829702081389');\n                    },\n                    appear: function(element) {\n                        var $el = $(element);\n                        $el.addClass('milenia-visible').addClass($el.data('animation'));\n                    },\n                    reappear: false,\n                    bounds: -200\n                });\n            }\n\n            if(window.Milenia && window.Milenia.LinkUnderliner) {\n                window.Milenia.LinkUnderliner.init($container.find('a'));\n            }\n        });\n    })(window.jQuery);\n<\/script>\n\n<div id=\"vc-milenia-info-boxes-40c74877e521509e02f2e96b5eee64fc-1788674829702081389\" class=\"milenia-icon-boxes milenia-icon-boxes--style-3 ocio-icons milenia-visible\" data-animation=\"none\">\n    <div class=\"milenia-grid milenia-grid--cols-3\">\n        <!--================ Icon Box ================-->\n<div class=\"milenia-grid-item\">\n    <article class=\"milenia-icon-box milenia-aligner\" style=\"color: #858585;\">\n        <div class=\"milenia-aligner-outer\">\n            <div class=\"milenia-aligner-inner\">\n                <span class=\"milenia-icon-box-icon milenia-font-icon-receptionist\"><\/span>\n\n                <div class=\"milenia-icon-box-content\">\n                    <h2 class=\"milenia-icon-box-title\" style=\"color: #1c1c1c;\">Informaci\u00f3n tur\u00edstica<\/h2>\n                    <p>Te ofrecemos planes para que disfrutes tu estancia<\/p>\n\n                <\/div>\n            <\/div>\n        <\/div>\n\n        \n    <\/article>\n<\/div>\n<!--================ Icon Box ================-->\n\r\n<!--================ Icon Box ================-->\n<div class=\"milenia-grid-item\">\n    <article class=\"milenia-icon-box milenia-aligner\" style=\"color: #858585;\">\n        <div class=\"milenia-aligner-outer\">\n            <div class=\"milenia-aligner-inner\">\n                <span class=\"milenia-icon-box-icon milenia-font-icon-backpack\"><\/span>\n\n                <div class=\"milenia-icon-box-content\">\n                    <h2 class=\"milenia-icon-box-title\" style=\"color: #1c1c1c;\">Actividades para todos <\/h2>\n                    <p>Desde escalada y senderismo hasta paseos a caballo<\/p>\n\n                <\/div>\n            <\/div>\n        <\/div>\n\n        \n    <\/article>\n<\/div>\n<!--================ Icon Box ================-->\n\r\n<!--================ Icon Box ================-->\n<div class=\"milenia-grid-item\">\n    <article class=\"milenia-icon-box milenia-aligner\" style=\"color: #858585;\">\n        <div class=\"milenia-aligner-outer\">\n            <div class=\"milenia-aligner-inner\">\n                <span class=\"milenia-icon-box-icon milenia-font-icon-destination\"><\/span>\n\n                <div class=\"milenia-icon-box-content\">\n                    <h2 class=\"milenia-icon-box-title\" style=\"color: #1c1c1c;\">Buena localizaci\u00f3n<\/h2>\n                    <p>Aeropuerto, buses, incluso a pie... todo cerca de ti<\/p>\n\n                <\/div>\n            <\/div>\n        <\/div>\n\n        \n    <\/article>\n<\/div>\n<!--================ Icon Box ================-->\n\n    <\/div>\n<\/div>\n<!--================ Icon Boxes ================-->\n[\/vc_column_inner][\/vc_row_inner][\/vc_column][\/vc_row][vc_row gap=&#8221;20&#8243; content_placement=&#8221;middle&#8221;][vc_column][vc_custom_heading text=&#8221;Nos maisons&#8221; font_container=&#8221;tag:h2|font_size:30px|text_align:left|color:%23000000|line_height:30px&#8221; google_fonts=&#8221;font_family:Playfair%20Display%3Aregular%2Citalic%2C700%2C700italic%2C900%2C900italic|font_style:400%20regular%3A400%3Anormal&#8221; css=&#8221;.vc_custom_1660908089559{margin-bottom: 20px !important;}&#8221;]<!--================ Room types ================-->\n<script>\n    (function($){\n        'use strict';\n\n        var $container, $slideshow, $bgImages, $carousel;\n\n        if(!$) return;\n\n        $(function(){\n            if(window.DOMDfd) {\n                window.DOMDfd.done(function(){\n                    \/\/ Check all necessary modules have been included\n                    if(!window.Milenia || !$.fn.jQueryImagesLoaded) return;\n\n                    $container = $('#vc-milenia-rooms-5fdd6500e01b08a9e56aff50405e5906-17886748291545437348');\n\n                    if(window.appear) {\n                        appear({\n                            elements: function(){\n                                return document.querySelectorAll('#vc-milenia-rooms-5fdd6500e01b08a9e56aff50405e5906-17886748291545437348');\n                            },\n                            appear: function(element) {\n                                var $el = $(element);\n                                $el.addClass('milenia-visible').addClass($el.data('animation'));\n                            },\n                            reappear: false,\n                            bounds: -200\n                        });\n                    }\n\n                    if(!$container.length) return;\n\n                    if(window.Milenia.helpers && window.Milenia.helpers.owlSettings) {\n                        $slideshow = $container.find('.milenia-simple-slideshow');\n\n                        if($slideshow.length) {\n                            $slideshow.jQueryImagesLoaded().then(function() {\n                                $slideshow.owlCarousel(window.Milenia.helpers.owlSettings({\n                                    loop: true,\n                                    margin: 1\n                                }));\n                            });\n                        }\n                    }\n\n                    if(window.Milenia.helpers && window.Milenia.helpers.gridOwl) {\n                        $carousel = $container.find('.milenia-grid--shortcode.owl-carousel');\n                        if($carousel.length) {\n                            window.Milenia.helpers.gridOwl.add($carousel);\n                        }\n                    }\n\n                    if(window.Milenia.helpers && window.Milenia.helpers.dynamicBgImage) {\n                        $bgImages = $container.find('[data-bg-image-src]');\n                        if($bgImages.length) Milenia.helpers.dynamicBgImage($bgImages);\n                    }\n\n                    if(window.Milenia.LinkUnderliner) {\n                        window.Milenia.LinkUnderliner.init($container.find('a'));\n                    }\n                });\n            }\n\n\n        });\n    })(window.jQuery);\n<\/script>\n\n<div id=\"vc-milenia-rooms-5fdd6500e01b08a9e56aff50405e5906-17886748291545437348\" class=\" milenia-visible milenia-entities milenia-entities--style-11\" data-animation=\"none\">\n    <div class=\"milenia-grid milenia-grid--cols-4 owl-carousel owl-carousel--nav-edges milenia-grid--shortcode\">\n        <div class=\"milenia-grid-item\">\n    <!--================ Room Type ================-->\n    <article class=\"milenia-entity mphb-room-type post-4585 mphb_room_type type-mphb_room_type status-publish has-post-thumbnail hentry mphb_room_type_category-six-ou-sept-personnes mphb_ra_adultos-1-fr mphb_ra_adultos-2-fr mphb_ra_adultos-3-fr mphb_ra_adultos-4-fr mphb_ra_adultos-5-fr mphb_ra_adultos-6-fr mphb_ra_adultos-7-fr mphb-room-type-adults-7 mphb-room-type-children-0 \">\n                                    <div class=\"milenia-entity-media milenia-entity-media--featured-image\">\n            \t\t<div class=\"milenia-entity-media-inner\" data-bg-image-src=\"https:\/\/casitasdelasierra.com\/wp-content\/uploads\/2019\/10\/294761797_10223566184116004_1717335585049811834_n_10223566184236007-1350x900.jpg\">\n            \t\t\t<a href=\"https:\/\/casitasdelasierra.com\/fr\/accommodation\/maison-de-vacances-rurale-pour-7-personnes-a-montejaque\/\" class=\"milenia-entity-link milenia-ln--independent\"><\/a>\n            \t\t<\/div>\n                <\/div>\n                    \n        <div class=\"milenia-entity-content milenia-aligner\">\n            <div class=\"milenia-aligner-outer\">\n                <div class=\"milenia-aligner-inner\">\n                    <header class=\"milenia-entity-header\">\n                        <div class=\"milenia-entity-meta\">\n                            <div>\n                                from <span class=\"mphb-price\">0<span class=\"mphb-currency\">&euro;<\/span><\/span> <span class=\"mphb-price-period\" title=\"Choisissez les dates pour voir les prix pertinents\">for 2 nights<\/span>                            <\/div>\n                        <\/div>\n                        <h2 class=\"milenia-entity-title\"><a href=\"https:\/\/casitasdelasierra.com\/fr\/accommodation\/maison-de-vacances-rurale-pour-7-personnes-a-montejaque\/\" class=\"milenia-color--unchangeable\">Maison Ronda<\/a><\/h2>\n                    <\/header>\n                                                                <footer class=\"milenia-entity-footer\">\n                                                            <a class=\"button mphb-view-details-button\" href=\"https:\/\/casitasdelasierra.com\/fr\/accommodation\/maison-de-vacances-rurale-pour-7-personnes-a-montejaque\/\" >Voir les d\u00e9tails<\/a>                                                                                <\/footer>\n                                    <\/div>\n            <\/div>\n        <\/div>\n    <\/article>\n    <!--================ End of Room Type ================-->\n<\/div>\n<div class=\"milenia-grid-item\">\n    <!--================ Room Type ================-->\n    <article class=\"milenia-entity mphb-room-type post-4577 mphb_room_type type-mphb_room_type status-publish has-post-thumbnail hentry mphb_room_type_category-quatre-ou-cinq-personnes mphb_ra_adultos-1-fr mphb_ra_adultos-2-fr mphb_ra_adultos-3-fr mphb_ra_adultos-4-fr mphb_ra_adultos-5-fr mphb-room-type-adults-5 mphb-room-type-children-0 \">\n                                    <div class=\"milenia-entity-media milenia-entity-media--featured-image\">\n            \t\t<div class=\"milenia-entity-media-inner\" data-bg-image-src=\"https:\/\/casitasdelasierra.com\/wp-content\/uploads\/2019\/10\/sofa-mesa-comedor-salira-1350x900.jpg\">\n            \t\t\t<a href=\"https:\/\/casitasdelasierra.com\/fr\/accommodation\/maison-de-vacances-rurale-a-montejaque-pour-5-personnes-e\/\" class=\"milenia-entity-link milenia-ln--independent\"><\/a>\n            \t\t<\/div>\n                <\/div>\n                    \n        <div class=\"milenia-entity-content milenia-aligner\">\n            <div class=\"milenia-aligner-outer\">\n                <div class=\"milenia-aligner-inner\">\n                    <header class=\"milenia-entity-header\">\n                        <div class=\"milenia-entity-meta\">\n                            <div>\n                                from <span class=\"mphb-price\">0<span class=\"mphb-currency\">&euro;<\/span><\/span> <span class=\"mphb-price-period\" title=\"Choisissez les dates pour voir les prix pertinents\">for 2 nights<\/span>                            <\/div>\n                        <\/div>\n                        <h2 class=\"milenia-entity-title\"><a href=\"https:\/\/casitasdelasierra.com\/fr\/accommodation\/maison-de-vacances-rurale-a-montejaque-pour-5-personnes-e\/\" class=\"milenia-color--unchangeable\">Maison Gauc\u00edn<\/a><\/h2>\n                    <\/header>\n                                                                <footer class=\"milenia-entity-footer\">\n                                                            <a class=\"button mphb-view-details-button\" href=\"https:\/\/casitasdelasierra.com\/fr\/accommodation\/maison-de-vacances-rurale-a-montejaque-pour-5-personnes-e\/\" >Voir les d\u00e9tails<\/a>                                                                                <\/footer>\n                                    <\/div>\n            <\/div>\n        <\/div>\n    <\/article>\n    <!--================ End of Room Type ================-->\n<\/div>\n<div class=\"milenia-grid-item\">\n    <!--================ Room Type ================-->\n    <article class=\"milenia-entity mphb-room-type post-4573 mphb_room_type type-mphb_room_type status-publish has-post-thumbnail hentry mphb_room_type_category-quatre-ou-cinq-personnes mphb_ra_adultos-1-fr mphb_ra_adultos-2-fr mphb_ra_adultos-3-fr mphb_ra_adultos-4-fr mphb_ra_adultos-5-fr mphb-room-type-adults-5 mphb-room-type-children-0 \">\n                                    <div class=\"milenia-entity-media milenia-entity-media--featured-image\">\n            \t\t<div class=\"milenia-entity-media-inner\" data-bg-image-src=\"https:\/\/casitasdelasierra.com\/wp-content\/uploads\/2018\/10\/salon-equipado-tele-juzcar-1350x900.jpg\">\n            \t\t\t<a href=\"https:\/\/casitasdelasierra.com\/fr\/accommodation\/maison-de-vacances-rurale-a-montejaque-pour-5-personnes-d\/\" class=\"milenia-entity-link milenia-ln--independent\"><\/a>\n            \t\t<\/div>\n                <\/div>\n                    \n        <div class=\"milenia-entity-content milenia-aligner\">\n            <div class=\"milenia-aligner-outer\">\n                <div class=\"milenia-aligner-inner\">\n                    <header class=\"milenia-entity-header\">\n                        <div class=\"milenia-entity-meta\">\n                            <div>\n                                from <span class=\"mphb-price\">0<span class=\"mphb-currency\">&euro;<\/span><\/span> <span class=\"mphb-price-period\" title=\"Choisissez les dates pour voir les prix pertinents\">for 2 nights<\/span>                            <\/div>\n                        <\/div>\n                        <h2 class=\"milenia-entity-title\"><a href=\"https:\/\/casitasdelasierra.com\/fr\/accommodation\/maison-de-vacances-rurale-a-montejaque-pour-5-personnes-d\/\" class=\"milenia-color--unchangeable\">Maison J\u00fazcar<\/a><\/h2>\n                    <\/header>\n                                                                <footer class=\"milenia-entity-footer\">\n                                                            <a class=\"button mphb-view-details-button\" href=\"https:\/\/casitasdelasierra.com\/fr\/accommodation\/maison-de-vacances-rurale-a-montejaque-pour-5-personnes-d\/\" >Voir les d\u00e9tails<\/a>                                                                                <\/footer>\n                                    <\/div>\n            <\/div>\n        <\/div>\n    <\/article>\n    <!--================ End of Room Type ================-->\n<\/div>\n<div class=\"milenia-grid-item\">\n    <!--================ Room Type ================-->\n    <article class=\"milenia-entity mphb-room-type post-4568 mphb_room_type type-mphb_room_type status-publish has-post-thumbnail hentry mphb_room_type_category-quatre-ou-cinq-personnes mphb_ra_adultos-1-fr mphb_ra_adultos-2-fr mphb_ra_adultos-3-fr mphb_ra_adultos-4-fr mphb_ra_adultos-5-fr mphb-room-type-adults-5 mphb-room-type-children-0 \">\n                                    <div class=\"milenia-entity-media milenia-entity-media--featured-image\">\n            \t\t<div class=\"milenia-entity-media-inner\" data-bg-image-src=\"https:\/\/casitasdelasierra.com\/wp-content\/uploads\/2018\/10\/sofas-comodos-salon-arco-1350x900.jpg\">\n            \t\t\t<a href=\"https:\/\/casitasdelasierra.com\/fr\/accommodation\/maison-de-vacances-rurale-a-montejaque-pour-5-personnes-c\/\" class=\"milenia-entity-link milenia-ln--independent\"><\/a>\n            \t\t<\/div>\n                <\/div>\n                    \n        <div class=\"milenia-entity-content milenia-aligner\">\n            <div class=\"milenia-aligner-outer\">\n                <div class=\"milenia-aligner-inner\">\n                    <header class=\"milenia-entity-header\">\n                        <div class=\"milenia-entity-meta\">\n                            <div>\n                                from <span class=\"mphb-price\">0<span class=\"mphb-currency\">&euro;<\/span><\/span> <span class=\"mphb-price-period\" title=\"Choisissez les dates pour voir les prix pertinents\">for 2 nights<\/span>                            <\/div>\n                        <\/div>\n                        <h2 class=\"milenia-entity-title\"><a href=\"https:\/\/casitasdelasierra.com\/fr\/accommodation\/maison-de-vacances-rurale-a-montejaque-pour-5-personnes-c\/\" class=\"milenia-color--unchangeable\">Maison Arcos<\/a><\/h2>\n                    <\/header>\n                                                                <footer class=\"milenia-entity-footer\">\n                                                            <a class=\"button mphb-view-details-button\" href=\"https:\/\/casitasdelasierra.com\/fr\/accommodation\/maison-de-vacances-rurale-a-montejaque-pour-5-personnes-c\/\" >Voir les d\u00e9tails<\/a>                                                                                <\/footer>\n                                    <\/div>\n            <\/div>\n        <\/div>\n    <\/article>\n    <!--================ End of Room Type ================-->\n<\/div>\n<div class=\"milenia-grid-item\">\n    <!--================ Room Type ================-->\n    <article class=\"milenia-entity mphb-room-type post-4561 mphb_room_type type-mphb_room_type status-publish has-post-thumbnail hentry mphb_room_type_category-quatre-ou-cinq-personnes mphb_ra_adultos-1-fr mphb_ra_adultos-2-fr mphb_ra_adultos-3-fr mphb_ra_adultos-4-fr mphb_ra_adultos-5-fr mphb-room-type-adults-5 mphb-room-type-children-0 \">\n                                    <div class=\"milenia-entity-media milenia-entity-media--featured-image\">\n            \t\t<div class=\"milenia-entity-media-inner\" data-bg-image-src=\"https:\/\/casitasdelasierra.com\/wp-content\/uploads\/2018\/10\/salon-2-casa-malaga-1350x900.jpg\">\n            \t\t\t<a href=\"https:\/\/casitasdelasierra.com\/fr\/accommodation\/maison-de-vacances-rurale-a-montejaque-pour-5-personnes-b\/\" class=\"milenia-entity-link milenia-ln--independent\"><\/a>\n            \t\t<\/div>\n                <\/div>\n                    \n        <div class=\"milenia-entity-content milenia-aligner\">\n            <div class=\"milenia-aligner-outer\">\n                <div class=\"milenia-aligner-inner\">\n                    <header class=\"milenia-entity-header\">\n                        <div class=\"milenia-entity-meta\">\n                            <div>\n                                from <span class=\"mphb-price\">0<span class=\"mphb-currency\">&euro;<\/span><\/span> <span class=\"mphb-price-period\" title=\"Choisissez les dates pour voir les prix pertinents\">for 2 nights<\/span>                            <\/div>\n                        <\/div>\n                        <h2 class=\"milenia-entity-title\"><a href=\"https:\/\/casitasdelasierra.com\/fr\/accommodation\/maison-de-vacances-rurale-a-montejaque-pour-5-personnes-b\/\" class=\"milenia-color--unchangeable\">Maison Zahara<\/a><\/h2>\n                    <\/header>\n                                                                <footer class=\"milenia-entity-footer\">\n                                                            <a class=\"button mphb-view-details-button\" href=\"https:\/\/casitasdelasierra.com\/fr\/accommodation\/maison-de-vacances-rurale-a-montejaque-pour-5-personnes-b\/\" >Voir les d\u00e9tails<\/a>                                                                                <\/footer>\n                                    <\/div>\n            <\/div>\n        <\/div>\n    <\/article>\n    <!--================ End of Room Type ================-->\n<\/div>\n<div class=\"milenia-grid-item\">\n    <!--================ Room Type ================-->\n    <article class=\"milenia-entity mphb-room-type post-4544 mphb_room_type type-mphb_room_type status-publish has-post-thumbnail hentry mphb_room_type_category-quatre-ou-cinq-personnes mphb_ra_adultos-1-fr mphb_ra_adultos-2-fr mphb_ra_adultos-3-fr mphb_ra_adultos-4-fr mphb-room-type-adults-4 mphb-room-type-children-0 \">\n                                    <div class=\"milenia-entity-media milenia-entity-media--featured-image\">\n            \t\t<div class=\"milenia-entity-media-inner\" data-bg-image-src=\"https:\/\/casitasdelasierra.com\/wp-content\/uploads\/2019\/10\/salon-estufa-cuadros-casitas-1350x900.jpg\">\n            \t\t\t<a href=\"https:\/\/casitasdelasierra.com\/fr\/accommodation\/maison-de-vacances-rurael-a-montejaque-pour-5-personnes-a\/\" class=\"milenia-entity-link milenia-ln--independent\"><\/a>\n            \t\t<\/div>\n                <\/div>\n                    \n        <div class=\"milenia-entity-content milenia-aligner\">\n            <div class=\"milenia-aligner-outer\">\n                <div class=\"milenia-aligner-inner\">\n                    <header class=\"milenia-entity-header\">\n                        <div class=\"milenia-entity-meta\">\n                            <div>\n                                from <span class=\"mphb-price\">0<span class=\"mphb-currency\">&euro;<\/span><\/span> <span class=\"mphb-price-period\" title=\"Choisissez les dates pour voir les prix pertinents\">for 2 nights<\/span>                            <\/div>\n                        <\/div>\n                        <h2 class=\"milenia-entity-title\"><a href=\"https:\/\/casitasdelasierra.com\/fr\/accommodation\/maison-de-vacances-rurael-a-montejaque-pour-5-personnes-a\/\" class=\"milenia-color--unchangeable\">Maison Grazalema<\/a><\/h2>\n                    <\/header>\n                                                                <footer class=\"milenia-entity-footer\">\n                                                            <a class=\"button mphb-view-details-button\" href=\"https:\/\/casitasdelasierra.com\/fr\/accommodation\/maison-de-vacances-rurael-a-montejaque-pour-5-personnes-a\/\" >Voir les d\u00e9tails<\/a>                                                                                <\/footer>\n                                    <\/div>\n            <\/div>\n        <\/div>\n    <\/article>\n    <!--================ End of Room Type ================-->\n<\/div>\n<div class=\"milenia-grid-item\">\n    <!--================ Room Type ================-->\n    <article class=\"milenia-entity mphb-room-type post-4531 mphb_room_type type-mphb_room_type status-publish has-post-thumbnail hentry mphb_room_type_category-quatre-ou-cinq-personnes mphb_ra_adultos-1-fr mphb_ra_adultos-2-fr mphb_ra_adultos-3-fr mphb_ra_adultos-4-fr mphb-room-type-adults-4 mphb-room-type-children-0 \">\n                                    <div class=\"milenia-entity-media milenia-entity-media--featured-image\">\n            \t\t<div class=\"milenia-entity-media-inner\" data-bg-image-src=\"https:\/\/casitasdelasierra.com\/wp-content\/uploads\/2019\/10\/294494602_10223566171035677_734890529726628554_n_10223566171195681-1350x900.jpg\">\n            \t\t\t<a href=\"https:\/\/casitasdelasierra.com\/fr\/accommodation\/maison-de-vacances-rurale-montejaque-5-personnes\/\" class=\"milenia-entity-link milenia-ln--independent\"><\/a>\n            \t\t<\/div>\n                <\/div>\n                    \n        <div class=\"milenia-entity-content milenia-aligner\">\n            <div class=\"milenia-aligner-outer\">\n                <div class=\"milenia-aligner-inner\">\n                    <header class=\"milenia-entity-header\">\n                        <div class=\"milenia-entity-meta\">\n                            <div>\n                                from <span class=\"mphb-price\">0<span class=\"mphb-currency\">&euro;<\/span><\/span> <span class=\"mphb-price-period\" title=\"Choisissez les dates pour voir les prix pertinents\">for 2 nights<\/span>                            <\/div>\n                        <\/div>\n                        <h2 class=\"milenia-entity-title\"><a href=\"https:\/\/casitasdelasierra.com\/fr\/accommodation\/maison-de-vacances-rurale-montejaque-5-personnes\/\" class=\"milenia-color--unchangeable\">Maison Setenil<\/a><\/h2>\n                    <\/header>\n                                                                <footer class=\"milenia-entity-footer\">\n                                                            <a class=\"button mphb-view-details-button\" href=\"https:\/\/casitasdelasierra.com\/fr\/accommodation\/maison-de-vacances-rurale-montejaque-5-personnes\/\" >Voir les d\u00e9tails<\/a>                                                                                <\/footer>\n                                    <\/div>\n            <\/div>\n        <\/div>\n    <\/article>\n    <!--================ End of Room Type ================-->\n<\/div>\n<div class=\"milenia-grid-item\">\n    <!--================ Room Type ================-->\n    <article class=\"milenia-entity mphb-room-type post-4517 mphb_room_type type-mphb_room_type status-publish has-post-thumbnail hentry mphb_room_type_category-pour-2-personnes mphb_ra_adultos-1-fr mphb_ra_adultos-2-fr mphb-room-type-adults-2 mphb-room-type-children-0 \">\n                                    <div class=\"milenia-entity-media milenia-entity-media--featured-image\">\n            \t\t<div class=\"milenia-entity-media-inner\" data-bg-image-src=\"https:\/\/casitasdelasierra.com\/wp-content\/uploads\/2019\/10\/294514939_10223566177635842_6471696115975422527_n_10223566178075853-1350x900.jpg\">\n            \t\t\t<a href=\"https:\/\/casitasdelasierra.com\/fr\/accommodation\/maison-de-vacances-rurale-a-montejaque-pour-2-personnes-a\/\" class=\"milenia-entity-link milenia-ln--independent\"><\/a>\n            \t\t<\/div>\n                <\/div>\n                    \n        <div class=\"milenia-entity-content milenia-aligner\">\n            <div class=\"milenia-aligner-outer\">\n                <div class=\"milenia-aligner-inner\">\n                    <header class=\"milenia-entity-header\">\n                        <div class=\"milenia-entity-meta\">\n                            <div>\n                                from <span class=\"mphb-price\">0<span class=\"mphb-currency\">&euro;<\/span><\/span> <span class=\"mphb-price-period\" title=\"Choisissez les dates pour voir les prix pertinents\">for 2 nights<\/span>                            <\/div>\n                        <\/div>\n                        <h2 class=\"milenia-entity-title\"><a href=\"https:\/\/casitasdelasierra.com\/fr\/accommodation\/maison-de-vacances-rurale-a-montejaque-pour-2-personnes-a\/\" class=\"milenia-color--unchangeable\">Maison C\u00e1diz<\/a><\/h2>\n                    <\/header>\n                                                                <footer class=\"milenia-entity-footer\">\n                                                            <a class=\"button mphb-view-details-button\" href=\"https:\/\/casitasdelasierra.com\/fr\/accommodation\/maison-de-vacances-rurale-a-montejaque-pour-2-personnes-a\/\" >Voir les d\u00e9tails<\/a>                                                                                <\/footer>\n                                    <\/div>\n            <\/div>\n        <\/div>\n    <\/article>\n    <!--================ End of Room Type ================-->\n<\/div>\n<div class=\"milenia-grid-item\">\n    <!--================ Room Type ================-->\n    <article class=\"milenia-entity mphb-room-type post-4467 mphb_room_type type-mphb_room_type status-publish has-post-thumbnail hentry mphb_room_type_category-pour-2-personnes mphb_ra_adultos-1-fr mphb_ra_adultos-2-fr mphb-room-type-adults-2 mphb-room-type-children-0 \">\n                                    <div class=\"milenia-entity-media milenia-entity-media--featured-image\">\n            \t\t<div class=\"milenia-entity-media-inner\" data-bg-image-src=\"https:\/\/casitasdelasierra.com\/wp-content\/uploads\/2019\/10\/294440229_10223566169755645_7536312783132740116_n_10223566170395661-1350x900.jpg\">\n            \t\t\t<a href=\"https:\/\/casitasdelasierra.com\/fr\/accommodation\/maison-de-vacances-rurale-a-montejaque-pour-2-personnes\/\" class=\"milenia-entity-link milenia-ln--independent\"><\/a>\n            \t\t<\/div>\n                <\/div>\n                    \n        <div class=\"milenia-entity-content milenia-aligner\">\n            <div class=\"milenia-aligner-outer\">\n                <div class=\"milenia-aligner-inner\">\n                    <header class=\"milenia-entity-header\">\n                        <div class=\"milenia-entity-meta\">\n                            <div>\n                                from <span class=\"mphb-price\">0<span class=\"mphb-currency\">&euro;<\/span><\/span> <span class=\"mphb-price-period\" title=\"Choisissez les dates pour voir les prix pertinents\">for 2 nights<\/span>                            <\/div>\n                        <\/div>\n                        <h2 class=\"milenia-entity-title\"><a href=\"https:\/\/casitasdelasierra.com\/fr\/accommodation\/maison-de-vacances-rurale-a-montejaque-pour-2-personnes\/\" class=\"milenia-color--unchangeable\">Maison M\u00e1laga<\/a><\/h2>\n                    <\/header>\n                                                                <footer class=\"milenia-entity-footer\">\n                                                            <a class=\"button mphb-view-details-button\" href=\"https:\/\/casitasdelasierra.com\/fr\/accommodation\/maison-de-vacances-rurale-a-montejaque-pour-2-personnes\/\" >Voir les d\u00e9tails<\/a>                                                                                <\/footer>\n                                    <\/div>\n            <\/div>\n        <\/div>\n    <\/article>\n    <!--================ End of Room Type ================-->\n<\/div>\n\n    <\/div>\n<\/div>\n<!--================ End of Room types ================-->\n[vc_custom_heading text=&#8221;D&#8217;autres choses qui pourraient vous int\u00e9resser&#8230;.&#8221; font_container=&#8221;tag:p|font_size:18px|text_align:left|color:%23000000&#8243; google_fonts=&#8221;font_family:Open%20Sans%3A300%2C300italic%2Cregular%2Citalic%2C600%2C600italic%2C700%2C700italic%2C800%2C800italic|font_style:600%20bold%20italic%3A600%3Aitalic&#8221; css=&#8221;.vc_custom_1587990255721{margin-bottom: 20px !important;}&#8221;][vc_row_inner][vc_column_inner width=&#8221;1\/3&#8243;][vc_toggle title=&#8221;Experi\u00e9nces rurales avec les infants&#8221; style=&#8221;round_outline&#8221; color=&#8221;orange&#8221; custom_font_container=&#8221;tag:h3|font_size:20px|text_align:left|color:%230a0a0a&#8221; custom_google_fonts=&#8221;font_family:Open%20Sans%3A300%2C300italic%2Cregular%2Citalic%2C600%2C600italic%2C700%2C700italic%2C800%2C800italic|font_style:400%20regular%3A400%3Anormal&#8221; use_custom_heading=&#8221;true&#8221;]Les vacances \u00e0 la champagne avec des enfants en Andalousie ne d\u00e9\u00e7oivent jamais et sont des exp\u00e9riences enrichissantes pour les deux parents et les plus jeunes membres de la famille. <strong>Pouvoir s\u00e9journer dans un environnement aussi merveilleux<\/strong> que Montejauqe, c\u2019est quelques chose qui permettra aux enfants de d\u00e9couvrir les avantages d\u2019un endroit loin des grandes villes, et le stress de leur vie quotidiennes. C\u2019est peut-\u00eatre la premi\u00e8re fois que les enfants entrent en contact avec un lieu rural, la premi\u00e8re fois qu\u2019ils voient quelque chose qu\u2019ils ne voient qu\u2019au cinema et \u00e0 la t\u00e9l\u00e9vision. Vous profiterez ainsi de journ\u00e9es inoubliables et apprendrez \u00e0 vous rapprocher de la nature.<\/p>\n<p>En plus de d\u00e9couvrir la campagne, les enfants et leurs parents pourront visiter des grottes, faire des randonn\u00e9es p\u00e9destres, se <strong>rendre dans des villes voisines comme Ronda<\/strong>, et profiter d\u2019un r\u00e9seau de miradors. Ne manquez pas non plus l\u2019\u00e9quitation ou la possibilit\u00e9 d\u2019aller aux observatoires astronomiques o\u00f9 vous pourrez entrer en contact avec les \u00e9toiles et d\u00e9couvrir ce qui se trouve dans le ciel hors de notre port\u00e9e.[\/vc_toggle][\/vc_column_inner][vc_column_inner width=&#8221;1\/3&#8243;][vc_toggle title=&#8221;Activit\u00e9s de plein air&#8221; style=&#8221;round_outline&#8221; color=&#8221;orange&#8221; custom_font_container=&#8221;tag:h3|font_size:20px|text_align:left|color:%23000000&#8243; custom_google_fonts=&#8221;font_family:Open%20Sans%3A300%2C300italic%2Cregular%2Citalic%2C600%2C600italic%2C700%2C700italic%2C800%2C800italic|font_style:400%20regular%3A400%3Anormal&#8221; use_custom_heading=&#8221;true&#8221;]Les activit\u00e9s de plein air \u00e0 Malaga sont \u00e0 l\u2019ordre du jour, mais n\u2019allez pas croire qu\u2019elles consistent seulement \u00e0 pratiquer certains des sports d\u2019aventure dont nous avons parl\u00e9 auparavant. En effet, l\u2019environnement naturel de Montejaque, <strong>enviable pour son calme et son c\u00f4t\u00e9 agr\u00e9able<\/strong>, est parfait pour que nous puissions simplement sortir avec l\u2019intention de nous d\u00e9connecter. Nous pouvons le faire en marchant,en faisant des randonn\u00e9es \u00e0 bas niveau sur les routes ou en courant et en testant notre endurance tout en admirant certains des plus beaux paysages du pays. Pendant que nous sommes \u00e0 l\u2019ext\u00e9rieur, nous pouvons nous d\u00e9lecter des oiseaux ou chercher des pierres et d\u00e9couvrir un endroit rural qui cache de nombreux secrets et qui prend soin de nous garder \u00e9merveill\u00e9s sans repos.[\/vc_toggle][\/vc_column_inner][vc_column_inner width=&#8221;1\/3&#8243;][vc_toggle title=&#8221;Que voir dans les environs de Malaga?&#8221; style=&#8221;round_outline&#8221; color=&#8221;orange&#8221; custom_font_container=&#8221;tag:h3|font_size:20px|text_align:left|color:%23000000&#8243; custom_google_fonts=&#8221;font_family:Open%20Sans%3A300%2C300italic%2Cregular%2Citalic%2C600%2C600italic%2C700%2C700italic%2C800%2C800italic|font_style:400%20regular%3A400%3Anormal&#8221; use_custom_heading=&#8221;true&#8221;]Malaga a tellement de propositions dans ses environs qu\u2019il <strong>nous faudra beaucoup de temps<\/strong> ou plusieurs vacances pour tout voir. La ville est fantastique, devenant la repr\u00e9sentation parfaite de l\u2019essence espagnole et andalouse qu\u2019on aime tant par son architecture, sa tradition et aussi la chaleur des gens. Si nous voulons nous baigner, il y a des plages que nous ne pouvons pas manquer, comme San Juli\u00e1n, Guadalmar ou Malagueta. Et la montagne est un moyen id\u00e9al de respirer de l\u2019air pur et de se connecter avec un style de vie que l\u2019on oublie parfois en ville.[\/vc_toggle][\/vc_column_inner][\/vc_row_inner][\/vc_column][\/vc_row][vc_row full_width=&#8221;stretch_row&#8221; gap=&#8221;5&#8243; css=&#8221;.vc_custom_1660739488553{background-image: url(https:\/\/casitasdelasierra.com\/wp-content\/uploads\/2019\/10\/Fondoclaro.jpg?id=14773) !important;background-position: center !important;background-repeat: no-repeat !important;background-size: cover !important;}&#8221;][vc_column]<!--================ Info Boxes ================-->\n<script>\n    (function($){\n        'use strict';\n\n        if(!$) return;\n\n        $(function(){\n            var $container = $('#vc-milenia-info-boxes-ea5e0cab1bfa7e7d7bc18b39060c538b-17886748291808144305'),\n                $dynamicBgElements,\n                $carousels;\n\n            if(!$container.length) return;\n\n            if(window.appear) {\n                appear({\n                    elements: function(){\n                        return document.querySelectorAll('#vc-milenia-info-boxes-ea5e0cab1bfa7e7d7bc18b39060c538b-17886748291808144305');\n                    },\n                    appear: function(element) {\n                        var $el = $(element);\n                        $el.addClass('milenia-visible').addClass($el.data('animation'));\n                    },\n                    reappear: false,\n                    bounds: -200\n                });\n            }\n\n            if(window.Milenia && window.Milenia.LinkUnderliner) {\n                window.Milenia.LinkUnderliner.init($container.find('a'));\n            }\n\n            if(window.Milenia && window.Milenia.helpers &&  window.Milenia.helpers.dynamicBgImage) {\n                $dynamicBgElements = $container.find('[data-bg-image-src]');\n                if($dynamicBgElements.length) window.Milenia.helpers.dynamicBgImage($dynamicBgElements);\n            }\n\n            if($.fn.owlCarousel) {\n                $carousels = $container.find('.milenia-simple-slideshow--shortcode');\n\n                if($carousels.length) {\n                    if(window.Milenia && window.Milenia.helpers && window.Milenia.helpers.owlSettings) {\n\n                        $carousels.jQueryImagesLoaded().then(function(){\n                                $carousels.each(function(i,e) {\n                                    $(e).owlCarousel(window.Milenia.helpers.owlSettings({\n                                        margin: 1,\n                                        loop: true,\n                                        autoplay: $(e).hasClass('milenia-simple-slideshow--autoplay')\n                                    }));\n                                });\n                        });\n\n                    }\n                    else {\n                        $carousels.owlCarousel({\n                            items: 1\n                        });\n                    }\n                }\n            }\n        });\n    })(window.jQuery);\n<\/script>\n\n<div id=\"vc-milenia-info-boxes-ea5e0cab1bfa7e7d7bc18b39060c538b-17886748291808144305\" class=\"milenia-entities milenia-entities--style-1 milenia-entities--unreverse  milenia-visible\" data-animation=\"none\">\n    <div class=\"milenia-grid milenia-grid--cols-3 milenia-grid--gutters\">\n        <!--================ Info Boxes Item ================-->\n<div class=\"milenia-grid-item\">\n    <article class=\"milenia-entity format-standard\">\n        <div class=\"milenia-entity-media\">\n    <img loading=\"lazy\" decoding=\"async\" width=\"800\" height=\"533\" src=\"https:\/\/casitasdelasierra.com\/wp-content\/uploads\/2018\/10\/img-quienes-somos-brigitte-pedro.jpg\" class=\"owl-carousel-img\" alt=\"Bigitte y Pedro\" srcset=\"https:\/\/casitasdelasierra.com\/wp-content\/uploads\/2018\/10\/img-quienes-somos-brigitte-pedro.jpg 800w, https:\/\/casitasdelasierra.com\/wp-content\/uploads\/2018\/10\/img-quienes-somos-brigitte-pedro-680x453.jpg 680w, https:\/\/casitasdelasierra.com\/wp-content\/uploads\/2018\/10\/img-quienes-somos-brigitte-pedro-300x200.jpg 300w, https:\/\/casitasdelasierra.com\/wp-content\/uploads\/2018\/10\/img-quienes-somos-brigitte-pedro-768x512.jpg 768w, https:\/\/casitasdelasierra.com\/wp-content\/uploads\/2018\/10\/img-quienes-somos-brigitte-pedro-500x333.jpg 500w, https:\/\/casitasdelasierra.com\/wp-content\/uploads\/2018\/10\/img-quienes-somos-brigitte-pedro-660x440.jpg 660w\" sizes=\"auto, (max-width: 800px) 100vw, 800px\" \/>\n<\/div>\n\n\n        <div class=\"milenia-entity-content milenia-aligner\">\n            <div class=\"milenia-aligner-outer\">\n                <div class=\"milenia-aligner-inner\">\n                    <header class=\"milenia-entity-header\">\n                        \n                        <h2 class=\"milenia-entity-title\">Quienes Somos<\/h2>\n\n                    <\/header>\n                    \n                    \n                <\/div>\n            <\/div>\n        <\/div>\n    <\/article>\n<\/div>\n<!--================ End of Info Boxes Item ================-->\n\r\n<!--================ Info Boxes Item ================-->\n<div class=\"milenia-grid-item\">\n    <article class=\"milenia-entity format-standard\">\n        <div class=\"milenia-entity-media\">\n    <img loading=\"lazy\" decoding=\"async\" width=\"799\" height=\"533\" src=\"https:\/\/casitasdelasierra.com\/wp-content\/uploads\/2019\/10\/7DM29670-1.jpg\" class=\"owl-carousel-img\" alt=\"\" srcset=\"https:\/\/casitasdelasierra.com\/wp-content\/uploads\/2019\/10\/7DM29670-1.jpg 799w, https:\/\/casitasdelasierra.com\/wp-content\/uploads\/2019\/10\/7DM29670-1-300x200.jpg 300w, https:\/\/casitasdelasierra.com\/wp-content\/uploads\/2019\/10\/7DM29670-1-768x512.jpg 768w, https:\/\/casitasdelasierra.com\/wp-content\/uploads\/2019\/10\/7DM29670-1-660x440.jpg 660w, https:\/\/casitasdelasierra.com\/wp-content\/uploads\/2019\/10\/7DM29670-1-680x454.jpg 680w\" sizes=\"auto, (max-width: 799px) 100vw, 799px\" \/>\n<\/div>\n\n\n        <div class=\"milenia-entity-content milenia-aligner\">\n            <div class=\"milenia-aligner-outer\">\n                <div class=\"milenia-aligner-inner\">\n                    <header class=\"milenia-entity-header\">\n                        \n                        <h2 class=\"milenia-entity-title\">Zonas Comunes<\/h2>\n\n                    <\/header>\n                    \n                    \n                <\/div>\n            <\/div>\n        <\/div>\n    <\/article>\n<\/div>\n<!--================ End of Info Boxes Item ================-->\n\r\n<!--================ Info Boxes Item ================-->\n<div class=\"milenia-grid-item\">\n    <article class=\"milenia-entity format-standard\">\n        <div class=\"milenia-entity-media\">\n    <img loading=\"lazy\" decoding=\"async\" width=\"799\" height=\"533\" src=\"https:\/\/casitasdelasierra.com\/wp-content\/uploads\/2019\/10\/7DM25654-2.jpg\" class=\"owl-carousel-img\" alt=\"\" srcset=\"https:\/\/casitasdelasierra.com\/wp-content\/uploads\/2019\/10\/7DM25654-2.jpg 799w, https:\/\/casitasdelasierra.com\/wp-content\/uploads\/2019\/10\/7DM25654-2-300x200.jpg 300w, https:\/\/casitasdelasierra.com\/wp-content\/uploads\/2019\/10\/7DM25654-2-768x512.jpg 768w, https:\/\/casitasdelasierra.com\/wp-content\/uploads\/2019\/10\/7DM25654-2-660x440.jpg 660w, https:\/\/casitasdelasierra.com\/wp-content\/uploads\/2019\/10\/7DM25654-2-680x454.jpg 680w\" sizes=\"auto, (max-width: 799px) 100vw, 799px\" \/>\n<\/div>\n\n\n        <div class=\"milenia-entity-content milenia-aligner\">\n            <div class=\"milenia-aligner-outer\">\n                <div class=\"milenia-aligner-inner\">\n                    <header class=\"milenia-entity-header\">\n                        \n                        <h2 class=\"milenia-entity-title\">Nuestras Casitas<\/h2>\n\n                    <\/header>\n                    \n                    \n                <\/div>\n            <\/div>\n        <\/div>\n    <\/article>\n<\/div>\n<!--================ End of Info Boxes Item ================-->\n\n    <\/div>\n<\/div>\n<!--================ End of Info Boxes ================-->\n[\/vc_column][\/vc_row]<\/p>\n<\/div>","protected":false},"excerpt":{"rendered":"<p>[vc_row full_width=&#8221;stretch_row_content_no_spaces&#8221;][vc_column width=&#8221;1\/4&#8243;][\/vc_column][vc_column width=&#8221;1\/2&#8243;][vc_empty_space height=&#8221;100px&#8221;][vc_custom_heading text=&#8221;Tout \u00e0 d\u00e9couvrir&#8230;&#8221; font_container=&#8221;tag:p|font_size:25px|text_align:center|color:%23be9b77&#8243; google_fonts=&#8221;font_family:Quicksand%3A300%2Cregular%2C700|font_style:400%20regular%3A400%3Anormal&#8221; css=&#8221;.vc_custom_1660736550839{margin-bottom: 20px !important;}&#8221;][vc_custom_heading text=&#8221;Montejaque, Malaga&#8221; font_container=&#8221;tag:h1|font_size:50px|text_align:center|color:%23000000|line_height:30px&#8221; google_fonts=&#8221;font_family:Playfair%20Display%3Aregular%2Citalic%2C700%2C700italic%2C900%2C900italic|font_style:700%20bold%20regular%3A700%3Anormal&#8221; css=&#8221;.vc_custom_1660736501889{margin-bottom:&#8230;<\/p>\n","protected":false},"author":4,"featured_media":0,"parent":0,"menu_order":0,"comment_status":"closed","ping_status":"closed","template":"","meta":{"footnotes":""},"class_list":["post-15619","page","type-page","status-publish","hentry"],"yoast_head":"<!-- This site is optimized with the Yoast SEO plugin v28.1 - https:\/\/yoast.com\/product\/yoast-seo-wordpress\/ -->\n<title>Loisirs \u00e0 Montejaque et dans la province de Malaga<\/title>\n<meta name=\"description\" content=\"Activit\u00e9s et Loisirs que faire pr\u00e8s de Malaga, \u00e0 Montejaque. D\u00e9couvrez l&#039;Andalousie Tourisme: \u00c9quitation, Escalade, Visite de Grottes, Randonn\u00e9e...\" \/>\n<meta name=\"robots\" content=\"index, follow, max-snippet:-1, max-image-preview:large, max-video-preview:-1\" \/>\n<link rel=\"canonical\" href=\"https:\/\/casitasdelasierra.com\/fr\/loisirs-dans-la-province-de-malaga\/\" \/>\n<meta property=\"og:locale\" content=\"fr_FR\" \/>\n<meta property=\"og:type\" content=\"article\" \/>\n<meta property=\"og:title\" content=\"Loisirs \u00e0 Montejaque et dans la province de Malaga\" \/>\n<meta property=\"og:description\" content=\"Activit\u00e9s et Loisirs que faire pr\u00e8s de Malaga, \u00e0 Montejaque. D\u00e9couvrez l&#039;Andalousie Tourisme: \u00c9quitation, Escalade, Visite de Grottes, Randonn\u00e9e...\" \/>\n<meta property=\"og:url\" content=\"https:\/\/casitasdelasierra.com\/fr\/loisirs-dans-la-province-de-malaga\/\" \/>\n<meta property=\"og:site_name\" content=\"Casitas de la Sierra\" \/>\n<meta property=\"article:modified_time\" content=\"2022-11-21T22:07:03+00:00\" \/>\n<meta name=\"twitter:card\" content=\"summary_large_image\" \/>\n<meta name=\"twitter:label1\" content=\"Dur\u00e9e de lecture estim\u00e9e\" \/>\n\t<meta name=\"twitter:data1\" content=\"11 minutes\" \/>\n<script type=\"application\/ld+json\" class=\"yoast-schema-graph\">{\"@context\":\"https:\\\/\\\/schema.org\",\"@graph\":[{\"@type\":\"WebPage\",\"@id\":\"https:\\\/\\\/casitasdelasierra.com\\\/fr\\\/loisirs-dans-la-province-de-malaga\\\/\",\"url\":\"https:\\\/\\\/casitasdelasierra.com\\\/fr\\\/loisirs-dans-la-province-de-malaga\\\/\",\"name\":\"Loisirs \u00e0 Montejaque et dans la province de Malaga\",\"isPartOf\":{\"@id\":\"https:\\\/\\\/casitasdelasierra.com\\\/fr\\\/#website\"},\"datePublished\":\"2022-11-21T14:44:01+00:00\",\"dateModified\":\"2022-11-21T22:07:03+00:00\",\"description\":\"Activit\u00e9s et Loisirs que faire pr\u00e8s de Malaga, \u00e0 Montejaque. D\u00e9couvrez l'Andalousie Tourisme: \u00c9quitation, Escalade, Visite de Grottes, Randonn\u00e9e...\",\"breadcrumb\":{\"@id\":\"https:\\\/\\\/casitasdelasierra.com\\\/fr\\\/loisirs-dans-la-province-de-malaga\\\/#breadcrumb\"},\"inLanguage\":\"fr-FR\",\"potentialAction\":[{\"@type\":\"ReadAction\",\"target\":[\"https:\\\/\\\/casitasdelasierra.com\\\/fr\\\/loisirs-dans-la-province-de-malaga\\\/\"]}]},{\"@type\":\"BreadcrumbList\",\"@id\":\"https:\\\/\\\/casitasdelasierra.com\\\/fr\\\/loisirs-dans-la-province-de-malaga\\\/#breadcrumb\",\"itemListElement\":[{\"@type\":\"ListItem\",\"position\":1,\"name\":\"Portada\",\"item\":\"https:\\\/\\\/casitasdelasierra.com\\\/fr\\\/\"},{\"@type\":\"ListItem\",\"position\":2,\"name\":\"Loisirs dans la province de Malaga\"}]},{\"@type\":\"WebSite\",\"@id\":\"https:\\\/\\\/casitasdelasierra.com\\\/fr\\\/#website\",\"url\":\"https:\\\/\\\/casitasdelasierra.com\\\/fr\\\/\",\"name\":\"Casitas de la Sierra\",\"description\":\"Alquiler de Casas Rurales en Montejaque (M\u00e1laga)\",\"potentialAction\":[{\"@type\":\"SearchAction\",\"target\":{\"@type\":\"EntryPoint\",\"urlTemplate\":\"https:\\\/\\\/casitasdelasierra.com\\\/fr\\\/?s={search_term_string}\"},\"query-input\":{\"@type\":\"PropertyValueSpecification\",\"valueRequired\":true,\"valueName\":\"search_term_string\"}}],\"inLanguage\":\"fr-FR\"}]}<\/script>\n<!-- \/ Yoast SEO plugin. -->","yoast_head_json":{"title":"Loisirs \u00e0 Montejaque et dans la province de Malaga","description":"Activit\u00e9s et Loisirs que faire pr\u00e8s de Malaga, \u00e0 Montejaque. D\u00e9couvrez l'Andalousie Tourisme: \u00c9quitation, Escalade, Visite de Grottes, Randonn\u00e9e...","robots":{"index":"index","follow":"follow","max-snippet":"max-snippet:-1","max-image-preview":"max-image-preview:large","max-video-preview":"max-video-preview:-1"},"canonical":"https:\/\/casitasdelasierra.com\/fr\/loisirs-dans-la-province-de-malaga\/","og_locale":"fr_FR","og_type":"article","og_title":"Loisirs \u00e0 Montejaque et dans la province de Malaga","og_description":"Activit\u00e9s et Loisirs que faire pr\u00e8s de Malaga, \u00e0 Montejaque. D\u00e9couvrez l'Andalousie Tourisme: \u00c9quitation, Escalade, Visite de Grottes, Randonn\u00e9e...","og_url":"https:\/\/casitasdelasierra.com\/fr\/loisirs-dans-la-province-de-malaga\/","og_site_name":"Casitas de la Sierra","article_modified_time":"2022-11-21T22:07:03+00:00","twitter_card":"summary_large_image","twitter_misc":{"Dur\u00e9e de lecture estim\u00e9e":"11 minutes"},"schema":{"@context":"https:\/\/schema.org","@graph":[{"@type":"WebPage","@id":"https:\/\/casitasdelasierra.com\/fr\/loisirs-dans-la-province-de-malaga\/","url":"https:\/\/casitasdelasierra.com\/fr\/loisirs-dans-la-province-de-malaga\/","name":"Loisirs \u00e0 Montejaque et dans la province de Malaga","isPartOf":{"@id":"https:\/\/casitasdelasierra.com\/fr\/#website"},"datePublished":"2022-11-21T14:44:01+00:00","dateModified":"2022-11-21T22:07:03+00:00","description":"Activit\u00e9s et Loisirs que faire pr\u00e8s de Malaga, \u00e0 Montejaque. D\u00e9couvrez l'Andalousie Tourisme: \u00c9quitation, Escalade, Visite de Grottes, Randonn\u00e9e...","breadcrumb":{"@id":"https:\/\/casitasdelasierra.com\/fr\/loisirs-dans-la-province-de-malaga\/#breadcrumb"},"inLanguage":"fr-FR","potentialAction":[{"@type":"ReadAction","target":["https:\/\/casitasdelasierra.com\/fr\/loisirs-dans-la-province-de-malaga\/"]}]},{"@type":"BreadcrumbList","@id":"https:\/\/casitasdelasierra.com\/fr\/loisirs-dans-la-province-de-malaga\/#breadcrumb","itemListElement":[{"@type":"ListItem","position":1,"name":"Portada","item":"https:\/\/casitasdelasierra.com\/fr\/"},{"@type":"ListItem","position":2,"name":"Loisirs dans la province de Malaga"}]},{"@type":"WebSite","@id":"https:\/\/casitasdelasierra.com\/fr\/#website","url":"https:\/\/casitasdelasierra.com\/fr\/","name":"Casitas de la Sierra","description":"Alquiler de Casas Rurales en Montejaque (M\u00e1laga)","potentialAction":[{"@type":"SearchAction","target":{"@type":"EntryPoint","urlTemplate":"https:\/\/casitasdelasierra.com\/fr\/?s={search_term_string}"},"query-input":{"@type":"PropertyValueSpecification","valueRequired":true,"valueName":"search_term_string"}}],"inLanguage":"fr-FR"}]}},"_links":{"self":[{"href":"https:\/\/casitasdelasierra.com\/fr\/wp-json\/wp\/v2\/pages\/15619","targetHints":{"allow":["GET"]}}],"collection":[{"href":"https:\/\/casitasdelasierra.com\/fr\/wp-json\/wp\/v2\/pages"}],"about":[{"href":"https:\/\/casitasdelasierra.com\/fr\/wp-json\/wp\/v2\/types\/page"}],"author":[{"embeddable":true,"href":"https:\/\/casitasdelasierra.com\/fr\/wp-json\/wp\/v2\/users\/4"}],"replies":[{"embeddable":true,"href":"https:\/\/casitasdelasierra.com\/fr\/wp-json\/wp\/v2\/comments?post=15619"}],"version-history":[{"count":10,"href":"https:\/\/casitasdelasierra.com\/fr\/wp-json\/wp\/v2\/pages\/15619\/revisions"}],"predecessor-version":[{"id":15642,"href":"https:\/\/casitasdelasierra.com\/fr\/wp-json\/wp\/v2\/pages\/15619\/revisions\/15642"}],"wp:attachment":[{"href":"https:\/\/casitasdelasierra.com\/fr\/wp-json\/wp\/v2\/media?parent=15619"}],"curies":[{"name":"wp","href":"https:\/\/api.w.org\/{rel}","templated":true}]}}